{"id":3500,"date":"2022-08-04T14:55:26","date_gmt":"2022-08-04T19:55:26","guid":{"rendered":"https:\/\/bellaclaraventura.com\/?page_id=3500"},"modified":"2026-08-11T16:35:47","modified_gmt":"2026-08-11T21:35:47","slug":"premios-y-distinciones","status":"publish","type":"page","link":"https:\/\/bellaclaraventura.com\/fr\/premios-y-distinciones\/","title":{"rendered":"Premios y distinciones detallado"},"content":{"rendered":"<div class=\"wpb-content-wrapper\">\t\t<div class=\"vc_row wpb_row vc_row-fluid\">\n                                        <div class=\"gf-row-inner gf-container container\">\n                        <div class=\"wpb_column vc_column_container vc_col-sm-12\"><div class=\"vc_column-inner\"><div class=\"wpb_wrapper\"><div class=\"vc_tta-container\" data-vc-action=\"collapse\"><div class=\"vc_general vc_tta vc_tta-tabs vc_tta-color-accent vc_tta-style-classic vc_tta-shape-square vc_tta-spacing-1  prueba vc_tta-tabs-position-top vc_tta-controls-align-left\"><div class=\"vc_tta-tabs-container\"><ul class=\"vc_tta-tabs-list\"><li class=\"vc_tta-tab vc_active\" data-vc-tab><a href=\"#1672935608046-7492011a-da49\" data-vc-tabs data-vc-container=\".vc_tta\"><span class=\"vc_tta-title-text\">1983<\/span><\/a><\/li><li class=\"vc_tta-tab\" data-vc-tab><a href=\"#1672935608062-daebc94f-3d59\" data-vc-tabs data-vc-container=\".vc_tta\"><span class=\"vc_tta-title-text\">2003<\/span><\/a><\/li><li class=\"vc_tta-tab\" data-vc-tab><a href=\"#1672935674250-82c90f80-fe65\" data-vc-tabs data-vc-container=\".vc_tta\"><span class=\"vc_tta-title-text\">2004<\/span><\/a><\/li><li class=\"vc_tta-tab\" data-vc-tab><a href=\"#1672935702814-a8dda9a7-3a19\" data-vc-tabs data-vc-container=\".vc_tta\"><span class=\"vc_tta-title-text\">2005<\/span><\/a><\/li><li class=\"vc_tta-tab\" data-vc-tab><a href=\"#1672935801297-3630ad0e-c3b8\" data-vc-tabs data-vc-container=\".vc_tta\"><span class=\"vc_tta-title-text\">2006<\/span><\/a><\/li><li class=\"vc_tta-tab\" data-vc-tab><a href=\"#1672935826956-7664217d-6c3e\" data-vc-tabs data-vc-container=\".vc_tta\"><span class=\"vc_tta-title-text\">2007<\/span><\/a><\/li><li class=\"vc_tta-tab\" data-vc-tab><a href=\"#1672935849702-0ae6ee12-53e1\" data-vc-tabs data-vc-container=\".vc_tta\"><span class=\"vc_tta-title-text\">2008<\/span><\/a><\/li><li class=\"vc_tta-tab\" data-vc-tab><a href=\"#1672935865124-7ed2797c-d871\" data-vc-tabs data-vc-container=\".vc_tta\"><span class=\"vc_tta-title-text\">2010<\/span><\/a><\/li><li class=\"vc_tta-tab\" data-vc-tab><a href=\"#1672935906912-32414719-d193\" data-vc-tabs data-vc-container=\".vc_tta\"><span class=\"vc_tta-title-text\">2011<\/span><\/a><\/li><li class=\"vc_tta-tab\" data-vc-tab><a href=\"#1672935946361-1fc7f2da-a18a\" data-vc-tabs data-vc-container=\".vc_tta\"><span class=\"vc_tta-title-text\">2012<\/span><\/a><\/li><li class=\"vc_tta-tab\" data-vc-tab><a href=\"#1672935966722-72ae85f5-106e\" data-vc-tabs data-vc-container=\".vc_tta\"><span class=\"vc_tta-title-text\">2020<\/span><\/a><\/li><li class=\"vc_tta-tab\" data-vc-tab><a href=\"#1672936002687-6cdf1511-7aff\" data-vc-tabs data-vc-container=\".vc_tta\"><span class=\"vc_tta-title-text\">2021<\/span><\/a><\/li><li class=\"vc_tta-tab\" data-vc-tab><a href=\"#1672936018316-5e95259d-1887\" data-vc-tabs data-vc-container=\".vc_tta\"><span class=\"vc_tta-title-text\">2022<\/span><\/a><\/li><li class=\"vc_tta-tab\" data-vc-tab><a href=\"#1674502215741-89bbf957-dad8\" data-vc-tabs data-vc-container=\".vc_tta\"><span class=\"vc_tta-title-text\">2023<\/span><\/a><\/li><li class=\"vc_tta-tab\" data-vc-tab><a href=\"#1718231135450-1111c1a7-0b9f\" data-vc-tabs data-vc-container=\".vc_tta\"><span class=\"vc_tta-title-text\">2024<\/span><\/a><\/li><li class=\"vc_tta-tab\" data-vc-tab><a href=\"#1748293294582-4ad187a6-831a\" data-vc-tabs data-vc-container=\".vc_tta\"><span class=\"vc_tta-title-text\">2025<\/span><\/a><\/li><li class=\"vc_tta-tab\" data-vc-tab><a href=\"#1786484111682-b3910b75-5605\" data-vc-tabs data-vc-container=\".vc_tta\"><span class=\"vc_tta-title-text\">2026<\/span><\/a><\/li><\/ul><\/div><div class=\"vc_tta-panels-container\"><div class=\"vc_tta-panels\"><div class=\"vc_tta-panel vc_active pestana-overflow\" id=\"1672935608046-7492011a-da49\" data-vc-content=\".vc_tta-panel-body\"><div class=\"vc_tta-panel-heading\"><h4 class=\"vc_tta-panel-title\"><a href=\"#1672935608046-7492011a-da49\" data-vc-accordion data-vc-container=\".vc_tta-container\"><span class=\"vc_tta-title-text\">1983<\/span><\/a><\/h4><\/div><div class=\"vc_tta-panel-body\">\n\t<div class=\"wpb_raw_code wpb_raw_html wpb_content_element\" >\n\t\t<div class=\"wpb_wrapper\">\n\t\t\t        <div class=\"premios-grid\">\n            \n            <!-- Premio 1 -->\n            <article class=\"premio-card\">\n                <div class=\"premio-img-container\" onclick=\"openModal('https:\/\/bellaclaraventura.com\/wp-content\/uploads\/2022\/01\/XX-encuentro-internacional-de-escritores-febrero-1983-1.jpg', 'XX Encuentro nacional de escritores')\">\n                    <img decoding=\"async\" src=\"https:\/\/bellaclaraventura.com\/wp-content\/uploads\/2022\/01\/XX-encuentro-internacional-de-escritores-febrero-1983-1.jpg\" alt=\"Diploma XX Encuentro nacional de escritores\" class=\"premio-img\">\n                    <div class=\"zoom-icon\">\n                        <svg xmlns=\"http:\/\/www.w3.org\/2000\/svg\" width=\"24\" height=\"24\" viewbox=\"0 0 24 24\" fill=\"none\" stroke=\"currentColor\" stroke-width=\"2\" stroke-linecap=\"round\" stroke-linejoin=\"round\"><circle cx=\"11\" cy=\"11\" r=\"8\"><\/circle><line x1=\"21\" y1=\"21\" x2=\"16.65\" y2=\"16.65\"><\/line><line x1=\"11\" y1=\"8\" x2=\"11\" y2=\"14\"><\/line><line x1=\"8\" y1=\"11\" x2=\"14\" y2=\"11\"><\/line><\/svg>\n                    <\/div>\n                <\/div>\n                <div class=\"premio-info\">\n                    <h3 class=\"premio-titulo text-xl font-bold text-gray-800 mb-2\">XX Encuentro nacional de escritores<\/h3>\n                    <p class=\"premio-entidad text-sm text-yellow-800 font-semibold mb-2 uppercase tracking-wide\">Fundaci\u00f3n cultural Jet\u00f3n Ferro<\/p>\n                <\/div>\n            <\/article>\n\n        <\/div>\n\t\t<\/div>\n\t<\/div>\n<\/div><\/div><div class=\"vc_tta-panel\" id=\"1672935608062-daebc94f-3d59\" data-vc-content=\".vc_tta-panel-body\"><div class=\"vc_tta-panel-heading\"><h4 class=\"vc_tta-panel-title\"><a href=\"#1672935608062-daebc94f-3d59\" data-vc-accordion data-vc-container=\".vc_tta-container\"><span class=\"vc_tta-title-text\">2003<\/span><\/a><\/h4><\/div><div class=\"vc_tta-panel-body\">\n\t<div class=\"wpb_raw_code wpb_raw_html wpb_content_element\" >\n\t\t<div class=\"wpb_wrapper\">\n\t\t\t<div class=\"premios-grid\">\n            \n            <!-- Premio 1 A\u00f1o 2003 -->\n            <article class=\"premio-card\">\n                <div class=\"premio-img-container\" onclick=\"openModal('https:\/\/bellaclaraventura.com\/wp-content\/uploads\/2022\/01\/Casa-de-la-cultura-ecuatoriana-marzo-2003.jpg', 'Encuentro de Mujeres Poetas en la Mitad del Mundo')\">\n                    <img decoding=\"async\" src=\"https:\/\/bellaclaraventura.com\/wp-content\/uploads\/2022\/01\/Casa-de-la-cultura-ecuatoriana-marzo-2003.jpg\" alt=\"Diploma Encuentro de Mujeres Poetas en la Mitad del Mundo\" class=\"premio-img\">\n                    <div class=\"zoom-icon\">\n                        <svg xmlns=\"http:\/\/www.w3.org\/2000\/svg\" width=\"24\" height=\"24\" viewbox=\"0 0 24 24\" fill=\"none\" stroke=\"currentColor\" stroke-width=\"2\" stroke-linecap=\"round\" stroke-linejoin=\"round\"><circle cx=\"11\" cy=\"11\" r=\"8\"><\/circle><line x1=\"21\" y1=\"21\" x2=\"16.65\" y2=\"16.65\"><\/line><line x1=\"11\" y1=\"8\" x2=\"11\" y2=\"14\"><\/line><line x1=\"8\" y1=\"11\" x2=\"14\" y2=\"11\"><\/line><\/svg>\n                    <\/div>\n                <\/div>\n                <div class=\"premio-info\">\n                    <h3 class=\"premio-titulo font-bold text-gray-800 mb-2\">Encuentro de Mujeres Poetas en la Mitad del Mundo<\/h3>\n                    <p class=\"premio-entidad text-sm text-yellow-800 font-semibold mb-2 uppercase tracking-wide\">La casa de la cultura ecuatoriana<\/p>\n                <\/div>\n            <\/article>\n\n            <!-- Premio 2 A\u00f1o 2003 -->\n            <article class=\"premio-card\">\n                <div class=\"premio-img-container\" onclick=\"openModal('https:\/\/bellaclaraventura.com\/wp-content\/uploads\/2022\/01\/Asociacion-de-escritoras-del-ecuador-marzo-2003.jpg', 'Encuentro de Mujeres Poetas en la Mitad del Mundo')\">\n                    <img decoding=\"async\" src=\"https:\/\/bellaclaraventura.com\/wp-content\/uploads\/2022\/01\/Asociacion-de-escritoras-del-ecuador-marzo-2003.jpg\" alt=\"Diploma Encuentro de Mujeres Poetas en la Mitad del Mundo\" class=\"premio-img\">\n                    <div class=\"zoom-icon\">\n                        <svg xmlns=\"http:\/\/www.w3.org\/2000\/svg\" width=\"24\" height=\"24\" viewbox=\"0 0 24 24\" fill=\"none\" stroke=\"currentColor\" stroke-width=\"2\" stroke-linecap=\"round\" stroke-linejoin=\"round\"><circle cx=\"11\" cy=\"11\" r=\"8\"><\/circle><line x1=\"21\" y1=\"21\" x2=\"16.65\" y2=\"16.65\"><\/line><line x1=\"11\" y1=\"8\" x2=\"11\" y2=\"14\"><\/line><line x1=\"8\" y1=\"11\" x2=\"14\" y2=\"11\"><\/line><\/svg>\n                    <\/div>\n                <\/div>\n                <div class=\"premio-info\">\n                    <h3 class=\"premio-titulo font-bold text-gray-800 mb-2\">Encuentro de Mujeres Poetas en la Mitad del Mundo<\/h3>\n                    <p class=\"premio-entidad text-sm text-yellow-800 font-semibold mb-2 uppercase tracking-wide\">Asociaci\u00f3n de escritoras contempor\u00e1neas del ecuador<\/p>\n                <\/div>\n            <\/article>\n\n        <\/div>\n\t\t<\/div>\n\t<\/div>\n<\/div><\/div><div class=\"vc_tta-panel\" id=\"1672935674250-82c90f80-fe65\" data-vc-content=\".vc_tta-panel-body\"><div class=\"vc_tta-panel-heading\"><h4 class=\"vc_tta-panel-title\"><a href=\"#1672935674250-82c90f80-fe65\" data-vc-accordion data-vc-container=\".vc_tta-container\"><span class=\"vc_tta-title-text\">2004<\/span><\/a><\/h4><\/div><div class=\"vc_tta-panel-body\">\n\t<div class=\"wpb_raw_code wpb_raw_html wpb_content_element\" >\n\t\t<div class=\"wpb_wrapper\">\n\t\t\t<div class=\"premios-grid\">\n            \n            <!-- Premio 1 A\u00f1o 2004 -->\n            <article class=\"premio-card\">\n                <div class=\"premio-img-container\" onclick=\"openModal('https:\/\/bellaclaraventura.com\/wp-content\/uploads\/2022\/01\/5-Encuentro-litereario-abril-2004-copia.jpg', 'Solidaridad entre creadores')\">\n                    <img decoding=\"async\" src=\"https:\/\/bellaclaraventura.com\/wp-content\/uploads\/2022\/01\/5-Encuentro-litereario-abril-2004-copia.jpg\" alt=\"Diploma Solidaridad entre creadores\" class=\"premio-img\">\n                    <div class=\"zoom-icon\">\n                        <svg xmlns=\"http:\/\/www.w3.org\/2000\/svg\" width=\"24\" height=\"24\" viewbox=\"0 0 24 24\" fill=\"none\" stroke=\"currentColor\" stroke-width=\"2\" stroke-linecap=\"round\" stroke-linejoin=\"round\"><circle cx=\"11\" cy=\"11\" r=\"8\"><\/circle><line x1=\"21\" y1=\"21\" x2=\"16.65\" y2=\"16.65\"><\/line><line x1=\"11\" y1=\"8\" x2=\"11\" y2=\"14\"><\/line><line x1=\"8\" y1=\"11\" x2=\"14\" y2=\"11\"><\/line><\/svg>\n                    <\/div>\n                <\/div>\n                <div class=\"premio-info\">\n                    <h3 class=\"premio-titulo font-bold text-gray-800 mb-2\">Solidaridad entre creadores<\/h3>\n                    <p class=\"premio-entidad text-sm text-yellow-800 font-semibold mb-2 uppercase tracking-wide\">5\u00ba Encuentro lnternacional Literario<\/p>\n                <\/div>\n            <\/article>\n\n            <!-- Premio 2 A\u00f1o 2004 -->\n            <article class=\"premio-card\">\n                <div class=\"premio-img-container\" onclick=\"openModal('https:\/\/bellaclaraventura.com\/wp-content\/uploads\/2022\/01\/24-09-2004.jpg', 'VI Encuentro Internacional de Escritoras')\">\n                    <img decoding=\"async\" src=\"https:\/\/bellaclaraventura.com\/wp-content\/uploads\/2022\/01\/24-09-2004.jpg\" alt=\"Diploma VI Encuentro Internacional de Escritoras\" class=\"premio-img\">\n                    <div class=\"zoom-icon\">\n                        <svg xmlns=\"http:\/\/www.w3.org\/2000\/svg\" width=\"24\" height=\"24\" viewbox=\"0 0 24 24\" fill=\"none\" stroke=\"currentColor\" stroke-width=\"2\" stroke-linecap=\"round\" stroke-linejoin=\"round\"><circle cx=\"11\" cy=\"11\" r=\"8\"><\/circle><line x1=\"21\" y1=\"21\" x2=\"16.65\" y2=\"16.65\"><\/line><line x1=\"11\" y1=\"8\" x2=\"11\" y2=\"14\"><\/line><line x1=\"8\" y1=\"11\" x2=\"14\" y2=\"11\"><\/line><\/svg>\n                    <\/div>\n                <\/div>\n                <div class=\"premio-info\">\n                    <h3 class=\"premio-titulo font-bold text-gray-800 mb-2\">VI Encuentro Internacional de Escritoras<\/h3>\n                    <p class=\"premio-entidad text-sm text-yellow-800 font-semibold mb-2 uppercase tracking-wide\">Universidad de Guadalajara<\/p>\n                <\/div>\n            <\/article>\n\n        <\/div>\n\t\t<\/div>\n\t<\/div>\n<\/div><\/div><div class=\"vc_tta-panel\" id=\"1672935702814-a8dda9a7-3a19\" data-vc-content=\".vc_tta-panel-body\"><div class=\"vc_tta-panel-heading\"><h4 class=\"vc_tta-panel-title\"><a href=\"#1672935702814-a8dda9a7-3a19\" data-vc-accordion data-vc-container=\".vc_tta-container\"><span class=\"vc_tta-title-text\">2005<\/span><\/a><\/h4><\/div><div class=\"vc_tta-panel-body\">\n\t<div class=\"wpb_raw_code wpb_raw_html wpb_content_element\" >\n\t\t<div class=\"wpb_wrapper\">\n\t\t\t<div class=\"premios-grid\">\n            \n            <!-- Premio 1 A\u00f1o 2005 -->\n            <article class=\"premio-card\">\n                <div class=\"premio-img-container\" onclick=\"openModal('https:\/\/bellaclaraventura.com\/wp-content\/uploads\/2022\/01\/Casa-del-poeta-peruano-julio-2005.jpg', 'I Jornada cultural &quot;Cajabamba&quot;')\">\n                    <img decoding=\"async\" src=\"https:\/\/bellaclaraventura.com\/wp-content\/uploads\/2022\/01\/Casa-del-poeta-peruano-julio-2005.jpg\" alt=\"Diploma I Jornada cultural Cajabamba\" class=\"premio-img\">\n                    <div class=\"zoom-icon\">\n                        <svg xmlns=\"http:\/\/www.w3.org\/2000\/svg\" width=\"24\" height=\"24\" viewbox=\"0 0 24 24\" fill=\"none\" stroke=\"currentColor\" stroke-width=\"2\" stroke-linecap=\"round\" stroke-linejoin=\"round\"><circle cx=\"11\" cy=\"11\" r=\"8\"><\/circle><line x1=\"21\" y1=\"21\" x2=\"16.65\" y2=\"16.65\"><\/line><line x1=\"11\" y1=\"8\" x2=\"11\" y2=\"14\"><\/line><line x1=\"8\" y1=\"11\" x2=\"14\" y2=\"11\"><\/line><\/svg>\n                    <\/div>\n                <\/div>\n                <div class=\"premio-info\">\n                    <h3 class=\"premio-titulo font-bold text-gray-800 mb-2\">I Jornada cultural \"Cajabamba\"<\/h3>\n                    <p class=\"premio-entidad text-sm text-yellow-800 font-semibold mb-2 uppercase tracking-wide\">Casa del poeta peruano<\/p>\n                <\/div>\n            <\/article>\n\n            <!-- Premio 2 A\u00f1o 2005 -->\n            <article class=\"premio-card\">\n                <div class=\"premio-img-container\" onclick=\"openModal('https:\/\/bellaclaraventura.com\/wp-content\/uploads\/2022\/01\/30-04-2005.jpg', 'VII Congreso Latinoamericano de Poetas')\">\n                    <img decoding=\"async\" src=\"https:\/\/bellaclaraventura.com\/wp-content\/uploads\/2022\/01\/30-04-2005.jpg\" alt=\"Diploma VII Congreso Latinoamericano de Poetas\" class=\"premio-img\">\n                    <div class=\"zoom-icon\">\n                        <svg xmlns=\"http:\/\/www.w3.org\/2000\/svg\" width=\"24\" height=\"24\" viewbox=\"0 0 24 24\" fill=\"none\" stroke=\"currentColor\" stroke-width=\"2\" stroke-linecap=\"round\" stroke-linejoin=\"round\"><circle cx=\"11\" cy=\"11\" r=\"8\"><\/circle><line x1=\"21\" y1=\"21\" x2=\"16.65\" y2=\"16.65\"><\/line><line x1=\"11\" y1=\"8\" x2=\"11\" y2=\"14\"><\/line><line x1=\"8\" y1=\"11\" x2=\"14\" y2=\"11\"><\/line><\/svg>\n                    <\/div>\n                <\/div>\n                <div class=\"premio-info\">\n                    <h3 class=\"premio-titulo font-bold text-gray-800 mb-2\">VII Congreso Latinoamericano de Poetas \u00abOctavio Paz | Gustavo P\u00e9rez Ocampo\u00bb<\/h3>\n                    <p class=\"premio-entidad text-sm text-yellow-800 font-semibold mb-2 uppercase tracking-wide\">Asociaci\u00f3n Latinoamericana de Poetas (ASOLAPO)<\/p>\n                <\/div>\n            <\/article>\n\n            <!-- Premio 3 A\u00f1o 2005 -->\n            <article class=\"premio-card\">\n                <div class=\"premio-img-container\" onclick=\"openModal('https:\/\/bellaclaraventura.com\/wp-content\/uploads\/2022\/01\/XXV-World-Congress-of-poets-Agosto-2005.jpg', 'XXV Congreso Mundial de Poes\u00eda')\">\n                    <img decoding=\"async\" src=\"https:\/\/bellaclaraventura.com\/wp-content\/uploads\/2022\/01\/XXV-World-Congress-of-poets-Agosto-2005.jpg\" alt=\"Diploma XXV Congreso Mundial de Poes\u00eda\" class=\"premio-img\">\n                    <div class=\"zoom-icon\">\n                        <svg xmlns=\"http:\/\/www.w3.org\/2000\/svg\" width=\"24\" height=\"24\" viewbox=\"0 0 24 24\" fill=\"none\" stroke=\"currentColor\" stroke-width=\"2\" stroke-linecap=\"round\" stroke-linejoin=\"round\"><circle cx=\"11\" cy=\"11\" r=\"8\"><\/circle><line x1=\"21\" y1=\"21\" x2=\"16.65\" y2=\"16.65\"><\/line><line x1=\"11\" y1=\"8\" x2=\"11\" y2=\"14\"><\/line><line x1=\"8\" y1=\"11\" x2=\"14\" y2=\"11\"><\/line><\/svg>\n                    <\/div>\n                <\/div>\n                <div class=\"premio-info\">\n                    <h3 class=\"premio-titulo font-bold text-gray-800 mb-2\">XXV Congreso Mundial de Poes\u00eda<\/h3>\n                    <p class=\"premio-entidad text-sm text-yellow-800 font-semibold mb-2 uppercase tracking-wide\">XXV World Congress of Poets<\/p>\n                <\/div>\n            <\/article>\n\n            <!-- Premio 4 A\u00f1o 2005 -->\n            <article class=\"premio-card\">\n                <div class=\"premio-img-container\" onclick=\"openModal('https:\/\/bellaclaraventura.com\/wp-content\/uploads\/2022\/07\/Municipalidad-Huamanga.jpg', 'CLXXXI Aniversario de la Libertad Hispanoamericana')\">\n                    <img decoding=\"async\" src=\"https:\/\/bellaclaraventura.com\/wp-content\/uploads\/2022\/07\/Municipalidad-Huamanga.jpg\" alt=\"Diploma CLXXXI Aniversario de la Libertad Hispanoamericana\" class=\"premio-img\">\n                    <div class=\"zoom-icon\">\n                        <svg xmlns=\"http:\/\/www.w3.org\/2000\/svg\" width=\"24\" height=\"24\" viewbox=\"0 0 24 24\" fill=\"none\" stroke=\"currentColor\" stroke-width=\"2\" stroke-linecap=\"round\" stroke-linejoin=\"round\"><circle cx=\"11\" cy=\"11\" r=\"8\"><\/circle><line x1=\"21\" y1=\"21\" x2=\"16.65\" y2=\"16.65\"><\/line><line x1=\"11\" y1=\"8\" x2=\"11\" y2=\"14\"><\/line><line x1=\"8\" y1=\"11\" x2=\"14\" y2=\"11\"><\/line><\/svg>\n                    <\/div>\n                <\/div>\n                <div class=\"premio-info\">\n                    <h3 class=\"premio-titulo font-bold text-gray-800 mb-2\">CLXXXI Aniversario de la Libertad Hispanoamericana<\/h3>\n                    <p class=\"premio-entidad text-sm text-yellow-800 font-semibold mb-2 uppercase tracking-wide\">Municipalidad Provincial de Huamanga<\/p>\n                <\/div>\n            <\/article>\n\n        <\/div>\n\t\t<\/div>\n\t<\/div>\n<\/div><\/div><div class=\"vc_tta-panel\" id=\"1672935801297-3630ad0e-c3b8\" data-vc-content=\".vc_tta-panel-body\"><div class=\"vc_tta-panel-heading\"><h4 class=\"vc_tta-panel-title\"><a href=\"#1672935801297-3630ad0e-c3b8\" data-vc-accordion data-vc-container=\".vc_tta-container\"><span class=\"vc_tta-title-text\">2006<\/span><\/a><\/h4><\/div><div class=\"vc_tta-panel-body\">\n\t<div class=\"wpb_raw_code wpb_raw_html wpb_content_element\" >\n\t\t<div class=\"wpb_wrapper\">\n\t\t\t<div class=\"premios-grid\">\n            \n            <!-- Premio 1 A\u00f1o 2006 -->\n            <article class=\"premio-card\">\n                <div class=\"premio-img-container\" onclick=\"openModal('https:\/\/bellaclaraventura.com\/wp-content\/uploads\/2022\/01\/VII-encuentro-interancional-de-escritoras-mayo-2006.jpg', 'VII Encuentro Internacional de Escritoras &quot;Rosal\u00eda de Castro&quot; Mujer e Identidad Nacional')\">\n                    <img decoding=\"async\" src=\"https:\/\/bellaclaraventura.com\/wp-content\/uploads\/2022\/01\/VII-encuentro-interancional-de-escritoras-mayo-2006.jpg\" alt=\"Diploma VII Encuentro Internacional de Escritoras\" class=\"premio-img\">\n                    <div class=\"zoom-icon\">\n                        <svg xmlns=\"http:\/\/www.w3.org\/2000\/svg\" width=\"24\" height=\"24\" viewbox=\"0 0 24 24\" fill=\"none\" stroke=\"currentColor\" stroke-width=\"2\" stroke-linecap=\"round\" stroke-linejoin=\"round\"><circle cx=\"11\" cy=\"11\" r=\"8\"><\/circle><line x1=\"21\" y1=\"21\" x2=\"16.65\" y2=\"16.65\"><\/line><line x1=\"11\" y1=\"8\" x2=\"11\" y2=\"14\"><\/line><line x1=\"8\" y1=\"11\" x2=\"14\" y2=\"11\"><\/line><\/svg>\n                    <\/div>\n                <\/div>\n                <div class=\"premio-info\">\n                    <h3 class=\"premio-titulo font-bold text-gray-800 mb-2\">VII Encuentro Internacional de Escritoras \"Rosal\u00eda de Castro\" Mujer e Identidad Nacional<\/h3>\n<p class=\"premio-entidad text-yellow-600 font-semibold\">Comit\u00e9 organizador<\/p>\n                <\/div>\n            <\/article>\n\n        <\/div>\n\t\t<\/div>\n\t<\/div>\n<\/div><\/div><div class=\"vc_tta-panel\" id=\"1672935826956-7664217d-6c3e\" data-vc-content=\".vc_tta-panel-body\"><div class=\"vc_tta-panel-heading\"><h4 class=\"vc_tta-panel-title\"><a href=\"#1672935826956-7664217d-6c3e\" data-vc-accordion data-vc-container=\".vc_tta-container\"><span class=\"vc_tta-title-text\">2007<\/span><\/a><\/h4><\/div><div class=\"vc_tta-panel-body\">\n\t<div class=\"wpb_raw_code wpb_raw_html wpb_content_element\" >\n\t\t<div class=\"wpb_wrapper\">\n\t\t\t<div class=\"premios-grid\">\n            \n            <!-- Premio 1 A\u00f1o 2007 -->\n            <article class=\"premio-card\">\n                <div class=\"premio-img-container\" onclick=\"openModal('https:\/\/bellaclaraventura.com\/wp-content\/uploads\/2022\/01\/Casa-poeta-peruano-diciembre-2007-copia.jpg', 'I Festival Internacional de Poes\u00eda &quot;Rigobrto Meza Chunga&quot;')\">\n                    <img decoding=\"async\" src=\"https:\/\/bellaclaraventura.com\/wp-content\/uploads\/2022\/01\/Casa-poeta-peruano-diciembre-2007-copia.jpg\" alt=\"Diploma I Festival Internacional de Poes\u00eda\" class=\"premio-img\">\n                    <div class=\"zoom-icon\">\n                        <svg xmlns=\"http:\/\/www.w3.org\/2000\/svg\" width=\"24\" height=\"24\" viewbox=\"0 0 24 24\" fill=\"none\" stroke=\"currentColor\" stroke-width=\"2\" stroke-linecap=\"round\" stroke-linejoin=\"round\"><circle cx=\"11\" cy=\"11\" r=\"8\"><\/circle><line x1=\"21\" y1=\"21\" x2=\"16.65\" y2=\"16.65\"><\/line><line x1=\"11\" y1=\"8\" x2=\"11\" y2=\"14\"><\/line><line x1=\"8\" y1=\"11\" x2=\"14\" y2=\"11\"><\/line><\/svg>\n                    <\/div>\n                <\/div>\n                <div class=\"premio-info\">\n                    <h3 class=\"premio-titulo font-bold text-gray-800 mb-2\">I Festival Internacional de Poes\u00eda \u00abRigobrto Meza Chunga\u00bb<\/h3>\n                    <p class=\"premio-entidad text-yellow-600 font-semibold\">Casa del Poeta Peruano<\/p>\n                <\/div>\n            <\/article>\n\n        <\/div>\n\t\t<\/div>\n\t<\/div>\n<\/div><\/div><div class=\"vc_tta-panel\" id=\"1672935849702-0ae6ee12-53e1\" data-vc-content=\".vc_tta-panel-body\"><div class=\"vc_tta-panel-heading\"><h4 class=\"vc_tta-panel-title\"><a href=\"#1672935849702-0ae6ee12-53e1\" data-vc-accordion data-vc-container=\".vc_tta-container\"><span class=\"vc_tta-title-text\">2008<\/span><\/a><\/h4><\/div><div class=\"vc_tta-panel-body\">\n\t<div class=\"wpb_raw_code wpb_raw_html wpb_content_element\" >\n\t\t<div class=\"wpb_wrapper\">\n\t\t\t<div class=\"premios-grid\">\n            \n            <!-- Premio 1 A\u00f1o 2008 -->\n            <article class=\"premio-card\">\n                <div class=\"premio-img-container\" onclick=\"openModal('https:\/\/bellaclaraventura.com\/wp-content\/uploads\/2022\/01\/World-Congress-Mexico-Octubre-2008-copia.jpg', 'XXVIII World Congress of Poets')\">\n                    <img decoding=\"async\" src=\"https:\/\/bellaclaraventura.com\/wp-content\/uploads\/2022\/01\/World-Congress-Mexico-Octubre-2008-copia.jpg\" alt=\"Diploma XXVIII World Congress of Poets\" class=\"premio-img\">\n                    <div class=\"zoom-icon\">\n                        <svg xmlns=\"http:\/\/www.w3.org\/2000\/svg\" width=\"24\" height=\"24\" viewbox=\"0 0 24 24\" fill=\"none\" stroke=\"currentColor\" stroke-width=\"2\" stroke-linecap=\"round\" stroke-linejoin=\"round\"><circle cx=\"11\" cy=\"11\" r=\"8\"><\/circle><line x1=\"21\" y1=\"21\" x2=\"16.65\" y2=\"16.65\"><\/line><line x1=\"11\" y1=\"8\" x2=\"11\" y2=\"14\"><\/line><line x1=\"8\" y1=\"11\" x2=\"14\" y2=\"11\"><\/line><\/svg>\n                    <\/div>\n                <\/div>\n                <div class=\"premio-info\">\n                    <h3 class=\"premio-titulo font-bold text-gray-800 mb-2\">XXVIII World Congress of Poets<\/h3>\n                    <p class=\"premio-entidad text-yellow-600 font-semibold\">World Academy of Arts and Culture<\/p>\n                <\/div>\n            <\/article>\n\n        <\/div>\n\t\t<\/div>\n\t<\/div>\n<\/div><\/div><div class=\"vc_tta-panel\" id=\"1672935865124-7ed2797c-d871\" data-vc-content=\".vc_tta-panel-body\"><div class=\"vc_tta-panel-heading\"><h4 class=\"vc_tta-panel-title\"><a href=\"#1672935865124-7ed2797c-d871\" data-vc-accordion data-vc-container=\".vc_tta-container\"><span class=\"vc_tta-title-text\">2010<\/span><\/a><\/h4><\/div><div class=\"vc_tta-panel-body\">\n\t<div class=\"wpb_raw_code wpb_raw_html wpb_content_element\" >\n\t\t<div class=\"wpb_wrapper\">\n\t\t\t<div class=\"premios-grid\">\n            \n            <!-- Premio A\u00f1o 2010 -->\n            <article class=\"premio-card\">\n                <div class=\"premio-img-container\" onclick=\"openModal('https:\/\/bellaclaraventura.com\/wp-content\/uploads\/2022\/01\/23-09-2010.jpg', 'Primer Recital Internacional de Poes\u00eda')\">\n                    <img decoding=\"async\" src=\"https:\/\/bellaclaraventura.com\/wp-content\/uploads\/2022\/01\/23-09-2010.jpg\" alt=\"Primer Recital Internacional de Poes\u00eda\" class=\"premio-img\">\n                    <div class=\"zoom-icon\">\n                        <svg xmlns=\"http:\/\/www.w3.org\/2000\/svg\" width=\"24\" height=\"24\" viewbox=\"0 0 24 24\" fill=\"none\" stroke=\"currentColor\" stroke-width=\"2\" stroke-linecap=\"round\" stroke-linejoin=\"round\"><circle cx=\"11\" cy=\"11\" r=\"8\"><\/circle><line x1=\"21\" y1=\"21\" x2=\"16.65\" y2=\"16.65\"><\/line><line x1=\"11\" y1=\"8\" x2=\"11\" y2=\"14\"><\/line><line x1=\"8\" y1=\"11\" x2=\"14\" y2=\"11\"><\/line><\/svg>\n                    <\/div>\n                <\/div>\n                <div class=\"premio-info\">\n                    <h3 class=\"premio-titulo font-bold text-gray-800 mb-2\">Primer Recital Internacional de Poes\u00eda<\/h3>\n                    <p class=\"premio-entidad text-yellow-600 font-semibold\">Casa de la Cultura Ecuatoriana N\u00facleo de Manab\u00ed Eloy Alfaro Delgado<\/p>\n                <\/div>\n            <\/article>\n\n        <\/div>\n\t\t<\/div>\n\t<\/div>\n<\/div><\/div><div class=\"vc_tta-panel\" id=\"1672935906912-32414719-d193\" data-vc-content=\".vc_tta-panel-body\"><div class=\"vc_tta-panel-heading\"><h4 class=\"vc_tta-panel-title\"><a href=\"#1672935906912-32414719-d193\" data-vc-accordion data-vc-container=\".vc_tta-container\"><span class=\"vc_tta-title-text\">2011<\/span><\/a><\/h4><\/div><div class=\"vc_tta-panel-body\">\n\t<div class=\"wpb_raw_code wpb_raw_html wpb_content_element\" >\n\t\t<div class=\"wpb_wrapper\">\n\t\t\t<div class=\"premios-grid\">\n            \n            <!-- Premio 1 -->\n            <article class=\"premio-card\">\n                <div class=\"premio-img-container\" onclick=\"openModal('https:\/\/bellaclaraventura.com\/wp-content\/uploads\/2022\/01\/la-casa-guerrerense-marzo-2011.jpg', 'Reconocimiento')\">\n                    <img decoding=\"async\" src=\"https:\/\/bellaclaraventura.com\/wp-content\/uploads\/2022\/01\/la-casa-guerrerense-marzo-2011.jpg\" alt=\"Reconocimiento\" class=\"premio-img\">\n                    <div class=\"zoom-icon\">\n                        <svg xmlns=\"http:\/\/www.w3.org\/2000\/svg\" width=\"24\" height=\"24\" viewbox=\"0 0 24 24\" fill=\"none\" stroke=\"currentColor\" stroke-width=\"2\" stroke-linecap=\"round\" stroke-linejoin=\"round\"><circle cx=\"11\" cy=\"11\" r=\"8\"><\/circle><line x1=\"21\" y1=\"21\" x2=\"16.65\" y2=\"16.65\"><\/line><line x1=\"11\" y1=\"8\" x2=\"11\" y2=\"14\"><\/line><line x1=\"8\" y1=\"11\" x2=\"14\" y2=\"11\"><\/line><\/svg>\n                    <\/div>\n                <\/div>\n                <div class=\"premio-info\">\n                    <h3 class=\"premio-titulo font-bold text-gray-800 mb-2\">Reconocimiento<\/h3>\n                    <p class=\"premio-entidad text-yellow-600 font-semibold\">Casa Guerrerense<\/p>\n                <\/div>\n            <\/article>\n\n            <!-- Premio 2 -->\n            <article class=\"premio-card\">\n                <div class=\"premio-img-container\" onclick=\"openModal('https:\/\/bellaclaraventura.com\/wp-content\/uploads\/2022\/01\/World-Academy-of-Arts-and-Culture-copia.jpg', 'XXXI World Congress of Poets')\">\n                    <img decoding=\"async\" src=\"https:\/\/bellaclaraventura.com\/wp-content\/uploads\/2022\/01\/World-Academy-of-Arts-and-Culture-copia.jpg\" alt=\"XXXI World Congress of Poets\" class=\"premio-img\">\n                    <div class=\"zoom-icon\">\n                        <svg xmlns=\"http:\/\/www.w3.org\/2000\/svg\" width=\"24\" height=\"24\" viewbox=\"0 0 24 24\" fill=\"none\" stroke=\"currentColor\" stroke-width=\"2\" stroke-linecap=\"round\" stroke-linejoin=\"round\"><circle cx=\"11\" cy=\"11\" r=\"8\"><\/circle><line x1=\"21\" y1=\"21\" x2=\"16.65\" y2=\"16.65\"><\/line><line x1=\"11\" y1=\"8\" x2=\"11\" y2=\"14\"><\/line><line x1=\"8\" y1=\"11\" x2=\"14\" y2=\"11\"><\/line><\/svg>\n                    <\/div>\n                <\/div>\n                <div class=\"premio-info\">\n                    <h3 class=\"premio-titulo font-bold text-gray-800 mb-2\">XXXI World Congress of Poets<\/h3>\n                    <p class=\"premio-entidad text-yellow-600 font-semibold\">World Academy of Arts and Culture<\/p>\n                <\/div>\n            <\/article>\n\n        <\/div>\n\t\t<\/div>\n\t<\/div>\n<\/div><\/div><div class=\"vc_tta-panel\" id=\"1672935946361-1fc7f2da-a18a\" data-vc-content=\".vc_tta-panel-body\"><div class=\"vc_tta-panel-heading\"><h4 class=\"vc_tta-panel-title\"><a href=\"#1672935946361-1fc7f2da-a18a\" data-vc-accordion data-vc-container=\".vc_tta-container\"><span class=\"vc_tta-title-text\">2012<\/span><\/a><\/h4><\/div><div class=\"vc_tta-panel-body\">\n\t<div class=\"wpb_raw_code wpb_raw_html wpb_content_element\" >\n\t\t<div class=\"wpb_wrapper\">\n\t\t\t<div class=\"premios-grid\">\n            \n            <!-- Premio 1 -->\n            <article class=\"premio-card\">\n                <div class=\"premio-img-container\" onclick=\"openModal('https:\/\/bellaclaraventura.com\/wp-content\/uploads\/2022\/01\/World-congress-of-poets-Israel-2012-copia.jpg', '32 WCP- World Congress of Poets')\">\n                    <img decoding=\"async\" src=\"https:\/\/bellaclaraventura.com\/wp-content\/uploads\/2022\/01\/World-congress-of-poets-Israel-2012-copia.jpg\" alt=\"32 WCP- World Congress of Poets\" class=\"premio-img\">\n                    <div class=\"zoom-icon\">\n                        <svg xmlns=\"http:\/\/www.w3.org\/2000\/svg\" width=\"24\" height=\"24\" viewbox=\"0 0 24 24\" fill=\"none\" stroke=\"currentColor\" stroke-width=\"2\" stroke-linecap=\"round\" stroke-linejoin=\"round\"><circle cx=\"11\" cy=\"11\" r=\"8\"><\/circle><line x1=\"21\" y1=\"21\" x2=\"16.65\" y2=\"16.65\"><\/line><line x1=\"11\" y1=\"8\" x2=\"11\" y2=\"14\"><\/line><line x1=\"8\" y1=\"11\" x2=\"14\" y2=\"11\"><\/line><\/svg>\n                    <\/div>\n                <\/div>\n                <div class=\"premio-info\">\n                    <h3 class=\"premio-titulo font-bold text-gray-800 mb-2\">32 WCP- World Congress of Poets<\/h3>\n                    <p class=\"premio-entidad text-yellow-600 font-semibold\">World Academy of Arts and Culture<\/p>\n                <\/div>\n            <\/article>\n\n        <\/div>\n\t\t<\/div>\n\t<\/div>\n<\/div><\/div><div class=\"vc_tta-panel\" id=\"1672935966722-72ae85f5-106e\" data-vc-content=\".vc_tta-panel-body\"><div class=\"vc_tta-panel-heading\"><h4 class=\"vc_tta-panel-title\"><a href=\"#1672935966722-72ae85f5-106e\" data-vc-accordion data-vc-container=\".vc_tta-container\"><span class=\"vc_tta-title-text\">2020<\/span><\/a><\/h4><\/div><div class=\"vc_tta-panel-body\">\n\t<div class=\"wpb_raw_code wpb_raw_html wpb_content_element\" >\n\t\t<div class=\"wpb_wrapper\">\n\t\t\t<div class=\"premios-grid\">\n            \n            <!-- Premio 1 -->\n            <article class=\"premio-card\">\n                <div class=\"premio-img-container\" onclick=\"openModal('https:\/\/bellaclaraventura.com\/wp-content\/uploads\/2022\/02\/image.png', 'Conmemoraci\u00f3n al D\u00eda Internacional de la No Violencia')\">\n                    <img decoding=\"async\" src=\"https:\/\/bellaclaraventura.com\/wp-content\/uploads\/2022\/02\/image.png\" alt=\"Conmemoraci\u00f3n al D\u00eda Internacional de la No Violencia\" class=\"premio-img\">\n                    <div class=\"zoom-icon\">\n                        <svg xmlns=\"http:\/\/www.w3.org\/2000\/svg\" width=\"24\" height=\"24\" viewbox=\"0 0 24 24\" fill=\"none\" stroke=\"currentColor\" stroke-width=\"2\" stroke-linecap=\"round\" stroke-linejoin=\"round\"><circle cx=\"11\" cy=\"11\" r=\"8\"><\/circle><line x1=\"21\" y1=\"21\" x2=\"16.65\" y2=\"16.65\"><\/line><line x1=\"11\" y1=\"8\" x2=\"11\" y2=\"14\"><\/line><line x1=\"8\" y1=\"11\" x2=\"14\" y2=\"11\"><\/line><\/svg>\n                    <\/div>\n                <\/div>\n                <div class=\"premio-info\">\n                    <h3 class=\"premio-titulo font-bold text-gray-800 mb-2\">Conmemoraci\u00f3n al D\u00eda Internacional de la No Violencia<\/h3>\n                    <p class=\"premio-entidad text-yellow-600 font-semibold\">San Francisco de Quito<\/p>\n                <\/div>\n            <\/article>\n\n        <\/div>\n\t\t<\/div>\n\t<\/div>\n<\/div><\/div><div class=\"vc_tta-panel\" id=\"1672936002687-6cdf1511-7aff\" data-vc-content=\".vc_tta-panel-body\"><div class=\"vc_tta-panel-heading\"><h4 class=\"vc_tta-panel-title\"><a href=\"#1672936002687-6cdf1511-7aff\" data-vc-accordion data-vc-container=\".vc_tta-container\"><span class=\"vc_tta-title-text\">2021<\/span><\/a><\/h4><\/div><div class=\"vc_tta-panel-body\">\n\t<div class=\"wpb_raw_code wpb_raw_html wpb_content_element\" >\n\t\t<div class=\"wpb_wrapper\">\n\t\t\t<div class=\"premios-grid\">\n            \n            <!-- Premio 1 -->\n            <article class=\"premio-card\">\n                <div class=\"premio-img-container\" onclick=\"openModal('https:\/\/bellaclaraventura.com\/wp-content\/uploads\/2022\/01\/263715883_10158119257296576_463531561256574641_n.jpg', 'Peace - PAX Ambassador')\">\n                    <img decoding=\"async\" src=\"https:\/\/bellaclaraventura.com\/wp-content\/uploads\/2022\/01\/263715883_10158119257296576_463531561256574641_n.jpg\" alt=\"Peace - PAX Ambassador\" class=\"premio-img\">\n                    <div class=\"zoom-icon\">\n                        <svg xmlns=\"http:\/\/www.w3.org\/2000\/svg\" width=\"24\" height=\"24\" viewbox=\"0 0 24 24\" fill=\"none\" stroke=\"currentColor\" stroke-width=\"2\" stroke-linecap=\"round\" stroke-linejoin=\"round\"><circle cx=\"11\" cy=\"11\" r=\"8\"><\/circle><line x1=\"21\" y1=\"21\" x2=\"16.65\" y2=\"16.65\"><\/line><line x1=\"11\" y1=\"8\" x2=\"11\" y2=\"14\"><\/line><line x1=\"8\" y1=\"11\" x2=\"14\" y2=\"11\"><\/line><\/svg>\n                    <\/div>\n                <\/div>\n                <div class=\"premio-info\">\n                    <h3 class=\"premio-titulo font-bold text-gray-800 mb-2\">Peace - PAX Ambassador<\/h3>\n                    <p class=\"premio-entidad text-yellow-600 font-semibold\">Peace - PAX Executive Committee<\/p>\n                <\/div>\n            <\/article>\n\n            <!-- Premio 2 -->\n            <article class=\"premio-card\">\n                <div class=\"premio-img-container\" onclick=\"openModal('https:\/\/bellaclaraventura.com\/wp-content\/uploads\/2022\/03\/275046120_498750261695039_2647134059160643421_n-1024x722.jpg', 'X Encuentro Internacional de Poetas, Decimistas y Escritores')\">\n                    <img decoding=\"async\" src=\"https:\/\/bellaclaraventura.com\/wp-content\/uploads\/2022\/03\/275046120_498750261695039_2647134059160643421_n-1024x722.jpg\" alt=\"X Encuentro Internacional de Poetas, Decimistas y Escritores\" class=\"premio-img\">\n                    <div class=\"zoom-icon\">\n                        <svg xmlns=\"http:\/\/www.w3.org\/2000\/svg\" width=\"24\" height=\"24\" viewbox=\"0 0 24 24\" fill=\"none\" stroke=\"currentColor\" stroke-width=\"2\" stroke-linecap=\"round\" stroke-linejoin=\"round\"><circle cx=\"11\" cy=\"11\" r=\"8\"><\/circle><line x1=\"21\" y1=\"21\" x2=\"16.65\" y2=\"16.65\"><\/line><line x1=\"11\" y1=\"8\" x2=\"11\" y2=\"14\"><\/line><line x1=\"8\" y1=\"11\" x2=\"14\" y2=\"11\"><\/line><\/svg>\n                    <\/div>\n                <\/div>\n                <div class=\"premio-info\">\n                    <h3 class=\"premio-titulo font-bold text-gray-800 mb-2\">X Encuentro Internacional de Poetas, Decimistas y Escritores<\/h3>\n                    <p class=\"premio-entidad text-yellow-600 font-semibold\">Uni\u00f3n Hispanomundial de escritores<\/p>\n                <\/div>\n            <\/article>\n\n        <\/div>\n\t\t<\/div>\n\t<\/div>\n<\/div><\/div><div class=\"vc_tta-panel\" id=\"1672936018316-5e95259d-1887\" data-vc-content=\".vc_tta-panel-body\"><div class=\"vc_tta-panel-heading\"><h4 class=\"vc_tta-panel-title\"><a href=\"#1672936018316-5e95259d-1887\" data-vc-accordion data-vc-container=\".vc_tta-container\"><span class=\"vc_tta-title-text\">2022<\/span><\/a><\/h4><\/div><div class=\"vc_tta-panel-body\">\n\t<div class=\"wpb_raw_code wpb_raw_html wpb_content_element\" >\n\t\t<div class=\"wpb_wrapper\">\n\t\t\t<div class=\"premios-grid\">\n            \n            <!-- Premio 1 -->\n            <article class=\"premio-card\">\n                <div class=\"premio-img-container\" onclick=\"openModal('https:\/\/bellaclaraventura.com\/wp-content\/uploads\/2022\/02\/WhatsApp-Image-2022-02-03-at-2.57.44-PM-1024x724.jpeg', 'INDAI Awards')\">\n                    <img decoding=\"async\" src=\"https:\/\/bellaclaraventura.com\/wp-content\/uploads\/2022\/02\/WhatsApp-Image-2022-02-03-at-2.57.44-PM-1024x724.jpeg\" alt=\"INDAI Awards\" class=\"premio-img\">\n                    <div class=\"zoom-icon\">\n                        <svg xmlns=\"http:\/\/www.w3.org\/2000\/svg\" width=\"24\" height=\"24\" viewbox=\"0 0 24 24\" fill=\"none\" stroke=\"currentColor\" stroke-width=\"2\" stroke-linecap=\"round\" stroke-linejoin=\"round\"><circle cx=\"11\" cy=\"11\" r=\"8\"><\/circle><line x1=\"21\" y1=\"21\" x2=\"16.65\" y2=\"16.65\"><\/line><line x1=\"11\" y1=\"8\" x2=\"11\" y2=\"14\"><\/line><line x1=\"8\" y1=\"11\" x2=\"14\" y2=\"11\"><\/line><\/svg>\n                    <\/div>\n                <\/div>\n                <div class=\"premio-info\">\n                    <h3 class=\"premio-titulo font-bold text-gray-800 mb-2\">INDAI Awards<\/h3>\n                    <p class=\"premio-entidad text-yellow-600 font-semibold\">International Network of Dance and Arts Institutions<\/p>\n                <\/div>\n            <\/article>\n\n            <!-- Premio 2 -->\n            <article class=\"premio-card\">\n                <div class=\"premio-img-container\" onclick=\"openModal('https:\/\/bellaclaraventura.com\/wp-content\/uploads\/2023\/01\/DIPLOMA_-BELLA-CLARA-VENTURA.webp', 'I Congreso de Poes\u00eda Astron\u00f3mica')\">\n                    <img decoding=\"async\" src=\"https:\/\/bellaclaraventura.com\/wp-content\/uploads\/2023\/01\/DIPLOMA_-BELLA-CLARA-VENTURA.webp\" alt=\"I Congreso de Poes\u00eda Astron\u00f3mica\" class=\"premio-img\">\n                    <div class=\"zoom-icon\">\n                        <svg xmlns=\"http:\/\/www.w3.org\/2000\/svg\" width=\"24\" height=\"24\" viewbox=\"0 0 24 24\" fill=\"none\" stroke=\"currentColor\" stroke-width=\"2\" stroke-linecap=\"round\" stroke-linejoin=\"round\"><circle cx=\"11\" cy=\"11\" r=\"8\"><\/circle><line x1=\"21\" y1=\"21\" x2=\"16.65\" y2=\"16.65\"><\/line><line x1=\"11\" y1=\"8\" x2=\"11\" y2=\"14\"><\/line><line x1=\"8\" y1=\"11\" x2=\"14\" y2=\"11\"><\/line><\/svg>\n                    <\/div>\n                <\/div>\n                <div class=\"premio-info\">\n                    <h3 class=\"premio-titulo font-bold text-gray-800 mb-2\">I Congreso de Poes\u00eda Astron\u00f3mica<\/h3>\n                    <p class=\"premio-entidad text-yellow-600 font-semibold\">Asociaci\u00f3n Astron\u00f3mica y Educativa de Canarias \"Henrierra Swan Leavitt\"<\/p>\n                <\/div>\n            <\/article>\n\n            <!-- Premio 3 -->\n            <article class=\"premio-card\">\n                <div class=\"premio-img-container\" onclick=\"openModal('https:\/\/bellaclaraventura.com\/wp-content\/uploads\/2023\/01\/Imagen-de-WhatsApp-2022-12-26-a-las-12.00.47.jpg', 'Poetas del mundo')\">\n                    <img decoding=\"async\" src=\"https:\/\/bellaclaraventura.com\/wp-content\/uploads\/2023\/01\/Imagen-de-WhatsApp-2022-12-26-a-las-12.00.47.jpg\" alt=\"Poetas del mundo\" class=\"premio-img\">\n                    <div class=\"zoom-icon\">\n                        <svg xmlns=\"http:\/\/www.w3.org\/2000\/svg\" width=\"24\" height=\"24\" viewbox=\"0 0 24 24\" fill=\"none\" stroke=\"currentColor\" stroke-width=\"2\" stroke-linecap=\"round\" stroke-linejoin=\"round\"><circle cx=\"11\" cy=\"11\" r=\"8\"><\/circle><line x1=\"21\" y1=\"21\" x2=\"16.65\" y2=\"16.65\"><\/line><line x1=\"11\" y1=\"8\" x2=\"11\" y2=\"14\"><\/line><line x1=\"8\" y1=\"11\" x2=\"14\" y2=\"11\"><\/line><\/svg>\n                    <\/div>\n                <\/div>\n                <div class=\"premio-info\">\n                    <h3 class=\"premio-titulo font-bold text-gray-800 mb-2\">Poetas del mundo<\/h3>\n                    <p class=\"premio-entidad text-yellow-600 font-semibold\">Consulado de Istal Negra Poetas del mundo<\/p>\n                <\/div>\n            <\/article>\n\n            <!-- Premio 4 -->\n            <article class=\"premio-card\">\n                <div class=\"premio-img-container\" onclick=\"openModal('https:\/\/bellaclaraventura.com\/wp-content\/uploads\/2023\/01\/Imagen-de-WhatsApp-2022-12-26-a-las-15.04.13.jpg', 'Diploma de honor')\">\n                    <img decoding=\"async\" src=\"https:\/\/bellaclaraventura.com\/wp-content\/uploads\/2023\/01\/Imagen-de-WhatsApp-2022-12-26-a-las-15.04.13.jpg\" alt=\"Diploma de honor\" class=\"premio-img\">\n                    <div class=\"zoom-icon\">\n                        <svg xmlns=\"http:\/\/www.w3.org\/2000\/svg\" width=\"24\" height=\"24\" viewbox=\"0 0 24 24\" fill=\"none\" stroke=\"currentColor\" stroke-width=\"2\" stroke-linecap=\"round\" stroke-linejoin=\"round\"><circle cx=\"11\" cy=\"11\" r=\"8\"><\/circle><line x1=\"21\" y1=\"21\" x2=\"16.65\" y2=\"16.65\"><\/line><line x1=\"11\" y1=\"8\" x2=\"11\" y2=\"14\"><\/line><line x1=\"8\" y1=\"11\" x2=\"14\" y2=\"11\"><\/line><\/svg>\n                    <\/div>\n                <\/div>\n                <div class=\"premio-info\">\n                    <h3 class=\"premio-titulo font-bold text-gray-800 mb-2\">Diploma de honor<\/h3>\n                    <p class=\"premio-entidad text-yellow-600 font-semibold\">Poetas y sentimientos<\/p>\n                <\/div>\n            <\/article>\n\n            <!-- Premio 5 -->\n            <article class=\"premio-card\">\n                <div class=\"premio-img-container\" onclick=\"openModal('https:\/\/bellaclaraventura.com\/wp-content\/uploads\/2023\/01\/Reconocimiento-OMT-copia.webp', 'Excelente desempe\u00f1o')\">\n                    <img decoding=\"async\" src=\"https:\/\/bellaclaraventura.com\/wp-content\/uploads\/2023\/01\/Reconocimiento-OMT-copia.webp\" alt=\"Excelente desempe\u00f1o\" class=\"premio-img\">\n                    <div class=\"zoom-icon\">\n                        <svg xmlns=\"http:\/\/www.w3.org\/2000\/svg\" width=\"24\" height=\"24\" viewbox=\"0 0 24 24\" fill=\"none\" stroke=\"currentColor\" stroke-width=\"2\" stroke-linecap=\"round\" stroke-linejoin=\"round\"><circle cx=\"11\" cy=\"11\" r=\"8\"><\/circle><line x1=\"21\" y1=\"21\" x2=\"16.65\" y2=\"16.65\"><\/line><line x1=\"11\" y1=\"8\" x2=\"11\" y2=\"14\"><\/line><line x1=\"8\" y1=\"11\" x2=\"14\" y2=\"11\"><\/line><\/svg>\n                    <\/div>\n                <\/div>\n                <div class=\"premio-info\">\n                    <h3 class=\"premio-titulo font-bold text-gray-800 mb-2\">Excelente desempe\u00f1o<\/h3>\n                    <p class=\"premio-entidad text-yellow-600 font-semibold\">Organizaci\u00f3n Mundial de Trovadores - OMT<\/p>\n                <\/div>\n            <\/article>\n\n        <\/div>\n\t\t<\/div>\n\t<\/div>\n<\/div><\/div><div class=\"vc_tta-panel\" id=\"1674502215741-89bbf957-dad8\" data-vc-content=\".vc_tta-panel-body\"><div class=\"vc_tta-panel-heading\"><h4 class=\"vc_tta-panel-title\"><a href=\"#1674502215741-89bbf957-dad8\" data-vc-accordion data-vc-container=\".vc_tta-container\"><span class=\"vc_tta-title-text\">2023<\/span><\/a><\/h4><\/div><div class=\"vc_tta-panel-body\">\n\t<div class=\"wpb_raw_code wpb_raw_html wpb_content_element\" >\n\t\t<div class=\"wpb_wrapper\">\n\t\t\t<div class=\"premios-grid\">\n            \n    <!-- Premio 1 -->\n    <article class=\"premio-card\">\n        <div class=\"premio-img-container\" onclick=\"openModal('https:\/\/bellaclaraventura.com\/wp-content\/uploads\/2023\/01\/DIPLOMA-BELLA-CLARA-VENTURA-CONCURSO-DE-ARGENTINA-TEMA-TRADICION.png', 'IV Concurso Internacional de Trovas Cl\u00e1sicas')\">\n            <img decoding=\"async\" src=\"https:\/\/bellaclaraventura.com\/wp-content\/uploads\/2023\/01\/DIPLOMA-BELLA-CLARA-VENTURA-CONCURSO-DE-ARGENTINA-TEMA-TRADICION.png\" alt=\"IV Concurso Internacional de Trovas Cl\u00e1sicas\" class=\"premio-img\">\n            <div class=\"zoom-icon\">\n                <svg xmlns=\"http:\/\/www.w3.org\/2000\/svg\" width=\"24\" height=\"24\" viewbox=\"0 0 24 24\" fill=\"none\" stroke=\"currentColor\" stroke-width=\"2\" stroke-linecap=\"round\" stroke-linejoin=\"round\"><circle cx=\"11\" cy=\"11\" r=\"8\"><\/circle><line x1=\"21\" y1=\"21\" x2=\"16.65\" y2=\"16.65\"><\/line><line x1=\"11\" y1=\"8\" x2=\"11\" y2=\"14\"><\/line><line x1=\"8\" y1=\"11\" x2=\"14\" y2=\"11\"><\/line><\/svg>\n            <\/div>\n        <\/div>\n        <div class=\"premio-info\">\n            <h3 class=\"premio-titulo font-bold text-gray-800 mb-2\">IV Concurso Internacional de Trovas Cl\u00e1sicas<\/h3>\n            <p class=\"premio-entidad text-yellow-600 font-semibold\">Organizaci\u00f3n Mundial de Trovadores Argentina<\/p>\n        <\/div>\n    <\/article>\n\n    <!-- Premio 2 -->\n    <article class=\"premio-card\">\n        <div class=\"premio-img-container\" onclick=\"openModal('https:\/\/bellaclaraventura.com\/wp-content\/uploads\/2024\/01\/Premio-Escriduende-c.webp', 'Feria del Libro Madrid 2023')\">\n            <img decoding=\"async\" src=\"https:\/\/bellaclaraventura.com\/wp-content\/uploads\/2024\/01\/Premio-Escriduende-c.webp\" alt=\"Feria del Libro Madrid 2023\" class=\"premio-img\">\n            <div class=\"zoom-icon\">\n                <svg xmlns=\"http:\/\/www.w3.org\/2000\/svg\" width=\"24\" height=\"24\" viewbox=\"0 0 24 24\" fill=\"none\" stroke=\"currentColor\" stroke-width=\"2\" stroke-linecap=\"round\" stroke-linejoin=\"round\"><circle cx=\"11\" cy=\"11\" r=\"8\"><\/circle><line x1=\"21\" y1=\"21\" x2=\"16.65\" y2=\"16.65\"><\/line><line x1=\"11\" y1=\"8\" x2=\"11\" y2=\"14\"><\/line><line x1=\"8\" y1=\"11\" x2=\"14\" y2=\"11\"><\/line><\/svg>\n            <\/div>\n        <\/div>\n        <div class=\"premio-info\">\n            <h3 class=\"premio-titulo font-bold text-gray-800 mb-2\">Feria del Libro Madrid 2023<\/h3>\n            <p class=\"premio-entidad text-yellow-600 font-semibold\">Grupo Editorial Sial Pigmali\u00f3n<\/p>\n        <\/div>\n    <\/article>\n\n    <!-- Premio 3 -->\n    <article class=\"premio-card\">\n        <div class=\"premio-img-container\" onclick=\"openModal('https:\/\/bellaclaraventura.com\/wp-content\/uploads\/2024\/01\/DIPLOMA-BELLA-CLARA-VENTURA-TEMA-FERVOR-PERU.webp', 'III Concurso Internacional de Trovas Cl\u00e1sicas')\">\n            <img decoding=\"async\" src=\"https:\/\/bellaclaraventura.com\/wp-content\/uploads\/2024\/01\/DIPLOMA-BELLA-CLARA-VENTURA-TEMA-FERVOR-PERU.webp\" alt=\"III Concurso Internacional de Trovas Cl\u00e1sicas\" class=\"premio-img\">\n            <div class=\"zoom-icon\">\n                <svg xmlns=\"http:\/\/www.w3.org\/2000\/svg\" width=\"24\" height=\"24\" viewbox=\"0 0 24 24\" fill=\"none\" stroke=\"currentColor\" stroke-width=\"2\" stroke-linecap=\"round\" stroke-linejoin=\"round\"><circle cx=\"11\" cy=\"11\" r=\"8\"><\/circle><line x1=\"21\" y1=\"21\" x2=\"16.65\" y2=\"16.65\"><\/line><line x1=\"11\" y1=\"8\" x2=\"11\" y2=\"14\"><\/line><line x1=\"8\" y1=\"11\" x2=\"14\" y2=\"11\"><\/line><\/svg>\n            <\/div>\n        <\/div>\n        <div class=\"premio-info\">\n            <h3 class=\"premio-titulo font-bold text-gray-800 mb-2\">III Concurso Internacional de Trovas Cl\u00e1sicas<\/h3>\n            <p class=\"premio-entidad text-yellow-600 font-semibold\">Organizaci\u00f3n Mundial de Trovadores OMT-Per\u00fa<\/p>\n        <\/div>\n    <\/article>\n\n    <!-- Premio 4 -->\n    <article class=\"premio-card\">\n        <div class=\"premio-img-container\" onclick=\"openModal('https:\/\/bellaclaraventura.com\/wp-content\/uploads\/2024\/01\/diploma.-copia_upscayl_2x_realesrgan-x4plus.webp', 'XLII World Congress of Poets')\">\n            <img decoding=\"async\" src=\"https:\/\/bellaclaraventura.com\/wp-content\/uploads\/2024\/01\/diploma.-copia_upscayl_2x_realesrgan-x4plus.webp\" alt=\"XLII World Congress of Poets\" class=\"premio-img\">\n            <div class=\"zoom-icon\">\n                <svg xmlns=\"http:\/\/www.w3.org\/2000\/svg\" width=\"24\" height=\"24\" viewbox=\"0 0 24 24\" fill=\"none\" stroke=\"currentColor\" stroke-width=\"2\" stroke-linecap=\"round\" stroke-linejoin=\"round\"><circle cx=\"11\" cy=\"11\" r=\"8\"><\/circle><line x1=\"21\" y1=\"21\" x2=\"16.65\" y2=\"16.65\"><\/line><line x1=\"11\" y1=\"8\" x2=\"11\" y2=\"14\"><\/line><line x1=\"8\" y1=\"11\" x2=\"14\" y2=\"11\"><\/line><\/svg>\n            <\/div>\n        <\/div>\n        <div class=\"premio-info\">\n            <h3 class=\"premio-titulo font-bold text-gray-800 mb-2\">XLII World Congress of Poets<\/h3>\n            <p class=\"premio-entidad text-yellow-600 font-semibold\">World Congress of Poets<\/p>\n        <\/div>\n    <\/article>\n\n    <!-- Premio 5 -->\n    <article class=\"premio-card\">\n        <div class=\"premio-img-container\" onclick=\"openModal('https:\/\/bellaclaraventura.com\/wp-content\/uploads\/2024\/01\/En-Tarija-copia_upscayl_2x_ultrasharp.webp', 'Socia de la Uni\u00f3n de escritores y artistas de Tarija')\">\n            <img decoding=\"async\" src=\"https:\/\/bellaclaraventura.com\/wp-content\/uploads\/2024\/01\/En-Tarija-copia_upscayl_2x_ultrasharp.webp\" alt=\"Socia de la Uni\u00f3n de escritores y artistas de Tarija\" class=\"premio-img\">\n            <div class=\"zoom-icon\">\n                <svg xmlns=\"http:\/\/www.w3.org\/2000\/svg\" width=\"24\" height=\"24\" viewbox=\"0 0 24 24\" fill=\"none\" stroke=\"currentColor\" stroke-width=\"2\" stroke-linecap=\"round\" stroke-linejoin=\"round\"><circle cx=\"11\" cy=\"11\" r=\"8\"><\/circle><line x1=\"21\" y1=\"21\" x2=\"16.65\" y2=\"16.65\"><\/line><line x1=\"11\" y1=\"8\" x2=\"11\" y2=\"14\"><\/line><line x1=\"8\" y1=\"11\" x2=\"14\" y2=\"11\"><\/line><\/svg>\n            <\/div>\n        <\/div>\n        <div class=\"premio-info\">\n            <h3 class=\"premio-titulo font-bold text-gray-800 mb-2\">Socia de la Uni\u00f3n de escritores y artistas de Tarija<\/h3>\n            <p class=\"premio-entidad text-yellow-600 font-semibold\">Sociedad Boliviana de Escritores Uni\u00f3n de Escritores y Artistas de Tarija<\/p>\n        <\/div>\n    <\/article>\n\n    <!-- Premio 6 -->\n    <article class=\"premio-card\">\n        <div class=\"premio-img-container\" onclick=\"openModal('https:\/\/bellaclaraventura.com\/wp-content\/uploads\/2024\/01\/Por-microemntrevistas-INDAI.webp', 'Nominaci\u00f3n')\">\n            <img decoding=\"async\" src=\"https:\/\/bellaclaraventura.com\/wp-content\/uploads\/2024\/01\/Por-microemntrevistas-INDAI.webp\" alt=\"Nominaci\u00f3n\" class=\"premio-img\">\n            <div class=\"zoom-icon\">\n                <svg xmlns=\"http:\/\/www.w3.org\/2000\/svg\" width=\"24\" height=\"24\" viewbox=\"0 0 24 24\" fill=\"none\" stroke=\"currentColor\" stroke-width=\"2\" stroke-linecap=\"round\" stroke-linejoin=\"round\"><circle cx=\"11\" cy=\"11\" r=\"8\"><\/circle><line x1=\"21\" y1=\"21\" x2=\"16.65\" y2=\"16.65\"><\/line><line x1=\"11\" y1=\"8\" x2=\"11\" y2=\"14\"><\/line><line x1=\"8\" y1=\"11\" x2=\"14\" y2=\"11\"><\/line><\/svg>\n            <\/div>\n        <\/div>\n        <div class=\"premio-info\">\n            <h3 class=\"premio-titulo font-bold text-gray-800 mb-2\">Nominaci\u00f3n<\/h3>\n            <p class=\"premio-entidad text-yellow-600 font-semibold\">Premios INDAI 2023<\/p>\n        <\/div>\n    <\/article>\n\n<\/div>\n\t\t<\/div>\n\t<\/div>\n<\/div><\/div><div class=\"vc_tta-panel\" id=\"1718231135450-1111c1a7-0b9f\" data-vc-content=\".vc_tta-panel-body\"><div class=\"vc_tta-panel-heading\"><h4 class=\"vc_tta-panel-title\"><a href=\"#1718231135450-1111c1a7-0b9f\" data-vc-accordion data-vc-container=\".vc_tta-container\"><span class=\"vc_tta-title-text\">2024<\/span><\/a><\/h4><\/div><div class=\"vc_tta-panel-body\">\n\t<div class=\"wpb_raw_code wpb_raw_html wpb_content_element\" >\n\t\t<div class=\"wpb_wrapper\">\n\t\t\t<div class=\"premios-grid\">\n            \n    <!-- Premio 1 -->\n    <article class=\"premio-card\">\n        <div class=\"premio-img-container\" onclick=\"openModal('https:\/\/bellaclaraventura.com\/wp-content\/uploads\/2024\/06\/Bella-Clara-Ventura-1-scaled.webp', 'Poes\u00eda en voz de sus autoras')\">\n            <img decoding=\"async\" src=\"https:\/\/bellaclaraventura.com\/wp-content\/uploads\/2024\/06\/Bella-Clara-Ventura-1-scaled.webp\" alt=\"Poes\u00eda en voz de sus autoras\" class=\"premio-img\">\n            <div class=\"zoom-icon\">\n                <svg xmlns=\"http:\/\/www.w3.org\/2000\/svg\" width=\"24\" height=\"24\" viewbox=\"0 0 24 24\" fill=\"none\" stroke=\"currentColor\" stroke-width=\"2\" stroke-linecap=\"round\" stroke-linejoin=\"round\"><circle cx=\"11\" cy=\"11\" r=\"8\"><\/circle><line x1=\"21\" y1=\"21\" x2=\"16.65\" y2=\"16.65\"><\/line><line x1=\"11\" y1=\"8\" x2=\"11\" y2=\"14\"><\/line><line x1=\"8\" y1=\"11\" x2=\"14\" y2=\"11\"><\/line><\/svg>\n            <\/div>\n        <\/div>\n        <div class=\"premio-info\">\n            <h3 class=\"premio-titulo font-bold text-gray-800 mb-2\">Poes\u00eda en voz de sus autoras<\/h3>\n            <p class=\"premio-entidad text-yellow-600 font-semibold\">Museo de la mujer<\/p>\n        <\/div>\n    <\/article>\n\n    <!-- Premio 2 -->\n    <article class=\"premio-card\">\n        <div class=\"premio-img-container\" onclick=\"openModal('https:\/\/bellaclaraventura.com\/wp-content\/uploads\/2024\/11\/Imagen-de-WhatsApp-2024-11-29-a-las-15.15.53_c14126f6-rotated.jpg', 'Encuentro de escritores del mundo 2024')\">\n            <img decoding=\"async\" src=\"https:\/\/bellaclaraventura.com\/wp-content\/uploads\/2024\/11\/Imagen-de-WhatsApp-2024-11-29-a-las-15.15.53_c14126f6-rotated.jpg\" alt=\"Encuentro de escritores del mundo 2024\" class=\"premio-img\">\n            <div class=\"zoom-icon\">\n                <svg xmlns=\"http:\/\/www.w3.org\/2000\/svg\" width=\"24\" height=\"24\" viewbox=\"0 0 24 24\" fill=\"none\" stroke=\"currentColor\" stroke-width=\"2\" stroke-linecap=\"round\" stroke-linejoin=\"round\"><circle cx=\"11\" cy=\"11\" r=\"8\"><\/circle><line x1=\"21\" y1=\"21\" x2=\"16.65\" y2=\"16.65\"><\/line><line x1=\"11\" y1=\"8\" x2=\"11\" y2=\"14\"><\/line><line x1=\"8\" y1=\"11\" x2=\"14\" y2=\"11\"><\/line><\/svg>\n            <\/div>\n        <\/div>\n        <div class=\"premio-info\">\n            <h3 class=\"premio-titulo font-bold text-gray-800 mb-2\">Encuentro de escritores del mundo 2024<\/h3>\n            <p class=\"premio-entidad text-yellow-600 font-semibold\">Elena Poniatowska Amor A.C. | Sial Pigmali\u00f3n<\/p>\n        <\/div>\n    <\/article>\n\n    <!-- Premio 3 -->\n    <article class=\"premio-card\">\n        <div class=\"premio-img-container\" onclick=\"openModal('https:\/\/bellaclaraventura.com\/wp-content\/uploads\/2024\/11\/Imagen-de-WhatsApp-2024-11-29-a-las-15.15.22_1122dfbf-rotated.jpg', 'Rumbo a la Fil, Encuentro de Escritores del Mundo 2024')\">\n            <img decoding=\"async\" src=\"https:\/\/bellaclaraventura.com\/wp-content\/uploads\/2024\/11\/Imagen-de-WhatsApp-2024-11-29-a-las-15.15.22_1122dfbf-rotated.jpg\" alt=\"Rumbo a la Fil, Encuentro de Escritores del Mundo 2024\" class=\"premio-img\">\n            <div class=\"zoom-icon\">\n                <svg xmlns=\"http:\/\/www.w3.org\/2000\/svg\" width=\"24\" height=\"24\" viewbox=\"0 0 24 24\" fill=\"none\" stroke=\"currentColor\" stroke-width=\"2\" stroke-linecap=\"round\" stroke-linejoin=\"round\"><circle cx=\"11\" cy=\"11\" r=\"8\"><\/circle><line x1=\"21\" y1=\"21\" x2=\"16.65\" y2=\"16.65\"><\/line><line x1=\"11\" y1=\"8\" x2=\"11\" y2=\"14\"><\/line><line x1=\"8\" y1=\"11\" x2=\"14\" y2=\"11\"><\/line><\/svg>\n            <\/div>\n        <\/div>\n        <div class=\"premio-info\">\n            <h3 class=\"premio-titulo font-bold text-gray-800 mb-2\">Rumbo a la Fil, Encuentro de Escritores del Mundo 2024<\/h3>\n            <p class=\"premio-entidad text-yellow-600 font-semibold\">Ateneo Espa\u00f1ol de Mexico<\/p>\n        <\/div>\n    <\/article>\n\n    <!-- Premio 4 -->\n    <article class=\"premio-card\">\n        <div class=\"premio-img-container\" onclick=\"openModal('https:\/\/bellaclaraventura.com\/wp-content\/uploads\/2024\/12\/Reconocimiento-presentadora-microentrevistas-Hello-arte.webp', 'Reconocimiento')\">\n            <img decoding=\"async\" src=\"https:\/\/bellaclaraventura.com\/wp-content\/uploads\/2024\/12\/Reconocimiento-presentadora-microentrevistas-Hello-arte.webp\" alt=\"Reconocimiento\" class=\"premio-img\">\n            <div class=\"zoom-icon\">\n                <svg xmlns=\"http:\/\/www.w3.org\/2000\/svg\" width=\"24\" height=\"24\" viewbox=\"0 0 24 24\" fill=\"none\" stroke=\"currentColor\" stroke-width=\"2\" stroke-linecap=\"round\" stroke-linejoin=\"round\"><circle cx=\"11\" cy=\"11\" r=\"8\"><\/circle><line x1=\"21\" y1=\"21\" x2=\"16.65\" y2=\"16.65\"><\/line><line x1=\"11\" y1=\"8\" x2=\"11\" y2=\"14\"><\/line><line x1=\"8\" y1=\"11\" x2=\"14\" y2=\"11\"><\/line><\/svg>\n            <\/div>\n        <\/div>\n        <div class=\"premio-info\">\n            <h3 class=\"premio-titulo font-bold text-gray-800 mb-2\">Reconocimiento<\/h3>\n            <p class=\"premio-entidad text-yellow-600 font-semibold\">GDanse Producciones<\/p>\n        <\/div>\n    <\/article>\n\n    <!-- Premio 5 -->\n    <article class=\"premio-card\">\n        <div class=\"premio-img-container\" onclick=\"openModal('https:\/\/bellaclaraventura.com\/wp-content\/uploads\/2024\/12\/Premio-Internacional-de-literatura-erotica-2024.webp', 'Premio Internacional de Literatura Er\u00f3tica')\">\n            <img decoding=\"async\" src=\"https:\/\/bellaclaraventura.com\/wp-content\/uploads\/2024\/12\/Premio-Internacional-de-literatura-erotica-2024.webp\" alt=\"Premio Internacional de Literatura Er\u00f3tica\" class=\"premio-img\">\n            <div class=\"zoom-icon\">\n                <svg xmlns=\"http:\/\/www.w3.org\/2000\/svg\" width=\"24\" height=\"24\" viewbox=\"0 0 24 24\" fill=\"none\" stroke=\"currentColor\" stroke-width=\"2\" stroke-linecap=\"round\" stroke-linejoin=\"round\"><circle cx=\"11\" cy=\"11\" r=\"8\"><\/circle><line x1=\"21\" y1=\"21\" x2=\"16.65\" y2=\"16.65\"><\/line><line x1=\"11\" y1=\"8\" x2=\"11\" y2=\"14\"><\/line><line x1=\"8\" y1=\"11\" x2=\"14\" y2=\"11\"><\/line><\/svg>\n            <\/div>\n        <\/div>\n        <div class=\"premio-info\">\n            <h3 class=\"premio-titulo font-bold text-gray-800 mb-2\">Premio Internacional de Literatura Er\u00f3tica<\/h3>\n            <p class=\"premio-entidad text-yellow-600 font-semibold\">Sial Pigmali\u00f3n<\/p>\n        <\/div>\n    <\/article>\n\n    <!-- Premio 6 -->\n    <article class=\"premio-card\">\n        <div class=\"premio-img-container\" onclick=\"openModal('https:\/\/bellaclaraventura.com\/wp-content\/uploads\/2024\/12\/Casa-de-Montalvo-Nucleo-de-Ipiales-medalla.webp', 'Nubes Verdes de Montalvo')\">\n            <img decoding=\"async\" src=\"https:\/\/bellaclaraventura.com\/wp-content\/uploads\/2024\/12\/Casa-de-Montalvo-Nucleo-de-Ipiales-medalla.webp\" alt=\"Nubes Verdes de Montalvo\" class=\"premio-img\">\n            <div class=\"zoom-icon\">\n                <svg xmlns=\"http:\/\/www.w3.org\/2000\/svg\" width=\"24\" height=\"24\" viewbox=\"0 0 24 24\" fill=\"none\" stroke=\"currentColor\" stroke-width=\"2\" stroke-linecap=\"round\" stroke-linejoin=\"round\"><circle cx=\"11\" cy=\"11\" r=\"8\"><\/circle><line x1=\"21\" y1=\"21\" x2=\"16.65\" y2=\"16.65\"><\/line><line x1=\"11\" y1=\"8\" x2=\"11\" y2=\"14\"><\/line><line x1=\"8\" y1=\"11\" x2=\"14\" y2=\"11\"><\/line><\/svg>\n            <\/div>\n        <\/div>\n        <div class=\"premio-info\">\n            <h3 class=\"premio-titulo font-bold text-gray-800 mb-2\">Nubes Verdes de Montalvo<\/h3>\n            <p class=\"premio-entidad text-yellow-600 font-semibold\">Casa de Montalvo<\/p>\n        <\/div>\n    <\/article>\n\n    <!-- Premio 7 -->\n    <article class=\"premio-card\">\n        <div class=\"premio-img-container\" onclick=\"openModal('https:\/\/bellaclaraventura.com\/wp-content\/uploads\/2025\/01\/Premio-Verso-Dorado-2023.webp', 'Premio Verso Dorado 2023')\">\n            <img decoding=\"async\" src=\"https:\/\/bellaclaraventura.com\/wp-content\/uploads\/2025\/01\/Premio-Verso-Dorado-2023.webp\" alt=\"Premio Verso Dorado 2023\" class=\"premio-img\">\n            <div class=\"zoom-icon\">\n                <svg xmlns=\"http:\/\/www.w3.org\/2000\/svg\" width=\"24\" height=\"24\" viewbox=\"0 0 24 24\" fill=\"none\" stroke=\"currentColor\" stroke-width=\"2\" stroke-linecap=\"round\" stroke-linejoin=\"round\"><circle cx=\"11\" cy=\"11\" r=\"8\"><\/circle><line x1=\"21\" y1=\"21\" x2=\"16.65\" y2=\"16.65\"><\/line><line x1=\"11\" y1=\"8\" x2=\"11\" y2=\"14\"><\/line><line x1=\"8\" y1=\"11\" x2=\"14\" y2=\"11\"><\/line><\/svg>\n            <\/div>\n        <\/div>\n        <div class=\"premio-info\">\n            <h3 class=\"premio-titulo font-bold text-gray-800 mb-2\">Premio Verso Dorado 2023<\/h3>\n            <p class=\"premio-entidad text-yellow-600 font-semibold\">Gremio Po\u00e9tico Colombiano<\/p>\n        <\/div>\n    <\/article>\n\n<\/div>\n\t\t<\/div>\n\t<\/div>\n<\/div><\/div><div class=\"vc_tta-panel\" id=\"1748293294582-4ad187a6-831a\" data-vc-content=\".vc_tta-panel-body\"><div class=\"vc_tta-panel-heading\"><h4 class=\"vc_tta-panel-title\"><a href=\"#1748293294582-4ad187a6-831a\" data-vc-accordion data-vc-container=\".vc_tta-container\"><span class=\"vc_tta-title-text\">2025<\/span><\/a><\/h4><\/div><div class=\"vc_tta-panel-body\">\n\t<div class=\"wpb_raw_code wpb_raw_html wpb_content_element\" >\n\t\t<div class=\"wpb_wrapper\">\n\t\t\t<div class=\"premios-grid\">\n            \n    <!-- Premio 1 -->\n    <article class=\"premio-card\">\n        <div class=\"premio-img-container\" onclick=\"openModal('https:\/\/bellaclaraventura.com\/wp-content\/uploads\/2025\/05\/Sembrando-palabras.-Diploma-.webp', 'Din\u00e1mica N\u00ba5, a la Trayectoria Literaria y Cultural')\">\n            <img decoding=\"async\" src=\"https:\/\/bellaclaraventura.com\/wp-content\/uploads\/2025\/05\/Sembrando-palabras.-Diploma-.webp\" alt=\"Din\u00e1mica N\u00ba5, a la Trayectoria Literaria y Cultural\" class=\"premio-img\">\n            <div class=\"zoom-icon\">\n                <svg xmlns=\"http:\/\/www.w3.org\/2000\/svg\" width=\"24\" height=\"24\" viewbox=\"0 0 24 24\" fill=\"none\" stroke=\"currentColor\" stroke-width=\"2\" stroke-linecap=\"round\" stroke-linejoin=\"round\"><circle cx=\"11\" cy=\"11\" r=\"8\"><\/circle><line x1=\"21\" y1=\"21\" x2=\"16.65\" y2=\"16.65\"><\/line><line x1=\"11\" y1=\"8\" x2=\"11\" y2=\"14\"><\/line><line x1=\"8\" y1=\"11\" x2=\"14\" y2=\"11\"><\/line><\/svg>\n            <\/div>\n        <\/div>\n        <div class=\"premio-info\">\n            <h3 class=\"premio-titulo font-bold text-gray-800 mb-2\">Din\u00e1mica N\u00ba5, a la Trayectoria Literaria y Cultural<\/h3>\n            <p class=\"premio-entidad text-yellow-600 font-semibold\">Sembrando Palabras<\/p>\n        <\/div>\n    <\/article>\n\n    <!-- Premio 2 -->\n    <article class=\"premio-card\">\n        <div class=\"premio-img-container\" onclick=\"openModal('https:\/\/bellaclaraventura.com\/wp-content\/uploads\/2025\/05\/Organizacion-mundial-de-trovadores-Honduras.webp', 'Concurso de Trovas OLMEDO')\">\n            <img decoding=\"async\" src=\"https:\/\/bellaclaraventura.com\/wp-content\/uploads\/2025\/05\/Organizacion-mundial-de-trovadores-Honduras.webp\" alt=\"Concurso de Trovas OLMEDO\" class=\"premio-img\">\n            <div class=\"zoom-icon\">\n                <svg xmlns=\"http:\/\/www.w3.org\/2000\/svg\" width=\"24\" height=\"24\" viewbox=\"0 0 24 24\" fill=\"none\" stroke=\"currentColor\" stroke-width=\"2\" stroke-linecap=\"round\" stroke-linejoin=\"round\"><circle cx=\"11\" cy=\"11\" r=\"8\"><\/circle><line x1=\"21\" y1=\"21\" x2=\"16.65\" y2=\"16.65\"><\/line><line x1=\"11\" y1=\"8\" x2=\"11\" y2=\"14\"><\/line><line x1=\"8\" y1=\"11\" x2=\"14\" y2=\"11\"><\/line><\/svg>\n            <\/div>\n        <\/div>\n        <div class=\"premio-info\">\n            <h3 class=\"premio-titulo font-bold text-gray-800 mb-2\">Concurso de Trovas OLMEDO<\/h3>\n            <p class=\"premio-entidad text-yellow-600 font-semibold\">Organizaci\u00f3n Mundial de Trovadores OMT<\/p>\n        <\/div>\n    <\/article>\n\n<!-- Premio 1 -->\n    <article class=\"premio-card\">\n        <div class=\"premio-img-container\"\n            onclick=\"openModal('https:\/\/bellaclaraventura.com\/wp-content\/uploads\/2026\/08\/Diploma-de-participacion-francia.webp', 'Deuxi\u00e8me F\u00eate internatinale du Livre France')\">\n            <img decoding=\"async\" src=\"https:\/\/bellaclaraventura.com\/wp-content\/uploads\/2026\/08\/Diploma-de-participacion-francia.webp\"\n                alt=\"Deuxi\u00e8me F\u00eate internatinale du Livre France\" class=\"premio-img\">\n            <div class=\"zoom-icon\">\n                <svg xmlns=\"http:\/\/www.w3.org\/2000\/svg\" width=\"24\" height=\"24\" viewbox=\"0 0 24 24\" fill=\"none\"\n                    stroke=\"currentColor\" stroke-width=\"2\" stroke-linecap=\"round\" stroke-linejoin=\"round\">\n                    <circle cx=\"11\" cy=\"11\" r=\"8\"><\/circle>\n                    <line x1=\"21\" y1=\"21\" x2=\"16.65\" y2=\"16.65\"><\/line>\n                    <line x1=\"11\" y1=\"8\" x2=\"11\" y2=\"14\"><\/line>\n                    <line x1=\"8\" y1=\"11\" x2=\"14\" y2=\"11\"><\/line>\n                <\/svg>\n            <\/div>\n        <\/div>\n        <div class=\"premio-info\">\n            <h3 class=\"premio-titulo font-bold text-gray-800 mb-2\">Deuxi\u00e8me F\u00eate internatinale du Livre France<\/h3>\n            <p class=\"premio-entidad text-yellow-600 font-semibold\">Confereraci\u00f3n Internacional del Libro<\/p>\n        <\/div>\n    <\/article>\n\n    <!-- Premio 2 -->\n    <article class=\"premio-card\">\n        <div class=\"premio-img-container\"\n            onclick=\"openModal('https:\/\/bellaclaraventura.com\/wp-content\/uploads\/2026\/08\/mencion-de-honor-semnrando-palabras-perez.webp', 'Trayectoria')\">\n            <img decoding=\"async\" src=\"https:\/\/bellaclaraventura.com\/wp-content\/uploads\/2026\/08\/mencion-de-honor-semnrando-palabras-perez.webp\"\n                alt=\"Trayectoria\" class=\"premio-img\">\n            <div class=\"zoom-icon\">\n                <svg xmlns=\"http:\/\/www.w3.org\/2000\/svg\" width=\"24\" height=\"24\" viewbox=\"0 0 24 24\" fill=\"none\"\n                    stroke=\"currentColor\" stroke-width=\"2\" stroke-linecap=\"round\" stroke-linejoin=\"round\">\n                    <circle cx=\"11\" cy=\"11\" r=\"8\"><\/circle>\n                    <line x1=\"21\" y1=\"21\" x2=\"16.65\" y2=\"16.65\"><\/line>\n                    <line x1=\"11\" y1=\"8\" x2=\"11\" y2=\"14\"><\/line>\n                    <line x1=\"8\" y1=\"11\" x2=\"14\" y2=\"11\"><\/line>\n                <\/svg>\n            <\/div>\n        <\/div>\n        <div class=\"premio-info\">\n            <h3 class=\"premio-titulo font-bold text-gray-800 mb-2\">Trajectoire<\/h3>\n            <p class=\"premio-entidad text-yellow-600 font-semibold\">Sembrando Palabras<\/p>\n        <\/div>\n    <\/article>\n\n    <!-- Premio 3 -->\n    <article class=\"premio-card\">\n        <div class=\"premio-img-container\"\n            onclick=\"openModal('https:\/\/bellaclaraventura.com\/wp-content\/uploads\/2026\/08\/Mencion-Sembrando-paplabras.webp', 'Labor Literaira')\">\n            <img decoding=\"async\" src=\"https:\/\/bellaclaraventura.com\/wp-content\/uploads\/2026\/08\/Mencion-Sembrando-paplabras.webp\"\n                alt=\"Labor Literaira\" class=\"premio-img\">\n            <div class=\"zoom-icon\">\n                <svg xmlns=\"http:\/\/www.w3.org\/2000\/svg\" width=\"24\" height=\"24\" viewbox=\"0 0 24 24\" fill=\"none\"\n                    stroke=\"currentColor\" stroke-width=\"2\" stroke-linecap=\"round\" stroke-linejoin=\"round\">\n                    <circle cx=\"11\" cy=\"11\" r=\"8\"><\/circle>\n                    <line x1=\"21\" y1=\"21\" x2=\"16.65\" y2=\"16.65\"><\/line>\n                    <line x1=\"11\" y1=\"8\" x2=\"11\" y2=\"14\"><\/line>\n                    <line x1=\"8\" y1=\"11\" x2=\"14\" y2=\"11\"><\/line>\n                <\/svg>\n            <\/div>\n        <\/div>\n        <div class=\"premio-info\">\n            <h3 class=\"premio-titulo font-bold text-gray-800 mb-2\">Labor Literaira<\/h3>\n            <p class=\"premio-entidad text-yellow-600 font-semibold\">Sembrando Palabras<\/p>\n        <\/div>\n    <\/article>\n\n    <!-- Premio 4 -->\n    <article class=\"premio-card\">\n        <div class=\"premio-img-container\"\n            onclick=\"openModal('https:\/\/bellaclaraventura.com\/wp-content\/uploads\/2026\/08\/OMT-certificado-de-participacion.webp', 'Festival de la Catrina 2025')\">\n            <img decoding=\"async\" src=\"https:\/\/bellaclaraventura.com\/wp-content\/uploads\/2026\/08\/OMT-certificado-de-participacion.webp\"\n                alt=\"Festival de la Catrina 2025\" class=\"premio-img\">\n            <div class=\"zoom-icon\">\n                <svg xmlns=\"http:\/\/www.w3.org\/2000\/svg\" width=\"24\" height=\"24\" viewbox=\"0 0 24 24\" fill=\"none\"\n                    stroke=\"currentColor\" stroke-width=\"2\" stroke-linecap=\"round\" stroke-linejoin=\"round\">\n                    <circle cx=\"11\" cy=\"11\" r=\"8\"><\/circle>\n                    <line x1=\"21\" y1=\"21\" x2=\"16.65\" y2=\"16.65\"><\/line>\n                    <line x1=\"11\" y1=\"8\" x2=\"11\" y2=\"14\"><\/line>\n                    <line x1=\"8\" y1=\"11\" x2=\"14\" y2=\"11\"><\/line>\n                <\/svg>\n            <\/div>\n        <\/div>\n        <div class=\"premio-info\">\n            <h3 class=\"premio-titulo font-bold text-gray-800 mb-2\">Festival de la Catrina 2025<\/h3>\n            <p class=\"premio-entidad text-yellow-600 font-semibold\">Organizaci\u00f3n Mundial de Trovadores - OMT<\/p>\n        <\/div>\n    <\/article>\n\n    <!-- Premio 5 -->\n    <article class=\"premio-card\">\n        <div class=\"premio-img-container\"\n            onclick=\"openModal('https:\/\/bellaclaraventura.com\/wp-content\/uploads\/2026\/08\/Reconocimiento-Huesped-de-honor.webp', 'Hu\u00e9sped de Honor')\">\n            <img decoding=\"async\" src=\"https:\/\/bellaclaraventura.com\/wp-content\/uploads\/2026\/08\/Reconocimiento-Huesped-de-honor.webp\"\n                alt=\"Hu\u00e9sped de Honor\" class=\"premio-img\">\n            <div class=\"zoom-icon\">\n                <svg xmlns=\"http:\/\/www.w3.org\/2000\/svg\" width=\"24\" height=\"24\" viewbox=\"0 0 24 24\" fill=\"none\"\n                    stroke=\"currentColor\" stroke-width=\"2\" stroke-linecap=\"round\" stroke-linejoin=\"round\">\n                    <circle cx=\"11\" cy=\"11\" r=\"8\"><\/circle>\n                    <line x1=\"21\" y1=\"21\" x2=\"16.65\" y2=\"16.65\"><\/line>\n                    <line x1=\"11\" y1=\"8\" x2=\"11\" y2=\"14\"><\/line>\n                    <line x1=\"8\" y1=\"11\" x2=\"14\" y2=\"11\"><\/line>\n                <\/svg>\n            <\/div>\n        <\/div>\n        <div class=\"premio-info\">\n            <h3 class=\"premio-titulo font-bold text-gray-800 mb-2\">Hu\u00e9sped de Honor<\/h3>\n            <p class=\"premio-entidad text-yellow-600 font-semibold\">Secretar\u00eda cultural<\/p>\n        <\/div>\n    <\/article>\n\n    <!-- Premio 6 -->\n    <article class=\"premio-card\">\n        <div class=\"premio-img-container\"\n            onclick=\"openModal('https:\/\/bellaclaraventura.com\/wp-content\/uploads\/2026\/08\/Sembrando-palabrasMencionDeHonor.webp', 'Labor literaria Cultural')\">\n            <img decoding=\"async\" src=\"https:\/\/bellaclaraventura.com\/wp-content\/uploads\/2026\/08\/Sembrando-palabrasMencionDeHonor.webp\"\n                alt=\"Labor literaria Cultural\" class=\"premio-img\">\n            <div class=\"zoom-icon\">\n                <svg xmlns=\"http:\/\/www.w3.org\/2000\/svg\" width=\"24\" height=\"24\" viewbox=\"0 0 24 24\" fill=\"none\"\n                    stroke=\"currentColor\" stroke-width=\"2\" stroke-linecap=\"round\" stroke-linejoin=\"round\">\n                    <circle cx=\"11\" cy=\"11\" r=\"8\"><\/circle>\n                    <line x1=\"21\" y1=\"21\" x2=\"16.65\" y2=\"16.65\"><\/line>\n                    <line x1=\"11\" y1=\"8\" x2=\"11\" y2=\"14\"><\/line>\n                    <line x1=\"8\" y1=\"11\" x2=\"14\" y2=\"11\"><\/line>\n                <\/svg>\n            <\/div>\n        <\/div>\n        <div class=\"premio-info\">\n            <h3 class=\"premio-titulo font-bold text-gray-800 mb-2\">Labor literaria Cultural<\/h3>\n            <p class=\"premio-entidad text-yellow-600 font-semibold\">Sembrando Palabras<\/p>\n        <\/div>\n    <\/article>\n\n    <!-- Premio 7 -->\n    <article class=\"premio-card\">\n        <div class=\"premio-img-container\"\n            onclick=\"openModal('https:\/\/bellaclaraventura.com\/wp-content\/uploads\/2026\/08\/Sembrando-palabras-dinamica-8.webp', 'Certificado de trayectoria')\">\n            <img decoding=\"async\" src=\"https:\/\/bellaclaraventura.com\/wp-content\/uploads\/2026\/08\/Sembrando-palabras-dinamica-8.webp\"\n                alt=\"Certificado de trayectoria\" class=\"premio-img\">\n            <div class=\"zoom-icon\">\n                <svg xmlns=\"http:\/\/www.w3.org\/2000\/svg\" width=\"24\" height=\"24\" viewbox=\"0 0 24 24\" fill=\"none\"\n                    stroke=\"currentColor\" stroke-width=\"2\" stroke-linecap=\"round\" stroke-linejoin=\"round\">\n                    <circle cx=\"11\" cy=\"11\" r=\"8\"><\/circle>\n                    <line x1=\"21\" y1=\"21\" x2=\"16.65\" y2=\"16.65\"><\/line>\n                    <line x1=\"11\" y1=\"8\" x2=\"11\" y2=\"14\"><\/line>\n                    <line x1=\"8\" y1=\"11\" x2=\"14\" y2=\"11\"><\/line>\n                <\/svg>\n            <\/div>\n        <\/div>\n        <div class=\"premio-info\">\n            <h3 class=\"premio-titulo font-bold text-gray-800 mb-2\">Certificado de trayectoria<\/h3>\n            <p class=\"premio-entidad text-yellow-600 font-semibold\">Sembrando Palabras<\/p>\n        <\/div>\n    <\/article>\n\n    <!-- Premio 8 -->\n    <article class=\"premio-card\">\n        <div class=\"premio-img-container\"\n            onclick=\"openModal('https:\/\/bellaclaraventura.com\/wp-content\/uploads\/2026\/08\/WhatsApp-Image-2025-02-12-at-14.57.40_633ef18a.webp', 'Participaci\u00f3n Din\u00e1mica N\u00ba1')\">\n            <img decoding=\"async\" src=\"https:\/\/bellaclaraventura.com\/wp-content\/uploads\/2026\/08\/WhatsApp-Image-2025-02-12-at-14.57.40_633ef18a.webp\"\n                alt=\"Participaci\u00f3n Din\u00e1mica N\u00ba1\" class=\"premio-img\">\n            <div class=\"zoom-icon\">\n                <svg xmlns=\"http:\/\/www.w3.org\/2000\/svg\" width=\"24\" height=\"24\" viewbox=\"0 0 24 24\" fill=\"none\"\n                    stroke=\"currentColor\" stroke-width=\"2\" stroke-linecap=\"round\" stroke-linejoin=\"round\">\n                    <circle cx=\"11\" cy=\"11\" r=\"8\"><\/circle>\n                    <line x1=\"21\" y1=\"21\" x2=\"16.65\" y2=\"16.65\"><\/line>\n                    <line x1=\"11\" y1=\"8\" x2=\"11\" y2=\"14\"><\/line>\n                    <line x1=\"8\" y1=\"11\" x2=\"14\" y2=\"11\"><\/line>\n                <\/svg>\n            <\/div>\n        <\/div>\n        <div class=\"premio-info\">\n            <h3 class=\"premio-titulo font-bold text-gray-800 mb-2\">Participaci\u00f3n Din\u00e1mica N\u00ba1<\/h3>\n            <p class=\"premio-entidad text-yellow-600 font-semibold\">Sembrando Palabras<\/p>\n        <\/div>\n    <\/article>\n\n    <!-- Premio 9 -->\n    <article class=\"premio-card\">\n        <div class=\"premio-img-container\"\n            onclick=\"openModal('https:\/\/bellaclaraventura.com\/wp-content\/uploads\/2026\/08\/Certificado-de-honor-RioMarOceano.webp', 'Certificado de Honor')\">\n            <img decoding=\"async\" src=\"https:\/\/bellaclaraventura.com\/wp-content\/uploads\/2026\/08\/Certificado-de-honor-RioMarOceano.webp\"\n                alt=\"Certificado de Honor\" class=\"premio-img\">\n            <div class=\"zoom-icon\">\n                <svg xmlns=\"http:\/\/www.w3.org\/2000\/svg\" width=\"24\" height=\"24\" viewbox=\"0 0 24 24\" fill=\"none\"\n                    stroke=\"currentColor\" stroke-width=\"2\" stroke-linecap=\"round\" stroke-linejoin=\"round\">\n                    <circle cx=\"11\" cy=\"11\" r=\"8\"><\/circle>\n                    <line x1=\"21\" y1=\"21\" x2=\"16.65\" y2=\"16.65\"><\/line>\n                    <line x1=\"11\" y1=\"8\" x2=\"11\" y2=\"14\"><\/line>\n                    <line x1=\"8\" y1=\"11\" x2=\"14\" y2=\"11\"><\/line>\n                <\/svg>\n            <\/div>\n        <\/div>\n        <div class=\"premio-info\">\n            <h3 class=\"premio-titulo font-bold text-gray-800 mb-2\">Certificado de Honor<\/h3>\n            <p class=\"premio-entidad text-yellow-600 font-semibold\">Sembrando Palabras<\/p>\n        <\/div>\n    <\/article>\n\n<\/div>\n\t\t<\/div>\n\t<\/div>\n<\/div><\/div><div class=\"vc_tta-panel\" id=\"1786484111682-b3910b75-5605\" data-vc-content=\".vc_tta-panel-body\"><div class=\"vc_tta-panel-heading\"><h4 class=\"vc_tta-panel-title\"><a href=\"#1786484111682-b3910b75-5605\" data-vc-accordion data-vc-container=\".vc_tta-container\"><span class=\"vc_tta-title-text\">2026<\/span><\/a><\/h4><\/div><div class=\"vc_tta-panel-body\">\n\t<div class=\"wpb_raw_code wpb_raw_html wpb_content_element\" >\n\t\t<div class=\"wpb_wrapper\">\n\t\t\t<div class=\"premios-grid\">\n\n    <!-- Premio 1 -->\n    <article class=\"premio-card\">\n        <div class=\"premio-img-container\"\n            onclick=\"openModal('https:\/\/bellaclaraventura.com\/wp-content\/uploads\/2026\/08\/Brasil-Marzo-2026.webp', 'Concurso Internacional de Trovas Cl\u00e1sicas')\">\n            <img decoding=\"async\" src=\"https:\/\/bellaclaraventura.com\/wp-content\/uploads\/2026\/08\/Brasil-Marzo-2026.webp\"\n                alt=\"Concurso Internacional de Trovas Cl\u00e1sicas\" class=\"premio-img\">\n            <div class=\"zoom-icon\">\n                <svg xmlns=\"http:\/\/www.w3.org\/2000\/svg\" width=\"24\" height=\"24\" viewbox=\"0 0 24 24\" fill=\"none\"\n                    stroke=\"currentColor\" stroke-width=\"2\" stroke-linecap=\"round\" stroke-linejoin=\"round\">\n                    <circle cx=\"11\" cy=\"11\" r=\"8\"><\/circle>\n                    <line x1=\"21\" y1=\"21\" x2=\"16.65\" y2=\"16.65\"><\/line>\n                    <line x1=\"11\" y1=\"8\" x2=\"11\" y2=\"14\"><\/line>\n                    <line x1=\"8\" y1=\"11\" x2=\"14\" y2=\"11\"><\/line>\n                <\/svg>\n            <\/div>\n        <\/div>\n        <div class=\"premio-info\">\n            <h3 class=\"premio-titulo font-bold text-gray-800 mb-2\">Concurso Internacional de Trovas Cl\u00e1sicas<\/h3>\n            <p class=\"premio-entidad text-yellow-600 font-semibold\">Organizaci\u00f3n Mundial de Trovadores - OMT<\/p>\n        <\/div>\n    <\/article>\n\n    <!-- Premio 2 -->\n    <article class=\"premio-card\">\n        <div class=\"premio-img-container\"\n            onclick=\"openModal('https:\/\/bellaclaraventura.com\/wp-content\/uploads\/2026\/08\/Isla-Negra-Febrero-2026-2.webp', 'Participaci\u00f3n del libro &quot;Creadores&quot;')\">\n            <img decoding=\"async\" src=\"https:\/\/bellaclaraventura.com\/wp-content\/uploads\/2026\/08\/Isla-Negra-Febrero-2026-2.webp\"\n                alt=\"Participaci\u00f3n del libro &quot;Creadores&quot;\" class=\"premio-img\">\n            <div class=\"zoom-icon\">\n                <svg xmlns=\"http:\/\/www.w3.org\/2000\/svg\" width=\"24\" height=\"24\" viewbox=\"0 0 24 24\" fill=\"none\"\n                    stroke=\"currentColor\" stroke-width=\"2\" stroke-linecap=\"round\" stroke-linejoin=\"round\">\n                    <circle cx=\"11\" cy=\"11\" r=\"8\"><\/circle>\n                    <line x1=\"21\" y1=\"21\" x2=\"16.65\" y2=\"16.65\"><\/line>\n                    <line x1=\"11\" y1=\"8\" x2=\"11\" y2=\"14\"><\/line>\n                    <line x1=\"8\" y1=\"11\" x2=\"14\" y2=\"11\"><\/line>\n                <\/svg>\n            <\/div>\n        <\/div>\n        <div class=\"premio-info\">\n            <h3 class=\"premio-titulo font-bold text-gray-800 mb-2\">Participaci\u00f3n del libro \"Creadores\"<\/h3>\n            <p class=\"premio-entidad text-yellow-600 font-semibold\">Poetas del mundo<\/p>\n        <\/div>\n    <\/article>\n\n    <!-- Premio 3 -->\n    <article class=\"premio-card\">\n        <div class=\"premio-img-container\"\n            onclick=\"openModal('https:\/\/bellaclaraventura.com\/wp-content\/uploads\/2026\/08\/Isla-Negra-Marzo-2026.webp', 'Homenaje a la Mujer')\">\n            <img decoding=\"async\" src=\"https:\/\/bellaclaraventura.com\/wp-content\/uploads\/2026\/08\/Isla-Negra-Marzo-2026.webp\"\n                alt=\"Homenaje a la Mujer\" class=\"premio-img\">\n            <div class=\"zoom-icon\">\n                <svg xmlns=\"http:\/\/www.w3.org\/2000\/svg\" width=\"24\" height=\"24\" viewbox=\"0 0 24 24\" fill=\"none\"\n                    stroke=\"currentColor\" stroke-width=\"2\" stroke-linecap=\"round\" stroke-linejoin=\"round\">\n                    <circle cx=\"11\" cy=\"11\" r=\"8\"><\/circle>\n                    <line x1=\"21\" y1=\"21\" x2=\"16.65\" y2=\"16.65\"><\/line>\n                    <line x1=\"11\" y1=\"8\" x2=\"11\" y2=\"14\"><\/line>\n                    <line x1=\"8\" y1=\"11\" x2=\"14\" y2=\"11\"><\/line>\n                <\/svg>\n            <\/div>\n        <\/div>\n        <div class=\"premio-info\">\n            <h3 class=\"premio-titulo font-bold text-gray-800 mb-2\">Homenaje a la Mujer<\/h3>\n            <p class=\"premio-entidad text-yellow-600 font-semibold\">Poetas del Mundo<\/p>\n        <\/div>\n    <\/article>\n\n    <!-- Premio 4 -->\n    <article class=\"premio-card\">\n        <div class=\"premio-img-container\"\n            onclick=\"openModal('https:\/\/bellaclaraventura.com\/wp-content\/uploads\/2026\/08\/Sembrando-palabras-certificado-2026.webp', 'Certificado de Honor')\">\n            <img decoding=\"async\" src=\"https:\/\/bellaclaraventura.com\/wp-content\/uploads\/2026\/08\/Sembrando-palabras-certificado-2026.webp\"\n                alt=\"Certificado de Honor\" class=\"premio-img\">\n            <div class=\"zoom-icon\">\n                <svg xmlns=\"http:\/\/www.w3.org\/2000\/svg\" width=\"24\" height=\"24\" viewbox=\"0 0 24 24\" fill=\"none\"\n                    stroke=\"currentColor\" stroke-width=\"2\" stroke-linecap=\"round\" stroke-linejoin=\"round\">\n                    <circle cx=\"11\" cy=\"11\" r=\"8\"><\/circle>\n                    <line x1=\"21\" y1=\"21\" x2=\"16.65\" y2=\"16.65\"><\/line>\n                    <line x1=\"11\" y1=\"8\" x2=\"11\" y2=\"14\"><\/line>\n                    <line x1=\"8\" y1=\"11\" x2=\"14\" y2=\"11\"><\/line>\n                <\/svg>\n            <\/div>\n        <\/div>\n        <div class=\"premio-info\">\n            <h3 class=\"premio-titulo font-bold text-gray-800 mb-2\">Certificado de Honor<\/h3>\n            <p class=\"premio-entidad text-yellow-600 font-semibold\">Sembrando Palabras<\/p>\n        <\/div>\n    <\/article>\n\n    <!-- Premio 5 -->\n    <article class=\"premio-card\">\n        <div class=\"premio-img-container\"\n            onclick=\"openModal('https:\/\/bellaclaraventura.com\/wp-content\/uploads\/2026\/08\/Sembrando-palabras-febrero-2026.webp', 'Menci\u00f3n')\">\n            <img decoding=\"async\" src=\"https:\/\/bellaclaraventura.com\/wp-content\/uploads\/2026\/08\/Sembrando-palabras-febrero-2026.webp\"\n                alt=\"Menci\u00f3n\" class=\"premio-img\">\n            <div class=\"zoom-icon\">\n                <svg xmlns=\"http:\/\/www.w3.org\/2000\/svg\" width=\"24\" height=\"24\" viewbox=\"0 0 24 24\" fill=\"none\"\n                    stroke=\"currentColor\" stroke-width=\"2\" stroke-linecap=\"round\" stroke-linejoin=\"round\">\n                    <circle cx=\"11\" cy=\"11\" r=\"8\"><\/circle>\n                    <line x1=\"21\" y1=\"21\" x2=\"16.65\" y2=\"16.65\"><\/line>\n                    <line x1=\"11\" y1=\"8\" x2=\"11\" y2=\"14\"><\/line>\n                    <line x1=\"8\" y1=\"11\" x2=\"14\" y2=\"11\"><\/line>\n                <\/svg>\n            <\/div>\n        <\/div>\n        <div class=\"premio-info\">\n            <h3 class=\"premio-titulo font-bold text-gray-800 mb-2\">Menci\u00f3n<\/h3>\n            <p class=\"premio-entidad text-yellow-600 font-semibold\">Sembrando Palabras<\/p>\n        <\/div>\n    <\/article>\n\n    <!-- Premio 6 -->\n    <article class=\"premio-card\">\n        <div class=\"premio-img-container\"\n            onclick=\"openModal('https:\/\/bellaclaraventura.com\/wp-content\/uploads\/2026\/08\/Tema-solidaridad-abril-2026.webp', 'Menci\u00f3n Din\u00e1mica N\u00ba10')\">\n            <img decoding=\"async\" src=\"https:\/\/bellaclaraventura.com\/wp-content\/uploads\/2026\/08\/Tema-solidaridad-abril-2026.webp\"\n                alt=\"Menci\u00f3n Din\u00e1mica N\u00ba10\" class=\"premio-img\">\n            <div class=\"zoom-icon\">\n                <svg xmlns=\"http:\/\/www.w3.org\/2000\/svg\" width=\"24\" height=\"24\" viewbox=\"0 0 24 24\" fill=\"none\"\n                    stroke=\"currentColor\" stroke-width=\"2\" stroke-linecap=\"round\" stroke-linejoin=\"round\">\n                    <circle cx=\"11\" cy=\"11\" r=\"8\"><\/circle>\n                    <line x1=\"21\" y1=\"21\" x2=\"16.65\" y2=\"16.65\"><\/line>\n                    <line x1=\"11\" y1=\"8\" x2=\"11\" y2=\"14\"><\/line>\n                    <line x1=\"8\" y1=\"11\" x2=\"14\" y2=\"11\"><\/line>\n                <\/svg>\n            <\/div>\n        <\/div>\n        <div class=\"premio-info\">\n            <h3 class=\"premio-titulo font-bold text-gray-800 mb-2\">Menci\u00f3n Din\u00e1mica N\u00ba10<\/h3>\n            <p class=\"premio-entidad text-yellow-600 font-semibold\">Sembrando Palabras<\/p>\n        <\/div>\n    <\/article>\n\n<\/div>\n\t\t<\/div>\n\t<\/div>\n<\/div><\/div><\/div><\/div><\/div><\/div><div class=\"g5plus-space space-6a9bbe34c3c5d\" data-id=\"6a9bbe34c3c5d\" data-tablet=\"70\" data-tablet-portrait=\"60\" data-mobile=\"150\" data-mobile-landscape=\"50\" style=\"clear: both; display: block; height: 150px\"><\/div><\/div><\/div><\/div>\t\t\t\t\t\t\t<\/div>\n\t\t\t\n\t\t<\/div>\n\n<\/div>","protected":false},"excerpt":{"rendered":"198320032004200520062007200820102011201220202021202220232024202520261983 XX Encuentro nacional de escritores Fundaci\u00f3n cultural Jet\u00f3n Ferro 2003 Encuentro de Mujeres Poetas en la Mitad del Mundo La casa de la cultura ecuatoriana Encuentro de Mujeres Poetas [...]","protected":false},"author":1,"featured_media":0,"parent":0,"menu_order":0,"comment_status":"closed","ping_status":"closed","template":"","meta":{"rs_blank_template":"","rs_page_bg_color":"","slide_template_v7":"","footnotes":""},"class_list":["post-3500","page","type-page","status-publish","hentry"],"yoast_head":"<!-- This site is optimized with the Yoast SEO plugin v28.2 - https:\/\/yoast.com\/product\/yoast-seo-wordpress\/ -->\n<title>Premios y distinciones | Bella Clara Ventura<\/title>\n<meta name=\"description\" content=\"Conoce los premios y reconocimientos de Bella Clara Ventura, la poeta y escritora internacionalmente galardonada\" \/>\n<meta name=\"robots\" content=\"index, follow, max-snippet:-1, max-image-preview:large, max-video-preview:-1\" \/>\n<link rel=\"canonical\" href=\"https:\/\/bellaclaraventura.com\/fr\/premios-y-distinciones\/\" \/>\n<meta property=\"og:locale\" content=\"fr_FR\" \/>\n<meta property=\"og:type\" content=\"article\" \/>\n<meta property=\"og:title\" content=\"Premios y distinciones | Bella Clara Ventura\" \/>\n<meta property=\"og:description\" content=\"Conoce los premios y reconocimientos de Bella Clara Ventura, la poeta y escritora internacionalmente galardonada\" \/>\n<meta property=\"og:url\" content=\"https:\/\/bellaclaraventura.com\/fr\/premios-y-distinciones\/\" \/>\n<meta property=\"og:site_name\" content=\"Bella Clara Ventura\" \/>\n<meta property=\"article:publisher\" content=\"https:\/\/www.facebook.com\/bellaclaraventura\" \/>\n<meta property=\"article:modified_time\" content=\"2026-08-11T21:35:47+00:00\" \/>\n<meta name=\"twitter:card\" content=\"summary_large_image\" \/>\n<meta name=\"twitter:label1\" content=\"Dur\u00e9e de lecture estim\u00e9e\" \/>\n\t<meta name=\"twitter:data1\" content=\"43 minutes\" \/>\n<script type=\"application\/ld+json\" class=\"yoast-schema-graph\">{\"@context\":\"https:\\\/\\\/schema.org\",\"@graph\":[{\"@type\":\"WebPage\",\"@id\":\"https:\\\/\\\/bellaclaraventura.com\\\/premios-y-distinciones\\\/\",\"url\":\"https:\\\/\\\/bellaclaraventura.com\\\/premios-y-distinciones\\\/\",\"name\":\"Premios y distinciones | Bella Clara Ventura\",\"isPartOf\":{\"@id\":\"https:\\\/\\\/bellaclaraventura.com\\\/#website\"},\"datePublished\":\"2022-08-04T19:55:26+00:00\",\"dateModified\":\"2026-08-11T21:35:47+00:00\",\"description\":\"Conoce los premios y reconocimientos de Bella Clara Ventura, la poeta y escritora internacionalmente galardonada\",\"breadcrumb\":{\"@id\":\"https:\\\/\\\/bellaclaraventura.com\\\/premios-y-distinciones\\\/#breadcrumb\"},\"inLanguage\":\"fr-FR\",\"potentialAction\":[{\"@type\":\"ReadAction\",\"target\":[\"https:\\\/\\\/bellaclaraventura.com\\\/premios-y-distinciones\\\/\"]}]},{\"@type\":\"BreadcrumbList\",\"@id\":\"https:\\\/\\\/bellaclaraventura.com\\\/premios-y-distinciones\\\/#breadcrumb\",\"itemListElement\":[{\"@type\":\"ListItem\",\"position\":1,\"name\":\"Portada\",\"item\":\"https:\\\/\\\/bellaclaraventura.com\\\/\"},{\"@type\":\"ListItem\",\"position\":2,\"name\":\"Premios y distinciones detallado\"}]},{\"@type\":\"WebSite\",\"@id\":\"https:\\\/\\\/bellaclaraventura.com\\\/#website\",\"url\":\"https:\\\/\\\/bellaclaraventura.com\\\/\",\"name\":\"Bella Clara Ventura\",\"description\":\"Bella Clara Ventura es una reconocida poeta y novelista, autora de m\u00e1s de 40 libros publicados en varios idiomas. En su sitio web oficial, puedes sumergirte en su mundo po\u00e9tico, explorar su extensa obra, leer su blog y conocer las \u00faltimas novedades sobre sus premios y reconocimientos. \u00a1Descubre la magia de la literatura a trav\u00e9s de la pluma de Bella Clara Ventura.\",\"potentialAction\":[{\"@type\":\"SearchAction\",\"target\":{\"@type\":\"EntryPoint\",\"urlTemplate\":\"https:\\\/\\\/bellaclaraventura.com\\\/?s={search_term_string}\"},\"query-input\":{\"@type\":\"PropertyValueSpecification\",\"valueRequired\":true,\"valueName\":\"search_term_string\"}}],\"inLanguage\":\"fr-FR\"}]}<\/script>\n<!-- \/ Yoast SEO plugin. -->","yoast_head_json":{"title":"Premios y distinciones | Bella Clara Ventura","description":"Conoce los premios y reconocimientos de Bella Clara Ventura, la poeta y escritora internacionalmente galardonada","robots":{"index":"index","follow":"follow","max-snippet":"max-snippet:-1","max-image-preview":"max-image-preview:large","max-video-preview":"max-video-preview:-1"},"canonical":"https:\/\/bellaclaraventura.com\/fr\/premios-y-distinciones\/","og_locale":"fr_FR","og_type":"article","og_title":"Premios y distinciones | Bella Clara Ventura","og_description":"Conoce los premios y reconocimientos de Bella Clara Ventura, la poeta y escritora internacionalmente galardonada","og_url":"https:\/\/bellaclaraventura.com\/fr\/premios-y-distinciones\/","og_site_name":"Bella Clara Ventura","article_publisher":"https:\/\/www.facebook.com\/bellaclaraventura","article_modified_time":"2026-08-11T21:35:47+00:00","twitter_card":"summary_large_image","twitter_misc":{"Dur\u00e9e de lecture estim\u00e9e":"43 minutes"},"schema":{"@context":"https:\/\/schema.org","@graph":[{"@type":"WebPage","@id":"https:\/\/bellaclaraventura.com\/premios-y-distinciones\/","url":"https:\/\/bellaclaraventura.com\/premios-y-distinciones\/","name":"Premios y distinciones | Bella Clara Ventura","isPartOf":{"@id":"https:\/\/bellaclaraventura.com\/#website"},"datePublished":"2022-08-04T19:55:26+00:00","dateModified":"2026-08-11T21:35:47+00:00","description":"Conoce los premios y reconocimientos de Bella Clara Ventura, la poeta y escritora internacionalmente galardonada","breadcrumb":{"@id":"https:\/\/bellaclaraventura.com\/premios-y-distinciones\/#breadcrumb"},"inLanguage":"fr-FR","potentialAction":[{"@type":"ReadAction","target":["https:\/\/bellaclaraventura.com\/premios-y-distinciones\/"]}]},{"@type":"BreadcrumbList","@id":"https:\/\/bellaclaraventura.com\/premios-y-distinciones\/#breadcrumb","itemListElement":[{"@type":"ListItem","position":1,"name":"Portada","item":"https:\/\/bellaclaraventura.com\/"},{"@type":"ListItem","position":2,"name":"Premios y distinciones detallado"}]},{"@type":"WebSite","@id":"https:\/\/bellaclaraventura.com\/#website","url":"https:\/\/bellaclaraventura.com\/","name":"Bella Clara Ventura","description":"Bella Clara Ventura es una reconocida poeta y novelista, autora de m\u00e1s de 40 libros publicados en varios idiomas. En su sitio web oficial, puedes sumergirte en su mundo po\u00e9tico, explorar su extensa obra, leer su blog y conocer las \u00faltimas novedades sobre sus premios y reconocimientos. \u00a1Descubre la magia de la literatura a trav\u00e9s de la pluma de Bella Clara Ventura.","potentialAction":[{"@type":"SearchAction","target":{"@type":"EntryPoint","urlTemplate":"https:\/\/bellaclaraventura.com\/?s={search_term_string}"},"query-input":{"@type":"PropertyValueSpecification","valueRequired":true,"valueName":"search_term_string"}}],"inLanguage":"fr-FR"}]}},"_links":{"self":[{"href":"https:\/\/bellaclaraventura.com\/fr\/wp-json\/wp\/v2\/pages\/3500","targetHints":{"allow":["GET"]}}],"collection":[{"href":"https:\/\/bellaclaraventura.com\/fr\/wp-json\/wp\/v2\/pages"}],"about":[{"href":"https:\/\/bellaclaraventura.com\/fr\/wp-json\/wp\/v2\/types\/page"}],"author":[{"embeddable":true,"href":"https:\/\/bellaclaraventura.com\/fr\/wp-json\/wp\/v2\/users\/1"}],"replies":[{"embeddable":true,"href":"https:\/\/bellaclaraventura.com\/fr\/wp-json\/wp\/v2\/comments?post=3500"}],"version-history":[{"count":58,"href":"https:\/\/bellaclaraventura.com\/fr\/wp-json\/wp\/v2\/pages\/3500\/revisions"}],"predecessor-version":[{"id":4584,"href":"https:\/\/bellaclaraventura.com\/fr\/wp-json\/wp\/v2\/pages\/3500\/revisions\/4584"}],"wp:attachment":[{"href":"https:\/\/bellaclaraventura.com\/fr\/wp-json\/wp\/v2\/media?parent=3500"}],"curies":[{"name":"wp","href":"https:\/\/api.w.org\/{rel}","templated":true}]}}