{"id":383,"date":"2018-11-16T08:34:53","date_gmt":"2018-11-16T08:34:53","guid":{"rendered":"https:\/\/bellaclaraventura.com\/?page_id=383"},"modified":"2025-05-26T16:20:16","modified_gmt":"2025-05-26T21:20:16","slug":"home","status":"publish","type":"page","link":"https:\/\/bellaclaraventura.com\/fr\/","title":{"rendered":"Accueil"},"content":{"rendered":"<div class=\"wpb-content-wrapper\"><div class=\"vc_row wpb_row vc_row-fluid\">\n                                        <div class=\"gf-row-inner gf-container container\">\n                        <div class=\"wpb_column vc_column_container vc_col-sm-12\"><div class=\"vc_column-inner\"><div class=\"wpb_wrapper\">\n\t\t\t\t<p class=\"rs-p-wp-fix\"><\/p>\n\t\t\t\t<sr7-module data-alias=\"slider-1\" data-id=\"5\" id=\"SR7_5_1\" data-version=\"7.1.6\">\n\t\t\t\t\t<sr7-adjuster><\/sr7-adjuster>\n\t\t\t\t\t<sr7-content>\n\t\t\t\t\t\t<sr7-slide id=\"SR7_5_1-26\" data-key=\"26\">\n\t\t\t\t\t\t\t<sr7-bg id=\"SR7_5_1-26-4\" class=\"sr7-layer\"><noscript><img decoding=\"async\" src=\"https:\/\/bellaclaraventura.com\/wp-content\/uploads\/2026\/08\/Sed-y-hambre-de-vida-mk03-scaled.webp\" alt=\"\" title=\"Sed y hambre de vida-mk03\"><\/noscript><\/sr7-bg>\n\t\t\t\t\t\t\t<sr7-txt id=\"SR7_5_1-26-6\" class=\"sr7-layer\">Cada p\u00e1gina invita al lector<br \/>\na preguntarse qu\u00e9 significa<br \/>\nseguir creyendo en la vida<br \/>\ncuando todo parece derrumbarse.<\/sr7-txt>\n\t\t\t\t\t\t\t<a id=\"SR7_5_1-26-7\" class=\"sr7-layer\" href=\"https:\/\/bellaclaraventura.com\/product\/sed-y-hambre-de-vida\/\" target=\"_blank\">Ver m\u00e1s<\/a>\n\t\t\t\t\t\t<\/sr7-slide>\n\t\t\t\t\t\t<sr7-slide id=\"SR7_5_1-12\" data-key=\"12\">\n\t\t\t\t\t\t\t<sr7-txt id=\"SR7_5_1-12-16\" class=\"sr7-layer\">Poetizando<\/sr7-txt>\n\t\t\t\t\t\t\t<a id=\"SR7_5_1-12-20\" class=\"sr7-layer\" href=\"http:\/\/bellaclaraventura.com\/category\/poetizando\/\" target=\"_self\">Ver m\u00e1s<\/a>\n\t\t\t\t\t\t<\/sr7-slide>\n\t\t\t\t\t\t<sr7-slide id=\"SR7_5_1-10\" data-key=\"10\">\n\t\t\t\t\t\t\t<sr7-txt id=\"SR7_5_1-10-5\" class=\"sr7-layer\">Microentrevistas<\/sr7-txt>\n\t\t\t\t\t\t\t<sr7-txt id=\"SR7_5_1-10-6\" class=\"sr7-layer\">con Bella Clara<\/sr7-txt>\n\t\t\t\t\t\t\t<a id=\"SR7_5_1-10-15\" class=\"sr7-layer\" href=\"http:\/\/bellaclaraventura.com\/micro-entrevistas\/\" target=\"_self\">Ver m\u00e1s<\/a>\n\t\t\t\t\t\t<\/sr7-slide>\n\t\t\t\t\t\t<sr7-slide id=\"SR7_5_1-11\" data-key=\"11\">\n\t\t\t\t\t\t\t<sr7-txt id=\"SR7_5_1-11-8\" class=\"sr7-layer\">La mirada<br>de Ulisas<\/sr7-txt>\n\t\t\t\t\t\t\t<sr7-txt id=\"SR7_5_1-11-12\" class=\"sr7-layer\">Art\u00edculos de opini\u00f3n.<br>El Diario de Madrid<\/sr7-txt>\n\t\t\t\t\t\t\t<a id=\"SR7_5_1-11-13\" class=\"sr7-layer\" href=\"http:\/\/www.eldiariodemadrid.es\/tags\/bella-clara-ventura\/\" target=\"_blank\" rel=\"noopener\">Ver m\u00e1s <i class=\"fa-chevron-right\"><\/i><\/a>\n\t\t\t\t\t\t<\/sr7-slide>\n\t\t\t\t\t\t<sr7-slide id=\"SR7_5_1-24\" data-key=\"24\">\n\t\t\t\t\t\t\t<sr7-bg id=\"SR7_5_1-24-46\" class=\"sr7-layer\"><noscript><img decoding=\"async\" src=\"https:\/\/bellaclaraventura.com\/wp-content\/uploads\/2023\/11\/design-space-paper-textured-background-copia.webp\" alt=\"\" title=\"design-space-paper-textured-background copia\"><\/noscript><\/sr7-bg>\n\t\t\t\t\t\t\t<sr7-txt id=\"SR7_5_1-24-0\" class=\"sr7-layer\">Bella Clara Ventura.<\/sr7-txt>\n\t\t\t\t\t\t\t<sr7-txt id=\"SR7_5_1-24-7\" class=\"sr7-layer\">Premio al M\u00e9rito Literario<\/sr7-txt>\n\t\t\t\t\t\t\t<sr7-txt id=\"SR7_5_1-24-41\" class=\"sr7-layer\">3\u00aa entrega por el Gremio Po\u00e9tico Colombiano<\/sr7-txt>\n\t\t\t\t\t\t\t<a id=\"SR7_5_1-24-45\" class=\"sr7-layer\" href=\"http:\/\/bellaclaraventura.com\/el-gremio-poetico-colombiano-gpc-reconoce-y-honra-a-bella-clara\/\" target=\"_self\">Ver m\u00e1s<\/a>\n\t\t\t\t\t\t<\/sr7-slide>\n\t\t\t\t\t\t<sr7-slide id=\"SR7_5_1-25\" data-key=\"25\">\n\t\t\t\t\t\t\t<sr7-txt id=\"SR7_5_1-25-55\" class=\"sr7-layer\">Reh\u00e9n de<br>la memoria<\/sr7-txt>\n\t\t\t\t\t\t\t<sr7-txt id=\"SR7_5_1-25-56\" class=\"sr7-layer\">Edici\u00f3n 2025<\/sr7-txt>\n\t\t\t\t\t\t\t<a id=\"SR7_5_1-25-59\" class=\"sr7-layer\" href=\"http:\/\/bellaclaraventura.com\/re-edicion-rehen-de-la-memoria\/\" target=\"_blank\" rel=\"noopener\">Ver m\u00e1s<\/a>\n\t\t\t\t\t\t<\/sr7-slide>\n\t\t\t\t\t\t<sr7-slide id=\"SR7_5_1-19\" data-key=\"19\">\n\t\t\t\t\t\t<\/sr7-slide>\n\t\t\t\t\t<\/sr7-content>\n\t\t\t\t\t<image_lists style=\"display:none\">\n\t\t\t\t\t\t<img data-src=\"\/\/bellaclaraventura.com\/wp-content\/uploads\/revslider\/o\/5\/d6e2665216e714b1e217a8876098fc7c.webp\" data-libid=\"4038\" data-lib=\"medialibrary\" title=\"Isolated_collection_of_three_white_books copia\" width=\"0\" height=\"0\" data-dbsrc=\"Ly9iZWxsYWNsYXJhdmVudHVyYS5jb20vd3AtY29udGVudC91cGxvYWRzLzIwMjMvMTEvSXNvbGF0ZWRfY29sbGVjdGlvbl9vZl90aHJlZV93aGl0ZV9ib29rcy1jb3BpYS53ZWJw\"\/>\n\t\t\t\t\t\t<img data-src=\"\/\/bellaclaraventura.com\/wp-content\/uploads\/revslider\/o\/5\/be3acf1ad4e8d3ce3b70b6fb40f0d7bb.webp\" data-libid=\"4035\" data-lib=\"medialibrary\" title=\"design-space-paper-textured-background-rojo-990404\" width=\"0\" height=\"0\" data-dbsrc=\"Ly9iZWxsYWNsYXJhdmVudHVyYS5jb20vd3AtY29udGVudC91cGxvYWRzLzIwMjMvMTEvZGVzaWduLXNwYWNlLXBhcGVyLXRleHR1cmVkLWJhY2tncm91bmQtcm9qby05OTA0MDQud2VicA==\"\/>\n\t\t\t\t\t\t<img data-src=\"\/\/bellaclaraventura.com\/wp-content\/uploads\/revslider\/o\/5\/bf1445dad77aca6bba1338bdc93c5411.webp\" data-libid=\"3440\" data-lib=\"medialibrary\" title=\"Encuentro de poetas-RoldanilloValle-web\" width=\"0\" height=\"0\" data-dbsrc=\"Ly9iZWxsYWNsYXJhdmVudHVyYS5jb20vd3AtY29udGVudC91cGxvYWRzLzIwMjIvMDcvRW5jdWVudHJvLWRlLXBvZXRhcy1Sb2xkYW5pbGxvVmFsbGUtd2ViLmpwZw==\"\/>\n\t\t\t\t\t\t<img data-src=\"\/\/bellaclaraventura.com\/wp-content\/uploads\/revslider\/o\/5\/1a2dda87c7cd42b59faae1a314fd7b69.webp\" data-libid=\"3107\" data-lib=\"medialibrary\" title=\"_K6A5985 copia\" width=\"0\" height=\"0\" data-dbsrc=\"Ly9iZWxsYWNsYXJhdmVudHVyYS5jb20vd3AtY29udGVudC91cGxvYWRzLzIwMjIvMDUvSzZBNTk4NS1jb3BpYS5qcGc=\"\/>\n\t\t\t\t\t\t<img data-src=\"\/\/bellaclaraventura.com\/wp-content\/uploads\/2024\/01\/1-Portada slider Poetizando copia.jpg\" data-libid=\"4171\" title=\"Portada slider Poetizando copia\" width=\"0\" height=\"0\" data-dbsrc=\"Ly9iZWxsYWNsYXJhdmVudHVyYS5jb20vd3AtY29udGVudC91cGxvYWRzLzIwMjQvMDEvMS1Qb3J0YWRhIHNsaWRlciBQb2V0aXphbmRvIGNvcGlhLmpwZw==\"\/>\n\t\t\t\t\t\t<img data-src=\"\/\/bellaclaraventura.com\/wp-content\/uploads\/revslider\/o\/5\/b7750adb4b1e57c5cef14d7612099638.webp\" data-libid=\"4223\" data-lib=\"medialibrary\" title=\"Bella Clara Ventura &#8211; bajo el umbral-baja\" width=\"0\" height=\"0\" data-dbsrc=\"Ly9iZWxsYWNsYXJhdmVudHVyYS5jb20vd3AtY29udGVudC91cGxvYWRzLzIwMjQvMDEvQmVsbGEtQ2xhcmEtVmVudHVyYS1iYWpvLWVsLXVtYnJhbC1iYWphLndlYnA=\"\/>\n\t\t\t\t\t\t<img data-src=\"\/\/bellaclaraventura.com\/wp-content\/uploads\/revslider\/o\/5\/8ba3ff687702d24eb1e9a96546aa1552.webp\" data-libid=\"4233\" title=\"ContigoAprendi-S\" width=\"0\" height=\"0\" data-dbsrc=\"Ly9iZWxsYWNsYXJhdmVudHVyYS5jb20vd3AtY29udGVudC91cGxvYWRzLzIwMjQvMDEvMS1Db250aWdvQXByZW5kaS1TLnBuZw==\"\/>\n\t\t\t\t\t\t<img data-src=\"\/\/bellaclaraventura.com\/wp-content\/uploads\/revslider\/o\/5\/1e1aace115505e3ef405acaacbe7662e.webp\" data-libid=\"4242\" data-lib=\"medialibrary\" title=\"O6CBIH1 copia\" width=\"0\" height=\"0\" data-dbsrc=\"Ly9iZWxsYWNsYXJhdmVudHVyYS5jb20vd3AtY29udGVudC91cGxvYWRzLzIwMjQvMDIvTzZDQklIMS1jb3BpYS5wbmc=\"\/>\n\t\t\t\t\t\t<img data-src=\"\/\/bellaclaraventura.com\/wp-content\/uploads\/revslider\/o\/5\/cf01c4a2e09299741f67ac036a30c711.webp\" data-libid=\"4247\" data-lib=\"medialibrary\" title=\"Premio-Vesso-Dorado\" width=\"0\" height=\"0\" data-dbsrc=\"Ly9iZWxsYWNsYXJhdmVudHVyYS5jb20vd3AtY29udGVudC91cGxvYWRzLzIwMjQvMDMvUHJlbWlvLVZlc3NvLURvcmFkby5wbmc=\"\/>\n\t\t\t\t\t\t<img data-src=\"\/\/bellaclaraventura.com\/wp-content\/uploads\/revslider\/o\/5\/f948424765edb940104d7c18ac479180.webp\" data-libid=\"4289\" data-lib=\"medialibrary\" title=\"NaceSana\" width=\"0\" height=\"0\" data-dbsrc=\"Ly9iZWxsYWNsYXJhdmVudHVyYS5jb20vd3AtY29udGVudC91cGxvYWRzLzIwMjQvMDYvTmFjZVNhbmEucG5n\"\/>\n\t\t\t\t\t\t<img data-src=\"\/\/bellaclaraventura.com\/wp-content\/uploads\/2024\/07\/AnaisNin.webp\" data-libid=\"4327\" data-lib=\"medialibrary\" title=\"AnaisNin\" width=\"0\" height=\"0\" data-dbsrc=\"Ly9iZWxsYWNsYXJhdmVudHVyYS5jb20vd3AtY29udGVudC91cGxvYWRzLzIwMjQvMDcvQW5haXNOaW4ud2VicA==\"\/>\n\t\t\t\t\t\t<img data-src=\"\/\/bellaclaraventura.com\/wp-content\/uploads\/2024\/11\/3-POrtada-La sed del tiempo.jpg\" data-libid=\"4377\" title=\"POrtada-La sed del tiempo\" width=\"0\" height=\"0\" data-dbsrc=\"Ly9iZWxsYWNsYXJhdmVudHVyYS5jb20vd3AtY29udGVudC91cGxvYWRzLzIwMjQvMTEvMy1QT3J0YWRhLUxhIHNlZCBkZWwgdGllbXBvLmpwZw==\"\/>\n\t\t\t\t\t\t<img data-src=\"\/\/bellaclaraventura.com\/wp-content\/uploads\/2024\/11\/3-Afrodita en el alma.jpg\" data-libid=\"4378\" title=\"Afrodita en el alma\" width=\"0\" height=\"0\" data-dbsrc=\"Ly9iZWxsYWNsYXJhdmVudHVyYS5jb20vd3AtY29udGVudC91cGxvYWRzLzIwMjQvMTEvMy1BZnJvZGl0YSBlbiBlbCBhbG1hLmpwZw==\"\/>\n\t\t\t\t\t\t<img data-src=\"\/\/bellaclaraventura.com\/wp-content\/uploads\/2024\/11\/2-Afrodita%20en%20el%20alma.jpg\" data-libid=\"4376\" data-lib=\"medialibrary\" title=\"Afrodita en el alma\" width=\"0\" height=\"0\" data-dbsrc=\"Ly9iZWxsYWNsYXJhdmVudHVyYS5jb20vd3AtY29udGVudC91cGxvYWRzLzIwMjQvMTEvMi1BZnJvZGl0YSUyMGVuJTIwZWwlMjBhbG1hLmpwZw==\"\/>\n\t\t\t\t\t\t<img data-src=\"\/\/bellaclaraventura.com\/wp-content\/uploads\/revslider\/o\/5\/42b3f02c9f4264d4644f8c50567e7186.webp\" data-libid=\"4400\" data-lib=\"medialibrary\" title=\"POrtada-La sed del tiempo-img\" width=\"0\" height=\"0\" data-dbsrc=\"Ly9iZWxsYWNsYXJhdmVudHVyYS5jb20vd3AtY29udGVudC91cGxvYWRzLzIwMjQvMTEvUE9ydGFkYS1MYS1zZWQtZGVsLXRpZW1wby1pbWcuanBn\"\/>\n\t\t\t\t\t\t<img data-src=\"\/\/bellaclaraventura.com\/wp-content\/uploads\/revslider\/o\/5\/0a2559029c6d3105a51c8d144eb8f574.webp\" data-libid=\"4399\" data-lib=\"medialibrary\" title=\"5999\" width=\"0\" height=\"0\" data-dbsrc=\"Ly9iZWxsYWNsYXJhdmVudHVyYS5jb20vd3AtY29udGVudC91cGxvYWRzLzIwMjQvMTEvNTk5OS5wbmc=\"\/>\n\t\t\t\t\t\t<img data-src=\"\/\/bellaclaraventura.com\/wp-content\/uploads\/revslider\/o\/5\/8b8540bb05d2f5fbe83b7fcfec88a8fe.webp\" data-libid=\"4432\" title=\"Logo-VersoDorado\" width=\"0\" height=\"0\" data-dbsrc=\"Ly9iZWxsYWNsYXJhdmVudHVyYS5jb20vd3AtY29udGVudC91cGxvYWRzLzIwMjQvMTIvMS1Mb2dvLVZlcnNvRG9yYWRvLnBuZw==\"\/>\n\t\t\t\t\t\t<img data-src=\"\/\/bellaclaraventura.com\/wp-content\/uploads\/revslider\/o\/5\/4a1cc74b2069fc65edd4aceadb2f5838.webp\" data-libid=\"4434\" title=\"K6A6068\" width=\"0\" height=\"0\" data-dbsrc=\"Ly9iZWxsYWNsYXJhdmVudHVyYS5jb20vd3AtY29udGVudC91cGxvYWRzLzIwMjQvMTIvMS1LNkE2MDY4LXNjYWxlZC5qcGc=\"\/>\n\t\t\t\t\t\t<img data-src=\"\/\/bellaclaraventura.com\/wp-content\/uploads\/revslider\/o\/5\/85126337561defbee50a516e081b797f.webp\" data-libid=\"4034\" data-lib=\"medialibrary\" title=\"design-space-paper-textured-background copia\" width=\"0\" height=\"0\" data-dbsrc=\"Ly9iZWxsYWNsYXJhdmVudHVyYS5jb20vd3AtY29udGVudC91cGxvYWRzLzIwMjMvMTEvZGVzaWduLXNwYWNlLXBhcGVyLXRleHR1cmVkLWJhY2tncm91bmQtY29waWEud2VicA==\"\/>\n\t\t\t\t\t\t<img data-src=\"\/\/bellaclaraventura.com\/wp-content\/uploads\/revslider\/o\/5\/784516d94479e53d78ec76865a0cb30d.webp\" data-libid=\"4436\" data-lib=\"medialibrary\" title=\"Fondo-premio\" width=\"0\" height=\"0\" data-dbsrc=\"Ly9iZWxsYWNsYXJhdmVudHVyYS5jb20vd3AtY29udGVudC91cGxvYWRzLzIwMjUvMDEvRm9uZG8tcHJlbWlvLXNjYWxlZC5qcGc=\"\/>\n\t\t\t\t\t\t<img data-src=\"\/\/bellaclaraventura.com\/wp-content\/uploads\/2025\/03\/1-Rehen de la memoria v2025v2.jpg\" data-libid=\"4471\" title=\"Rehen de la memoria v2025v2\" width=\"0\" height=\"0\" data-dbsrc=\"Ly9iZWxsYWNsYXJhdmVudHVyYS5jb20vd3AtY29udGVudC91cGxvYWRzLzIwMjUvMDMvMS1SZWhlbiBkZSBsYSBtZW1vcmlhIHYyMDI1djIuanBn\"\/>\n\t\t\t\t\t\t<img data-src=\"\/\/bellaclaraventura.com\/wp-content\/uploads\/revslider\/o\/5\/2cae8737dd53e71371d7c73ed5aff77d.webp\" width=\"0\" height=\"0\" data-dbsrc=\"Ly9iZWxsYWNsYXJhdmVudHVyYS5jb20vd3AtY29udGVudC91cGxvYWRzLzIwMjYvMDgvU2VkLXktaGFtYnJlLWRlLXZpZGEtbWswMy1zY2FsZWQud2VicA==\"\/>\n\t\t\t\t\t<\/image_lists>\n\t\t\t\t<\/sr7-module>\n\t\t\t\t<script>\n\t\t\t\t\twindow.SR7??={}; SR7.PMH ??={}; SR7.PMH[\"SR7_5_1\"] = {cn:100,state:false,fn: function() { if (window._tpt!==undefined && window._tpt.prepareModuleHeight !== undefined) {  _tpt.prepareModuleHeight({id:\"SR7_5_1\",el:[582,582,582,582,300],type:'standard',gh:[900,900,900,900,300],gw:[1920,1920,1920,1920,480],vpt:['-200px'],size:{fullWidth:true, fullHeight:false},mh:'0',onh:0,onw:0,bg:{color:'{\"orig\":\"transparent\",\"type\":\"solid\",\"string\":\"transparent\"}'}});   SR7.PMH[\"SR7_5_1\"].state=true;} else if(SR7.PMH[\"SR7_5_1\"].cn-->0)\tsetTimeout( SR7.PMH[\"SR7_5_1\"].fn,19);}};SR7.PMH[\"SR7_5_1\" ].fn();\n\t\t\t\t<\/script>\n<\/div><\/div><\/div>\t\t\t\t\t\t\t<\/div>\n\t\t\t\n\t\t<\/div>\n\t\t<div id=\"fondoBellaClara\" class=\"vc_row wpb_row vc_row-fluid ocultar vc_custom_1699564339748 vc_row-has-fill gf-skin skin-dark\">\n                                        <div class=\"gf-row-inner gf-container container\">\n                        <div class=\"wpb_column vc_column_container vc_col-sm-12\"><div class=\"vc_column-inner\"><div class=\"wpb_wrapper\"><div class=\"g5plus-space space-6a9bb04c48c35\" data-id=\"6a9bb04c48c35\" data-tablet=\"500\" data-tablet-portrait=\"600\" data-mobile=\"300\" data-mobile-landscape=\"320\" style=\"clear: both; display: block; height: 1000px\"><\/div>    <div class=\"gf-heading gf-heading-style-1 heading-border-bottom mg-bottom-25 ocultar\">\n        <div class=\"gf-heading-inner gf-heading-6a9bb04c48d21 text-center justify-content-center\">\n                                                        <h4 class=\"heading-title\">Bella Clara Ventura<\/h4>\n                    <\/div>\n    <\/div>\n\n\t<div class=\"wpb_text_column wpb_content_element vc_hidden-xs\" >\n\t\t<div class=\"wpb_wrapper\">\n\t\t\t<p class=\"frase-i\" style=\"text-align: center; color: #efeede;\">\u00abSoy vela, ancla y vientos a babor\u00bb.<\/p>\n\n\t\t<\/div>\n\t<\/div>\n\n\t<div class=\"wpb_text_column wpb_content_element txt-soy vc_hidden-lg vc_hidden-md vc_hidden-sm\" >\n\t\t<div class=\"wpb_wrapper\">\n\t\t\t<p class=\"frase-i\" style=\"text-align: center; color: #efeede;\">\u00abSoy vela, ancla y vientos a babor\u00bb.<\/p>\n\n\t\t<\/div>\n\t<\/div>\n<\/div><\/div><\/div><div class=\"wpb_column vc_column_container vc_col-sm-10 vc_col-lg-offset-3 vc_col-lg-6 vc_col-md-offset-2 vc_col-md-8 vc_col-sm-offset-1\"><div class=\"vc_column-inner\"><div class=\"wpb_wrapper\"><div class=\"g5plus-space space-6a9bb04c49115\" data-id=\"6a9bb04c49115\" data-tablet=\"75\" data-tablet-portrait=\"65\" data-mobile=\"20\" data-mobile-landscape=\"55\" style=\"clear: both; display: block; height: 60px\"><\/div><\/div><\/div><\/div><div class=\"md-mg-bottom-40 ocultar wpb_column vc_column_container vc_col-sm-12 vc_col-md-4\"><div class=\"vc_column-inner\"><div class=\"wpb_wrapper\">    <div class=\"gf-heading gf-heading-style-3 mg-top-40 vc_custom_1644525570683\">\n        <div class=\"gf-heading-inner gf-heading-6a9bb04c49230 text-left justify-content-start\">\n                            <span class=\"heading-sub-title heading-color\">SOBRE M\u00cd<\/span>\n                                                        <h4 class=\"heading-title\"><a href=\"https:\/\/bellaclaraventura.com\/sobre-mi\/\" style=\"text-decoration: underline\">Bella Clara<\/a><\/h4>\n                    <\/div>\n    <\/div>\n\n\t<div class=\"wpb_text_column wpb_content_element vc_custom_1639338202684\" >\n\t\t<div class=\"wpb_wrapper\">\n\t\t\t<p class=\"fs-15\" style=\"max-width: 330px; color: #ffffff;\">He querido aportar un <em>grano de arena<\/em> al campo de la literatura. Por casi m\u00e1s de treinta a\u00f1os he creado historias, versos y personajes que, desde mis vivencias, sue\u00f1os y anhelos, han sido semilla de este \u00edmpetu que me invade e incita frecuentemente a escribir.<br \/>\nMis textos han viajado por el mundo a trav\u00e9s de diferentes <strong>Ferias del Libro<\/strong>, d\u00e1ndome la oportunidad de presentar y compartir mi obra con diversidad de p\u00fablicos que, ahora, se han convertido en mis c\u00f3mplices al concluir nuevas publicaciones.<\/p>\n\n\t\t<\/div>\n\t<\/div>\n\n\t<div  class=\"wpb_single_image wpb_content_element vc_align_left wpb_content_element\">\n\t\t\n\t\t<figure class=\"wpb_wrapper vc_figure\">\n\t\t\t<div class=\"vc_single_image-wrapper   vc_box_border_grey\"><\/div>\n\t\t<\/figure>\n\t<\/div>\n<\/div><\/div><\/div><div class=\"sm-mg-bottom-40 ocultar wpb_column vc_column_container vc_col-sm-6 vc_col-md-4\"><div class=\"vc_column-inner\"><div class=\"wpb_wrapper\">\n\t<div  class=\"wpb_single_image wpb_content_element vc_align_left wpb_content_element\">\n\t\t\n\t\t<figure class=\"wpb_wrapper vc_figure\">\n\t\t\t<div class=\"vc_single_image-wrapper   vc_box_border_grey\"><img decoding=\"async\" class=\"vc_single_image-img \" src=\"https:\/\/bellaclaraventura.com\/wp-content\/uploads\/2022\/07\/baeb1c5c-f29f-408b-affc-81f1fca156f6-copia-370x570.jpg\" width=\"370\" height=\"570\" alt=\"Bella Clara Con Cervantes\" title=\"Bella Clara Con Cervantes\" loading=\"lazy\" \/><\/div>\n\t\t<\/figure>\n\t<\/div>\n<\/div><\/div><\/div><div class=\"mg-top-55 md-mg-top-0 ocultar wpb_column vc_column_container vc_col-sm-6 vc_col-md-4\"><div class=\"vc_column-inner\"><div class=\"wpb_wrapper\"><div  class=\"vc_wp_text wpb_content_element\"><div class=\"widget widget_text\">\t\t\t<div class=\"textwidget\"><\/p>\n<p style=\"font-family: 'Libre Baskerville', serif; font-size: 2.8em; line-height: 1.2em; margin: 0; color: #fff; text-decoration: underline;\"><a href=\"https:\/\/bellaclaraventura.com\/product\/escritura-de-luz\/\">Escritura de luz.<\/a><\/p>\n<p style=\"font-family: 'Libre Baskerville', serif; font-size: 1.3em; line-height: 1.2em; margin: 0; color: #ffffff;\">Vida y obra de Bella Clara Ventura.<\/p>\n<p>\n<\/div>\n\t\t<\/div><\/div><div  class=\"vc_wp_text wpb_content_element\"><div class=\"widget widget_text\">\t\t\t<div class=\"textwidget\"><\/p>\n<p style=\"font-size: .8em; margin: 0; line-height: 1.1em; color: #ffffff;\">Cecilia Castro Lee y Carlos V\u00e1squez-Zawadzki (eds.)<\/p>\n<p>\n<\/div>\n\t\t<\/div><\/div><div  class=\"vc_wp_text wpb_content_element\"><div class=\"widget widget_text\">\t\t\t<div class=\"textwidget\"><\/p>\n<p style=\"font-family: 'Libre Baskerville', serif; font-size: 1em; font-style: italic; margin: 0 0 15px; color: #ffffff;\">Sial \/ Trivium<\/p>\n<p>\n<\/div>\n\t\t<\/div><\/div>\n\t<div  class=\"wpb_single_image wpb_content_element vc_align_left wpb_content_element\">\n\t\t\n\t\t<figure class=\"wpb_wrapper vc_figure\">\n\t\t\t<div class=\"vc_single_image-wrapper   vc_box_border_grey\"><img loading=\"lazy\" decoding=\"async\" width=\"732\" height=\"570\" src=\"https:\/\/bellaclaraventura.com\/wp-content\/uploads\/2021\/11\/WhatsApp-Image-2021-08-27-at-10.51.27-AM-copia.jpg\" class=\"vc_single_image-img attachment-full\" alt=\"\" title=\"Bella Clara Ventura - hablando\" srcset=\"https:\/\/bellaclaraventura.com\/wp-content\/uploads\/2021\/11\/WhatsApp-Image-2021-08-27-at-10.51.27-AM-copia.jpg 732w, https:\/\/bellaclaraventura.com\/wp-content\/uploads\/2021\/11\/WhatsApp-Image-2021-08-27-at-10.51.27-AM-copia-300x234.jpg 300w, https:\/\/bellaclaraventura.com\/wp-content\/uploads\/2021\/11\/WhatsApp-Image-2021-08-27-at-10.51.27-AM-copia-600x467.jpg 600w\" sizes=\"auto, (max-width: 732px) 100vw, 732px\" \/><\/div>\n\t\t<\/figure>\n\t<\/div>\n<\/div><\/div><\/div><div class=\"wpb_column vc_column_container vc_col-sm-12\"><div class=\"vc_column-inner\"><div class=\"wpb_wrapper\"><div class=\"g5plus-space space-6a9bb04c4a0b1\" data-id=\"6a9bb04c4a0b1\" data-tablet=\"110\" data-tablet-portrait=\"90\" data-mobile=\"70\" data-mobile-landscape=\"80\" style=\"clear: both; display: block; height: 132px\"><\/div><\/div><\/div><\/div>\t\t\t\t\t\t\t<\/div>\n\t\t\t\n\t\t<\/div>\n\t\t<div class=\"vc_row wpb_row vc_row-fluid vc_custom_1699564223061 vc_row-has-fill gf-skin skin-dark\">\n                                        <div class=\"gf-row-inner gf-container container\">\n                        <div class=\"wpb_column vc_column_container vc_col-sm-12\"><div class=\"vc_column-inner\"><div class=\"wpb_wrapper\"><div class=\"g5plus-space space-6a9bb04c4a34d\" data-id=\"6a9bb04c4a34d\" data-tablet=\"80\" data-tablet-portrait=\"100\" data-mobile=\"150\" data-mobile-landscape=\"100\" style=\"clear: both; display: block; height: 50px\"><\/div>    <div class=\"gf-heading gf-heading-style-1 heading-border-bottom mg-bottom-25 ocultar\">\n        <div class=\"gf-heading-inner gf-heading-6a9bb04c4a3c4 text-center justify-content-center\">\n                                                        <h4 class=\"heading-title\">Bella Clara Ventura<\/h4>\n                    <\/div>\n    <\/div>\n<div class=\"vc_empty_space  ocultar\"   style=\"height: 32px\"><span class=\"vc_empty_space_inner\"><\/span><\/div>\n\t<div class=\"wpb_text_column wpb_content_element\" >\n\t\t<div class=\"wpb_wrapper\">\n\t\t\t<p class=\"parrafo-i\" style=\"text-align: center; color: #efeede;\">Poeta y novelista con m\u00e1s de 40 libros publicados en varios idiomas.<br \/>\nSe reconoce como ciudadana del mundo. Galardonada y premiada por diversos<br \/>\norganismos e instituciones literarias y promotoras de la paz.<\/p>\n\n\t\t<\/div>\n\t<\/div>\n\n\t<div class=\"wpb_text_column wpb_content_element vc_hidden-xs\" >\n\t\t<div class=\"wpb_wrapper\">\n\t\t\t<p class=\"frase-i\" style=\"text-align: center; color: #efeede; line-height: 2.5em;\">\u00abSoy vela, ancla y vientos a babor\u00bb.<\/p>\n\n\t\t<\/div>\n\t<\/div>\n\n\t<div class=\"wpb_text_column wpb_content_element txt-soy vc_hidden-lg vc_hidden-md vc_hidden-sm\" >\n\t\t<div class=\"wpb_wrapper\">\n\t\t\t<p class=\"frase-i\" style=\"text-align: center; color: #efeede;\">\u00abSoy vela, ancla y vientos a babor\u00bb.<\/p>\n\n\t\t<\/div>\n\t<\/div>\n\n\t<div class=\"wpb_text_column wpb_content_element\" >\n\t\t<div class=\"wpb_wrapper\">\n\t\t\t<p class=\"parrafo-i\" style=\"text-align: center; color: #efeede; font-size: 1.2em;\">Te invito a conocer mis novelas y libros de poes\u00eda que encontrar\u00e1s referenciados en esta p\u00e1gina<br \/>\nweb, as\u00ed como a que ingreses a mi blog y novedades, cont\u00e1ctame en mi <a style=\"color: white; text-decoration: underline;\" href=\"https:\/\/www.facebook.com\/bellaclaraventura\" target=\"_blank\" rel=\"noopener\">Facebook<\/a>.<\/p>\n\n\t\t<\/div>\n\t<\/div>\n<div class=\"g5plus-space space-6a9bb04c4a71d\" data-id=\"6a9bb04c4a71d\" data-tablet=\"110\" data-tablet-portrait=\"90\" data-mobile=\"70\" data-mobile-landscape=\"80\" style=\"clear: both; display: block; height: 50px\"><\/div><\/div><\/div><\/div>\t\t\t\t\t\t\t<\/div>\n\t\t\t\n\t\t<\/div>\n\t\t<div class=\"vc_row wpb_row vc_row-fluid ocultar vc_custom_1704470405547 vc_row-has-fill\">\n                                        <div class=\"gf-row-inner gf-container container\">\n                        <div class=\"wpb_column vc_column_container vc_col-sm-10 vc_col-lg-offset-3 vc_col-lg-6 vc_col-md-offset-2 vc_col-md-8 vc_col-sm-offset-1\"><div class=\"vc_column-inner\"><div class=\"wpb_wrapper\"><div class=\"g5plus-space space-6a9bb04c4a962\" data-id=\"6a9bb04c4a962\" data-tablet=\"60\" data-tablet-portrait=\"55\" data-mobile=\"50\" data-mobile-landscape=\"50\" style=\"clear: both; display: block; height: 65px\"><\/div>    <div class=\"gf-heading gf-heading-style-3 vc_custom_1704471024798\">\n        <div class=\"gf-heading-inner gf-heading-6a9bb04c4a9c5 text-center justify-content-center\">\n                                                        <h4 class=\"heading-title\">Blog<\/h4>\n                    <\/div>\n    <\/div>\n<\/div><\/div><\/div>\t\t\t\t\t\t\t<\/div>\n\t\t\t\n\t\t<\/div>\n\t\t<div class=\"vc_row wpb_row vc_row-fluid ocultar vc_custom_1704470339633 vc_row-has-fill\">\n                                        <div class=\"gf-row-inner gf-container container\">\n                        <div class=\"wpb_column vc_column_container vc_col-sm-12\"><div class=\"vc_column-inner\"><div class=\"wpb_wrapper\"><div class=\"g5plus-space space-6a9bb04c4ac92\" data-id=\"6a9bb04c4ac92\" data-tablet=\"60\" data-tablet-portrait=\"55\" data-mobile=\"50\" data-mobile-landscape=\"50\" style=\"clear: both; display: block; height: 65px\"><\/div>\n<div class=\"vc_grid-container-wrapper vc_clearfix vc_grid-animation-fadeIn\" id=\"prueba-id\">\n\t<div class=\"vc_grid-container vc_clearfix wpb_content_element vc_basic_grid prueba-class\" data-initial-loading-animation=\"fadeIn\" data-vc-grid-settings=\"{&quot;page_id&quot;:383,&quot;style&quot;:&quot;pagination&quot;,&quot;action&quot;:&quot;vc_get_vc_grid_data&quot;,&quot;shortcode_id&quot;:&quot;1748294327485-6f246078-96a4-4&quot;,&quot;items_per_page&quot;:&quot;4&quot;,&quot;auto_play&quot;:true,&quot;gap&quot;:30,&quot;speed&quot;:3000,&quot;loop&quot;:&quot;&quot;,&quot;animation_in&quot;:&quot;&quot;,&quot;animation_out&quot;:&quot;&quot;,&quot;arrows_design&quot;:&quot;vc_arrow-icon-arrow_02_left&quot;,&quot;arrows_color&quot;:&quot;juicy_pink&quot;,&quot;arrows_position&quot;:&quot;outside&quot;,&quot;paging_design&quot;:&quot;radio_dots&quot;,&quot;paging_color&quot;:&quot;juicy_pink&quot;,&quot;tag&quot;:&quot;vc_basic_grid&quot;}\" data-vc-request=\"https:\/\/bellaclaraventura.com\/wp-admin\/admin-ajax.php\" data-vc-post-id=\"383\" data-vc-public-nonce=\"3c3eef3e08\">\n\t\t\n\t<\/div>\n<\/div><\/div><\/div><\/div>\t\t\t\t\t\t\t<\/div>\n\t\t\t\n\t\t<\/div>\n\t\t<div class=\"vc_row wpb_row vc_row-fluid\">\n                                        <div class=\"gf-row-inner gf-container-fluid\">\n                        <div class=\"wpb_column vc_column_container vc_col-sm-12\"><div class=\"vc_column-inner vc_custom_1652390676311\"><div class=\"wpb_wrapper\">\n\t<div class=\"wpb_raw_code wpb_raw_html wpb_content_element ocultar\" >\n\t\t<div class=\"wpb_wrapper\">\n\t\t\t<a class=\"link-b\" href=\"https:\/\/lacolmena.website\/bellav\/\">\n        <div class=\"contenedor-menu\">\n            <img decoding=\"async\" src=\"https:\/\/bellaclaraventura.com\/wp-content\/uploads\/2022\/11\/fondo-banner-colmena.webp\">\n            <div class=\"fondo\">\n                <div class=\"margin-cont\">\n                    <div class=\"cont-img\">\n                        <img decoding=\"async\" src=\"https:\/\/bellaclaraventura.com\/wp-content\/uploads\/2022\/11\/Futbol-a-mi-manera-concebido.jpg\" alt=\"\">\n                    <\/div>\n                    <div class=\"cont-text\">\n                        <div>\n                            <h2><span><strong>La Colmena<\/strong><\/span><br>Comunidad de Autores:<\/h2>\n                            <p>\u00daltimo relato leer aqu\u00ed.<\/p>\n                            <h3>F\u00fatbol, a mi manera concebido<\/h3>\n                            <!-- <h6>Leer aqu\u00ed.<\/h6> -->\n                        <\/div>\n                    <\/div>\n                <\/div>\n            <\/div>\n        <\/div>\n    <\/a>\n\t\t<\/div>\n\t<\/div>\n<\/div><\/div><\/div>\t\t\t\t\t\t\t<\/div>\n\t\t\t\n\t\t<\/div>\n\t\t<div class=\"vc_row wpb_row vc_row-fluid vc_custom_1542614572733 vc_row-has-fill\">\n                                        <div class=\"gf-row-inner gf-container container\">\n                        <div class=\"wpb_column vc_column_container vc_col-sm-10 vc_col-lg-offset-3 vc_col-lg-6 vc_col-md-offset-2 vc_col-md-8 vc_col-sm-offset-1\"><div class=\"vc_column-inner\"><div class=\"wpb_wrapper\"><div class=\"g5plus-space space-6a9bb04c4b1bb\" data-id=\"6a9bb04c4b1bb\" data-tablet=\"60\" data-tablet-portrait=\"55\" data-mobile=\"50\" data-mobile-landscape=\"50\" style=\"clear: both; display: block; height: 65px\"><\/div><div class=\"g5plus-space space-6a9bb04c4b2ae\" data-id=\"6a9bb04c4b2ae\" data-tablet=\"60\" data-tablet-portrait=\"55\" data-mobile=\"50\" data-mobile-landscape=\"50\" style=\"clear: both; display: block; height: 65px\"><\/div>    <div class=\"gf-heading gf-heading-style-3 vc_custom_1704471160682\">\n        <div class=\"gf-heading-inner gf-heading-6a9bb04c4b30d text-center justify-content-center\">\n                                                        <h4 class=\"heading-title\">Libros<\/h4>\n                    <\/div>\n    <\/div>\n<\/div><\/div><\/div>\t\t\t\t\t\t\t<\/div>\n\t\t\t\n\t\t<\/div>\n\t\t<div class=\"vc_row wpb_row vc_row-fluid lg-pd-left-right-0 vc_custom_1672178502866 vc_row-has-fill\">\n                                        <div class=\"gf-row-inner gf-container-fluid\">\n                        <div class=\"wpb_column vc_column_container vc_col-sm-12\"><div class=\"vc_column-inner\"><div class=\"wpb_wrapper\"><div class=\"g5plus-space space-6a9bb04c4b5ba\" data-id=\"6a9bb04c4b5ba\" data-tablet=\"50\" data-tablet-portrait=\"45\" data-mobile=\"40\" data-mobile-landscape=\"40\" style=\"clear: both; display: block; height: 55px\"><\/div><div class=\"woocommerce gsf-products cate-filter-left clearfix\">\n    <div data-items-wrapper=\"104489215\" class=\"products clearfix\">\n        <div data-owl-options='{\"items\":6,\"margin\":0,\"slideBy\":6,\"dots\":false,\"nav\":false,\"responsive\":{\"1200\":{\"items\":6,\"slideBy\":6},\"992\":{\"items\":4,\"slideBy\":4},\"768\":{\"items\":3,\"slideBy\":3},\"576\":{\"items\":2,\"slideBy\":2},\"0\":{\"items\":1,\"slideBy\":1}},\"autoHeight\":true,\"autoplay\":false,\"autoplayTimeout\":5000}' data-items-container=\"true\" class=\"gf-blog-inner clearfix layout-grid owl-carousel owl-theme gsf-slider-container item-gutter-30 product-has-sidebar\">\n<article class=\"clearfix product-item-wrap product-content-product product type-product post-113 status-publish first instock product_cat-poesia has-post-thumbnail shipping-taxable product-type-simple\">\n    <div class=\"product-item-inner clearfix\">\n                <div class=\"product-thumb\">\n                            <div class=\"product-thumb-one\">\n            <div class=\"entry-thumbnail\">\n        \n                \n                    <a class=\"entry-thumbnail-overlay\" href=\"https:\/\/bellaclaraventura.com\/fr\/product\/oasisdeundespertar\/\" title=\"Oasis de un despertar\">\n                <img loading=\"lazy\" decoding=\"async\" width=\"330\" style=\"width:330px\" height=\"462\" data-original=\"https:\/\/bellaclaraventura.com\/wp-content\/uploads\/2018\/11\/OasisDeUnDespertar-330x462.jpg\" src=\"https:\/\/bellaclaraventura.com\/wp-content\/uploads\/2018\/11\/OasisDeUnDespertar-20x28.jpg\" class=\"img-responsive wp-post-image gf-lazy\" alt=\"Bella Clara Ventura &#8211; Oasis De Un Despertar\">\n            <\/a>\n            <\/div>\n\n\n        <\/div>\n    \n                                    <div class=\"product-actions gf-tooltip-wrap\"\n                 data-tooltip-options='{\"placement\":\"left\"}'>\n                <a data-toggle=\"tooltip\" title=\"Quick view\" class=\"product-quick-view no-animation\" data-product_id=\"113\" href=\"https:\/\/bellaclaraventura.com\/fr\/product\/oasisdeundespertar\/\"><i class=\"fal fa-search\"><\/i><\/a>            <\/div>\n\n        <\/div>\n        <div class=\"product-info\">\n            <h4 class=\"product-name product_title\">\n    <a class=\"gsf-link\" href=\"https:\/\/bellaclaraventura.com\/fr\/product\/oasisdeundespertar\/\">Oasis de un despertar<\/a>\n<\/h4>\n\n            <div class=\"product-description\">\n                <p>Sin duda, <em>Oasis de un despertar, <\/em>es la obra m\u00e1s intima y profunda de Bella Clara Ventura. Es al mismo tiempo la ronda de los siglos y el paseo de la poeta por el d\u00eda de la iniciaci\u00f3n. Es el poemario esperado de una escritora que nos tiene acostumbrados a gozar de su obra. Pero aqu\u00ed abre las puertas cerradas, descubre el fuego de los pactos y enciende la higuera del amor. Nadie que ame la vida, guste de la poes\u00eda y se quiera mirar en el espejo de la historia, debe dejar de leer y releer este libro. A veces me pregunto \u00bfpara qu\u00e9 escribimos? Bella Clara Ventura, nos ofrece una respuesta, un libro que seguramente muchas madres leer\u00e1n a sus hijos.<\/p>\n<p>Profesor Ernesto Kahan (Premio Nobel 1985)<\/p>\n            <\/div>\n                        <div class=\"product-list-actions d-flex align-items-center flex-wrap\">\n                <a data-toggle=\"tooltip\" title=\"Quick view\" class=\"product-quick-view no-animation\" data-product_id=\"113\" href=\"https:\/\/bellaclaraventura.com\/fr\/product\/oasisdeundespertar\/\"><i class=\"fal fa-search\"><\/i><\/a>            <\/div>\n        <\/div>\n            <\/div>\n<\/article>\n\n<article class=\"clearfix product-item-wrap product-content-product product type-product post-2218 status-publish instock product_cat-poesia has-post-thumbnail shipping-taxable product-type-simple\">\n    <div class=\"product-item-inner clearfix\">\n                <div class=\"product-thumb\">\n                            <div class=\"product-thumb-one\">\n            <div class=\"entry-thumbnail\">\n        \n                \n                    <a class=\"entry-thumbnail-overlay\" href=\"https:\/\/bellaclaraventura.com\/fr\/product\/diaspora-y-asombro\/\" title=\"Di\u00e1spora y asombro\">\n                <img loading=\"lazy\" decoding=\"async\" width=\"330\" style=\"width:330px\" height=\"462\" data-original=\"https:\/\/bellaclaraventura.com\/wp-content\/uploads\/2021\/12\/202106021227-1-1-copia-2-330x462.jpg\" src=\"https:\/\/bellaclaraventura.com\/wp-content\/uploads\/2021\/12\/202106021227-1-1-copia-2-20x28.jpg\" class=\"img-responsive wp-post-image gf-lazy\" alt=\"Bella Clara Ventura &#8211; Diaspora y asombro\">\n            <\/a>\n            <\/div>\n\n\n        <\/div>\n    \n                                    <div class=\"product-actions gf-tooltip-wrap\"\n                 data-tooltip-options='{\"placement\":\"left\"}'>\n                <a data-toggle=\"tooltip\" title=\"Quick view\" class=\"product-quick-view no-animation\" data-product_id=\"2218\" href=\"https:\/\/bellaclaraventura.com\/fr\/product\/diaspora-y-asombro\/\"><i class=\"fal fa-search\"><\/i><\/a>            <\/div>\n\n        <\/div>\n        <div class=\"product-info\">\n            <h4 class=\"product-name product_title\">\n    <a class=\"gsf-link\" href=\"https:\/\/bellaclaraventura.com\/fr\/product\/diaspora-y-asombro\/\">Di\u00e1spora y asombro<\/a>\n<\/h4>\n\n            <div class=\"product-description\">\n                <p>Bella Clara Ventura, su encuentro con la poes\u00eda no es casual como no lo es nada en su vida. Hace desv\u00edos para llegar a ella, luego de unos cuantos puertos a su alcance. La poes\u00eda le llega como un canto de su alma. Al abrir este nuevo canal mantiene una comunicaci\u00f3n con su yo interno como su m\u00e1s fiel compa\u00f1ero de vida. Con voz propia y ritmos nuevos sus sue\u00f1os alados se vuelven poes\u00eda.<\/p>\n            <\/div>\n                        <div class=\"product-list-actions d-flex align-items-center flex-wrap\">\n                <a data-toggle=\"tooltip\" title=\"Quick view\" class=\"product-quick-view no-animation\" data-product_id=\"2218\" href=\"https:\/\/bellaclaraventura.com\/fr\/product\/diaspora-y-asombro\/\"><i class=\"fal fa-search\"><\/i><\/a>            <\/div>\n        <\/div>\n            <\/div>\n<\/article>\n\n<article class=\"clearfix product-item-wrap product-content-product product type-product post-3334 status-publish instock product_cat-poesia has-post-thumbnail shipping-taxable product-type-simple\">\n    <div class=\"product-item-inner clearfix\">\n                <div class=\"product-thumb\">\n                            <div class=\"product-thumb-one\">\n            <div class=\"entry-thumbnail\">\n        \n                \n                    <a class=\"entry-thumbnail-overlay\" href=\"https:\/\/bellaclaraventura.com\/fr\/product\/passion-en-arc-en-ciel\/\" title=\"Passion en Arc-en-ciel\">\n                <img loading=\"lazy\" decoding=\"async\" width=\"330\" style=\"width:330px\" height=\"462\" data-original=\"https:\/\/bellaclaraventura.com\/wp-content\/uploads\/2022\/07\/Passion-ne-arc-en-ciel-330x462.jpg\" src=\"https:\/\/bellaclaraventura.com\/wp-content\/uploads\/2022\/07\/Passion-ne-arc-en-ciel-20x28.jpg\" class=\"img-responsive wp-post-image gf-lazy\" alt=\"Passion ne arc-en-ciel\">\n            <\/a>\n            <\/div>\n\n\n        <\/div>\n    \n                                    <div class=\"product-actions gf-tooltip-wrap\"\n                 data-tooltip-options='{\"placement\":\"left\"}'>\n                <a data-toggle=\"tooltip\" title=\"Quick view\" class=\"product-quick-view no-animation\" data-product_id=\"3334\" href=\"https:\/\/bellaclaraventura.com\/fr\/product\/passion-en-arc-en-ciel\/\"><i class=\"fal fa-search\"><\/i><\/a>            <\/div>\n\n        <\/div>\n        <div class=\"product-info\">\n            <h4 class=\"product-name product_title\">\n    <a class=\"gsf-link\" href=\"https:\/\/bellaclaraventura.com\/fr\/product\/passion-en-arc-en-ciel\/\">Passion en Arc-en-ciel<\/a>\n<\/h4>\n\n            <div class=\"product-description\">\n                <p>En tiempos de convulsiones y tanto dolor, el amor se impone. La voz de un \u00e1ngel con el viaje alado al mejor sentimiento. M\u00fasica que resuena con pasi\u00f3n. La colecci\u00f3n: \u201c<em>Passion en Arc-en-ciel<\/em>\u201d revela todos los colores. Se encuentran para seducirnos con el resplandor de la pasi\u00f3n. Bonita forma de ver la vida. Para tomar de la poes\u00eda su perfume y regar nuestros corazones con la ternura de las caricias y el aire de los abrazos. Confluyen en los versos de Bella Clara Ventura bajo la sonrisa de las estrellas y los aplausos del cielo. Afrodita, Venus y t\u00fa lo presenciar\u00e1n.<\/p>\n            <\/div>\n                        <div class=\"product-list-actions d-flex align-items-center flex-wrap\">\n                <a data-toggle=\"tooltip\" title=\"Quick view\" class=\"product-quick-view no-animation\" data-product_id=\"3334\" href=\"https:\/\/bellaclaraventura.com\/fr\/product\/passion-en-arc-en-ciel\/\"><i class=\"fal fa-search\"><\/i><\/a>            <\/div>\n        <\/div>\n            <\/div>\n<\/article>\n\n<article class=\"clearfix product-item-wrap product-content-product product type-product post-116 status-publish last instock product_cat-narrativa has-post-thumbnail shipping-taxable product-type-simple\">\n    <div class=\"product-item-inner clearfix\">\n                <div class=\"product-thumb\">\n                            <div class=\"product-thumb-one\">\n            <div class=\"entry-thumbnail\">\n        \n                \n                    <a class=\"entry-thumbnail-overlay\" href=\"https:\/\/bellaclaraventura.com\/fr\/product\/lavozdelaviolencia\/\" title=\"La voz de la violencia\">\n                <img loading=\"lazy\" decoding=\"async\" width=\"330\" style=\"width:330px\" height=\"462\" data-original=\"https:\/\/bellaclaraventura.com\/wp-content\/uploads\/2018\/11\/la-voz-de-la-violencia-min-es-330x462.jpg\" src=\"https:\/\/bellaclaraventura.com\/wp-content\/uploads\/2018\/11\/la-voz-de-la-violencia-min-es-20x28.jpg\" class=\"img-responsive wp-post-image gf-lazy\" alt=\"Bella Clara Ventura &#8211; la voz de la violencia-min-es\">\n            <\/a>\n            <\/div>\n\n\n        <\/div>\n    \n                                    <div class=\"product-actions gf-tooltip-wrap\"\n                 data-tooltip-options='{\"placement\":\"left\"}'>\n                <a data-toggle=\"tooltip\" title=\"Quick view\" class=\"product-quick-view no-animation\" data-product_id=\"116\" href=\"https:\/\/bellaclaraventura.com\/fr\/product\/lavozdelaviolencia\/\"><i class=\"fal fa-search\"><\/i><\/a>            <\/div>\n\n        <\/div>\n        <div class=\"product-info\">\n            <h4 class=\"product-name product_title\">\n    <a class=\"gsf-link\" href=\"https:\/\/bellaclaraventura.com\/fr\/product\/lavozdelaviolencia\/\">La voz de la violencia<\/a>\n<\/h4>\n\n            <div class=\"product-description\">\n                <p>Carlos Garrido Chal\u00e9n, poeta y narrador peruano, en conjunto con Bella Clara Ventura, novelista y poeta colombo mexicana, en la novela \u00abLa Voz de La Violencia\u00bb quisieron plasmar a ciencia cierta los diversos episodios que encierra el sentimiento del mal en su figura invisible e inconsciente.<br \/>\nLa violencia, tratamiento de un personaje virtual que se entromete en los vericuetos de la existencia. \u00abAflojadas las tensiones, ambas siguieron intercambiando impresiones sobre la violencia del sexo, en la guerra, en la pareja y tantas violencias al alcance del ser humano que lejos de hacerlo hombre, lo transforman en bestia\u201d. Y es esa violencia que interviene en forma de voz con expresiones propias de su condici\u00f3n para seguir caminos torcidos en otros lugares del planeta y asir otras realidades donde sentirse a gusto con sus fuegos y actitudes. Los autores analizan esa voz desde su interior para conocerla mejor y darla a los dem\u00e1s como espejo de la condici\u00f3n humana.<br \/>\nTexto elaborado a cuatro manos, dos mentes y el internet que sirvi\u00f3 de herramienta para borrar distancias y darle contenido al libro. Se elaboraba en el d\u00eda a d\u00eda bajo el r\u00e9gimen de un reto de dos escritores, prestos a esculpir la palabra de una novela de vanguardia y con planteamientos filos\u00f3ficos, que merecen el atisbo del coraz\u00f3n.<\/p>\n            <\/div>\n                        <div class=\"product-list-actions d-flex align-items-center flex-wrap\">\n                <a data-toggle=\"tooltip\" title=\"Quick view\" class=\"product-quick-view no-animation\" data-product_id=\"116\" href=\"https:\/\/bellaclaraventura.com\/fr\/product\/lavozdelaviolencia\/\"><i class=\"fal fa-search\"><\/i><\/a>            <\/div>\n        <\/div>\n            <\/div>\n<\/article>\n\n<article class=\"clearfix product-item-wrap product-content-product product type-product post-4221 status-publish first instock product_cat-poesia has-post-thumbnail shipping-taxable product-type-simple\">\n    <div class=\"product-item-inner clearfix\">\n                <div class=\"product-thumb\">\n                            <div class=\"product-thumb-one\">\n            <div class=\"entry-thumbnail\">\n        \n                \n                    <a class=\"entry-thumbnail-overlay\" href=\"https:\/\/bellaclaraventura.com\/fr\/product\/liberte-hotesse-du-coeur\/\" title=\"Libert\u00e9, h\u00f4tesse du coeur\">\n                <img loading=\"lazy\" decoding=\"async\" width=\"788\" style=\"width:788px\" height=\"1176\" data-original=\"https:\/\/bellaclaraventura.com\/wp-content\/uploads\/2024\/01\/Liberte-hotesse.webp\" src=\"https:\/\/bellaclaraventura.com\/wp-content\/uploads\/2024\/01\/Liberte-hotesse-20x29.webp\" class=\"img-responsive wp-post-image gf-lazy\" alt=\"Libert\u00e9, hotesse\">\n            <\/a>\n            <\/div>\n\n\n        <\/div>\n    \n                                    <div class=\"product-actions gf-tooltip-wrap\"\n                 data-tooltip-options='{\"placement\":\"left\"}'>\n                <a data-toggle=\"tooltip\" title=\"Quick view\" class=\"product-quick-view no-animation\" data-product_id=\"4221\" href=\"https:\/\/bellaclaraventura.com\/fr\/product\/liberte-hotesse-du-coeur\/\"><i class=\"fal fa-search\"><\/i><\/a>            <\/div>\n\n        <\/div>\n        <div class=\"product-info\">\n            <h4 class=\"product-name product_title\">\n    <a class=\"gsf-link\" href=\"https:\/\/bellaclaraventura.com\/fr\/product\/liberte-hotesse-du-coeur\/\">Libert\u00e9, h\u00f4tesse du coeur<\/a>\n<\/h4>\n\n            <div class=\"product-description\">\n                <p>La libertad, anfitriona del coraz\u00f3n, es el elogio del retorno a uno mismo, fuente inagotable de riqueza, por m\u00e1s descuidada o incomprendida que sea. Esta libertad de ser nosotros mismos nos permite redescubrir el para\u00edso perdido que podemos recrear en la Tierra a trav\u00e9s de palabras y acciones. Un retorno al estado natural, a la sencillez, a lo invisible, tan bien descrito por Saint Exup\u00e9ry como lo esencial. La libertad es un p\u00e1jaro-ni\u00f1o que todos vivimos dentro de nosotros mismos. Y aqu\u00ed hay versos que nos susurran esta verdad con la ayuda de met\u00e1foras que emanan de un autor colombo-mexicano, pintor de los vuelos del alma. Pacificadora, quiere extraer su perfume de la selva para destilarlo a la humanidad. Aboga por la alegr\u00eda de vivir sin cadenas y sin ataduras, pero s\u00f3lo bajo el dictado del coraz\u00f3n, anfitri\u00f3n de sentimientos nobles. Estemos de acuerdo con Vauvenargues: \u201cLos grandes pensamientos surgen del coraz\u00f3n. \u00bb<\/p>\n            <\/div>\n                        <div class=\"product-list-actions d-flex align-items-center flex-wrap\">\n                <a data-toggle=\"tooltip\" title=\"Quick view\" class=\"product-quick-view no-animation\" data-product_id=\"4221\" href=\"https:\/\/bellaclaraventura.com\/fr\/product\/liberte-hotesse-du-coeur\/\"><i class=\"fal fa-search\"><\/i><\/a>            <\/div>\n        <\/div>\n            <\/div>\n<\/article>\n\n<article class=\"clearfix product-item-wrap product-content-product product type-product post-2227 status-publish instock product_cat-poesia has-post-thumbnail shipping-taxable product-type-simple\">\n    <div class=\"product-item-inner clearfix\">\n                <div class=\"product-thumb\">\n                            <div class=\"product-thumb-one\">\n            <div class=\"entry-thumbnail\">\n        \n                \n                    <a class=\"entry-thumbnail-overlay\" href=\"https:\/\/bellaclaraventura.com\/fr\/product\/coeur-en-oasis\/\" title=\"C\u0153ur en oasis\">\n                <img loading=\"lazy\" decoding=\"async\" width=\"330\" style=\"width:330px\" height=\"462\" data-original=\"https:\/\/bellaclaraventura.com\/wp-content\/uploads\/2021\/12\/Coeur-en-oasis-330x462.jpg\" src=\"https:\/\/bellaclaraventura.com\/wp-content\/uploads\/2021\/12\/Coeur-en-oasis-20x28.jpg\" class=\"img-responsive wp-post-image gf-lazy\" alt=\"Bella Clara Ventura &#8211; Coeur en oasis\">\n            <\/a>\n            <\/div>\n\n\n        <\/div>\n    \n                                    <div class=\"product-actions gf-tooltip-wrap\"\n                 data-tooltip-options='{\"placement\":\"left\"}'>\n                <a data-toggle=\"tooltip\" title=\"Quick view\" class=\"product-quick-view no-animation\" data-product_id=\"2227\" href=\"https:\/\/bellaclaraventura.com\/fr\/product\/coeur-en-oasis\/\"><i class=\"fal fa-search\"><\/i><\/a>            <\/div>\n\n        <\/div>\n        <div class=\"product-info\">\n            <h4 class=\"product-name product_title\">\n    <a class=\"gsf-link\" href=\"https:\/\/bellaclaraventura.com\/fr\/product\/coeur-en-oasis\/\">C\u0153ur en oasis<\/a>\n<\/h4>\n\n            <div class=\"product-description\">\n                <p>Este libro, Coraz\u00f3n en oasis,\u00a0 hace parte de una colecci\u00f3n llena de pasi\u00f3n y originalidad para sugerir que el amor brilla incluso durante la ausencia. Desde caricias bohemias hasta besos ex\u00f3ticos, el amor une pensamientos con abrazos que solo el cielo conoce.<\/p>\n<p>Los versos se ensanchan para describir el estado que experimenta toda persona cuando el abandono, incluso moment\u00e1neo, se aferra como un fantasma a la espera delirante que le asecha.<\/p>\n<p>Todo un relato\u00a0 que nos revela una nueva forma de hablar del amor ausente bajo la mirada de una luna expectante y la sonrisa c\u00f3mplice de las estrellas.<\/p>\n            <\/div>\n                        <div class=\"product-list-actions d-flex align-items-center flex-wrap\">\n                <a data-toggle=\"tooltip\" title=\"Quick view\" class=\"product-quick-view no-animation\" data-product_id=\"2227\" href=\"https:\/\/bellaclaraventura.com\/fr\/product\/coeur-en-oasis\/\"><i class=\"fal fa-search\"><\/i><\/a>            <\/div>\n        <\/div>\n            <\/div>\n<\/article>\n\n<article class=\"clearfix product-item-wrap product-content-product product type-product post-2216 status-publish instock product_cat-poesia has-post-thumbnail shipping-taxable product-type-simple\">\n    <div class=\"product-item-inner clearfix\">\n                <div class=\"product-thumb\">\n                            <div class=\"product-thumb-one\">\n            <div class=\"entry-thumbnail\">\n        \n                \n                    <a class=\"entry-thumbnail-overlay\" href=\"https:\/\/bellaclaraventura.com\/fr\/product\/nina-de-adentro\/\" title=\"Ni\u00f1a de adentro\">\n                <img loading=\"lazy\" decoding=\"async\" width=\"330\" style=\"width:330px\" height=\"462\" data-original=\"https:\/\/bellaclaraventura.com\/wp-content\/uploads\/2021\/12\/202106021223-3-copia-2-330x462.jpg\" src=\"https:\/\/bellaclaraventura.com\/wp-content\/uploads\/2021\/12\/202106021223-3-copia-2-20x28.jpg\" class=\"img-responsive wp-post-image gf-lazy\" alt=\"Bella Clara Ventura &#8211; Ni\u00f1a de adentro\">\n            <\/a>\n            <\/div>\n\n\n        <\/div>\n    \n                                    <div class=\"product-actions gf-tooltip-wrap\"\n                 data-tooltip-options='{\"placement\":\"left\"}'>\n                <a data-toggle=\"tooltip\" title=\"Quick view\" class=\"product-quick-view no-animation\" data-product_id=\"2216\" href=\"https:\/\/bellaclaraventura.com\/fr\/product\/nina-de-adentro\/\"><i class=\"fal fa-search\"><\/i><\/a>            <\/div>\n\n        <\/div>\n        <div class=\"product-info\">\n            <h4 class=\"product-name product_title\">\n    <a class=\"gsf-link\" href=\"https:\/\/bellaclaraventura.com\/fr\/product\/nina-de-adentro\/\">Ni\u00f1a de adentro<\/a>\n<\/h4>\n\n            <div class=\"product-description\">\n                <h6>Bella Clara Ventura es un camino y un poder al mismo tiempo. Camino, porque nos lleva, amparada de ternura y de sue\u00f1os a un destino en el que terminamos deambulando y participando embelesados. Y un poder, porque maneja la palabra con todas las ventajas que le acredita su alma bienhechora. En <em>Ni\u00f1a de adentro, <\/em>lo que nos hace es confirmar esta afirmaci\u00f3n primero, porque no nos conduce al abismo de las defecciones, sino a esa especie de meta que configura tanteando hasta el asombro la vida. Y segundo porque, siendo como es, nos involucra e incorpora a escenarios muy \u00edntimos, en los que terminamos trajinando todos. Camino y poder, poder y camino al mismo ritmo, pero no porque ella lo haya tramado, sino por la manera tan propia que tiene de descifrar la vida, de darse \u00edntegramente como una ofrenda, como un regalo de Dios, cuando amanece. Bella Clara es una poeta que va a dar mucho de que hablar con sus poemas,\u00a0 no tanto porque a veces rompe la barrera de los sonidos sino, fundamentalmente, porque su poes\u00eda es un abrir y cerrar de ojos que nos lleva como un im\u00e1n que todo lo absorbe y apetece a la dimensi\u00f3n de la ternura. Poeta inmensamente intensa ha descubierto la piedra filosofal de una palabra que, a veces pareciera que se vuelve sobre ella misma para recorrer su cuerpo de gacela. Cuerpo que es poes\u00eda y a la vez una invitaci\u00f3n que nos perturba, que nos hace ser poros en su entra\u00f1a, piel en las ma\u00f1anas buenas que cobija. Ni\u00f1a de adentro en realidad el \u201cadentro\u201d y el \u201cafuera\u201d de una poeta extraordinaria. Desde \u201csu\u201d adentro inmemorial, Bella Clara consigue concatenarnos con una historia que siendo suya, muy suya, terminamos sinti\u00e9ndola nuestra por todas sus ventanas y aquiescencias. Y desde el \u201cafuera\u201d, para hacernos entender que somos hijos de una memoria colectiva hereditaria interminable. Poeta de entra\u00f1a y sentimiento, ha conseguido lo que nadie: convertir a la ternura en una necesidad de vida y esperanza. Porque, \u00bfqu\u00e9 es la ternura sino la vida misma elevada a su m\u00e1xima potencia creadora? Bella Clara Ventura, es bella, es clara y por ventura la poeta m\u00e1s genuina de este siglo, a la que los creadores buscamos averiguar c\u00f3mo se inspira Dios al generar la vida. \u00a0Ser\u00e1 por eso,\u00a0 por lo que el ser que procrea su historia es una ni\u00f1a que se niega a salir de ese \u201cadentro\u201d en donde mora, y en donde quisiera morar toda la vida, para fusionarse intr\u00e9pidamente con el cielo. En ese cielo donde todo es posible. Porque es infancia y adolescencia. Es madurez y es acaso el \u00ednterin para ajustarnos a una gloria plet\u00f3rica de eternidad y de consuelo. <em>Ni\u00f1a de adentro<\/em>, pero bien adentro, es cadencia marcial y revelaci\u00f3n interminable. Es conexi\u00f3n con caminitos que parecieran quebrarse de llantos y guirnaldas. Y, como las grandes obras, la belleza resumida, la palabra liberada, el sentimiento echado a volar como paloma de colores y de c\u00e1ntaros. Bien por Bella Clara, que confirma con esta obra, ser una de las poetas mas excelentes de esta Am\u00e9rica que ama.<\/h6>\n<p><strong>Carlos Garrido Chal\u00e9n. Poeta peruano. Premio Nacional de Poes\u00eda.<\/strong><\/p>\n            <\/div>\n                        <div class=\"product-list-actions d-flex align-items-center flex-wrap\">\n                <a data-toggle=\"tooltip\" title=\"Quick view\" class=\"product-quick-view no-animation\" data-product_id=\"2216\" href=\"https:\/\/bellaclaraventura.com\/fr\/product\/nina-de-adentro\/\"><i class=\"fal fa-search\"><\/i><\/a>            <\/div>\n        <\/div>\n            <\/div>\n<\/article>\n\n<article class=\"clearfix product-item-wrap product-content-product product type-product post-124 status-publish last instock product_cat-poesia has-post-thumbnail shipping-taxable product-type-simple\">\n    <div class=\"product-item-inner clearfix\">\n                <div class=\"product-thumb\">\n                            <div class=\"product-thumb-one\">\n            <div class=\"entry-thumbnail\">\n        \n                \n                    <a class=\"entry-thumbnail-overlay\" href=\"https:\/\/bellaclaraventura.com\/fr\/product\/antologiapoeticadebellaclara\/\" title=\"Antolog\u00eda po\u00e9tica de Bella Clara Ventura\">\n                <img loading=\"lazy\" decoding=\"async\" width=\"330\" style=\"width:330px\" height=\"462\" data-original=\"https:\/\/bellaclaraventura.com\/wp-content\/uploads\/2018\/11\/AntologiaPDB-min-330x462.png\" src=\"https:\/\/bellaclaraventura.com\/wp-content\/uploads\/2018\/11\/AntologiaPDB-min-20x28.png\" class=\"img-responsive wp-post-image gf-lazy\" alt=\"AntologiaPDB-min\">\n            <\/a>\n            <\/div>\n\n\n        <\/div>\n    \n                                    <div class=\"product-actions gf-tooltip-wrap\"\n                 data-tooltip-options='{\"placement\":\"left\"}'>\n                <a data-toggle=\"tooltip\" title=\"Quick view\" class=\"product-quick-view no-animation\" data-product_id=\"124\" href=\"https:\/\/bellaclaraventura.com\/fr\/product\/antologiapoeticadebellaclara\/\"><i class=\"fal fa-search\"><\/i><\/a>            <\/div>\n\n        <\/div>\n        <div class=\"product-info\">\n            <h4 class=\"product-name product_title\">\n    <a class=\"gsf-link\" href=\"https:\/\/bellaclaraventura.com\/fr\/product\/antologiapoeticadebellaclara\/\">Antolog\u00eda po\u00e9tica de Bella Clara Ventura<\/a>\n<\/h4>\n\n            <div class=\"product-description\">\n                <p>Este libro recoge poemas de cada instante vivido por Bella Clara Ventura.<\/p>\n<p>Es un itinerario por evocaciones que se deslizan en los misterios cotidianos.<\/p>\n<p>Misterios que solo la poeta puede descifrar.<\/p>\n<p>Poes\u00eda inspirada en el d\u00eda a d\u00eda. Realismo transfigurado donde se vuelve criatura la palabra como un signo que rememora momentos, recogidos de cada vivencia impregnada de poema.<\/p>\n            <\/div>\n                        <div class=\"product-list-actions d-flex align-items-center flex-wrap\">\n                <a data-toggle=\"tooltip\" title=\"Quick view\" class=\"product-quick-view no-animation\" data-product_id=\"124\" href=\"https:\/\/bellaclaraventura.com\/fr\/product\/antologiapoeticadebellaclara\/\"><i class=\"fal fa-search\"><\/i><\/a>            <\/div>\n        <\/div>\n            <\/div>\n<\/article>\n\n<\/div>\n<\/div>\n<\/div><div class=\"btn-container mg-top-55 md-mg-top-40 text-center\">\n            <a class=\"btn btn-accent btn-outline btn-md btn-square\" href=\"https:\/\/bellaclaraventura.com\/obras\/\" title=\"Shop\" target=\"_blank\">VER M\u00c1S<\/a>\n    <\/div>\n\n<div class=\"g5plus-space space-6a9bb04c51793\" data-id=\"6a9bb04c51793\" data-tablet=\"80\" data-tablet-portrait=\"70\" data-mobile=\"100\" data-mobile-landscape=\"60\" style=\"clear: both; display: block; height: 100px\"><\/div><\/div><\/div><\/div>\t\t\t\t\t\t\t<\/div>\n\t\t\t\n\t\t<\/div>\n\t\t<div class=\"vc_row wpb_row vc_row-fluid vc_custom_1699564308232 vc_row-has-fill\">\n                                        <div class=\"gf-row-inner gf-container container\">\n                        <div class=\"wpb_column vc_column_container vc_col-sm-10 vc_col-lg-offset-3 vc_col-lg-6 vc_col-md-offset-2 vc_col-md-8 vc_col-sm-offset-1\"><div class=\"vc_column-inner\"><div class=\"wpb_wrapper\"><div class=\"g5plus-space space-6a9bb04c51c4c\" data-id=\"6a9bb04c51c4c\" data-tablet=\"70\" data-tablet-portrait=\"60\" data-mobile=\"50\" data-mobile-landscape=\"50\" style=\"clear: both; display: block; height: 80px\"><\/div>    <div class=\"gf-heading gf-heading-style-3 vc_custom_1672163043142\">\n        <div class=\"gf-heading-inner gf-heading-6a9bb04c51d06 text-center justify-content-center\">\n                                                        <h4 class=\"heading-title\">Vivencias<\/h4>\n                    <\/div>\n    <\/div>\n<\/div><\/div><\/div><div class=\"wpb_column vc_column_container vc_col-sm-12\"><div class=\"vc_column-inner\"><div class=\"wpb_wrapper\"><div class=\"vc_row wpb_row vc_inner vc_row-fluid\"><div class=\"wpb_column vc_column_container vc_col-sm-4\"><div class=\"vc_column-inner\"><div class=\"wpb_wrapper\">\n\t<div  class=\"wpb_single_image wpb_content_element vc_align_center wpb_content_element vc_custom_1671578936830\">\n\t\t\n\t\t<figure class=\"wpb_wrapper vc_figure\">\n\t\t\t<a href=\"https:\/\/bellaclaraventura.com\/category\/blog\/\" target=\"_self\" class=\"vc_single_image-wrapper vc_box_circle  vc_box_border_grey\"><img loading=\"lazy\" decoding=\"async\" width=\"150\" height=\"150\" src=\"https:\/\/bellaclaraventura.com\/wp-content\/uploads\/2022\/12\/86822070_1135742340102983_6898489837049872384_n-150x150.jpg\" class=\"vc_single_image-img attachment-thumbnail\" alt=\"\" title=\"86822070_1135742340102983_6898489837049872384_n\" srcset=\"https:\/\/bellaclaraventura.com\/wp-content\/uploads\/2022\/12\/86822070_1135742340102983_6898489837049872384_n-150x150.jpg 150w, https:\/\/bellaclaraventura.com\/wp-content\/uploads\/2022\/12\/86822070_1135742340102983_6898489837049872384_n-13x12.jpg 13w, https:\/\/bellaclaraventura.com\/wp-content\/uploads\/2022\/12\/86822070_1135742340102983_6898489837049872384_n-100x100.jpg 100w\" sizes=\"auto, (max-width: 150px) 100vw, 150px\" \/><\/a>\n\t\t<\/figure>\n\t<\/div>\n<div class=\"btn-container text-center\">\n            <a class=\"btn btn-white btn-outline btn-lg btn-square\" href=\"https:\/\/bellaclaraventura.com\/category\/v\/\" title=\"Mi blog\">Mi blog<\/a>\n    <\/div>\n\n<\/div><\/div><\/div><div class=\"wpb_column vc_column_container vc_col-sm-4\"><div class=\"vc_column-inner\"><div class=\"wpb_wrapper\"><div class=\"g5plus-space space-6a9bb04c527e5\" data-id=\"6a9bb04c527e5\" data-tablet=\"0\" data-tablet-portrait=\"60\" data-mobile=\"60\" data-mobile-landscape=\"0\" style=\"clear: both; display: block; height: 0px\"><\/div>\n\t<div  class=\"wpb_single_image wpb_content_element vc_align_center wpb_content_element vc_custom_1671579649802\">\n\t\t\n\t\t<figure class=\"wpb_wrapper vc_figure\">\n\t\t\t<a href=\"https:\/\/bellaclaraventura.com\/category\/novedades\/\" target=\"_self\" class=\"vc_single_image-wrapper vc_box_circle  vc_box_border_grey\"><img loading=\"lazy\" decoding=\"async\" width=\"150\" height=\"150\" src=\"https:\/\/bellaclaraventura.com\/wp-content\/uploads\/2022\/12\/K6A6068-copia-copia-150x150.webp\" class=\"vc_single_image-img attachment-thumbnail\" alt=\"\" title=\"K6A6068-copia copia\" srcset=\"https:\/\/bellaclaraventura.com\/wp-content\/uploads\/2022\/12\/K6A6068-copia-copia-150x150.webp 150w, https:\/\/bellaclaraventura.com\/wp-content\/uploads\/2022\/12\/K6A6068-copia-copia-300x300.webp 300w, https:\/\/bellaclaraventura.com\/wp-content\/uploads\/2022\/12\/K6A6068-copia-copia-12x12.webp 12w, https:\/\/bellaclaraventura.com\/wp-content\/uploads\/2022\/12\/K6A6068-copia-copia-600x600.webp 600w, https:\/\/bellaclaraventura.com\/wp-content\/uploads\/2022\/12\/K6A6068-copia-copia-100x100.webp 100w, https:\/\/bellaclaraventura.com\/wp-content\/uploads\/2022\/12\/K6A6068-copia-copia.webp 636w\" sizes=\"auto, (max-width: 150px) 100vw, 150px\" \/><\/a>\n\t\t<\/figure>\n\t<\/div>\n<div class=\"btn-container text-center\">\n            <a class=\"btn btn-white btn-outline btn-md btn-square\" href=\"https:\/\/bellaclaraventura.com\/category\/novedades\/\" title=\"Novedades\">Novedades<\/a>\n    <\/div>\n\n<\/div><\/div><\/div><div class=\"wpb_column vc_column_container vc_col-sm-4\"><div class=\"vc_column-inner\"><div class=\"wpb_wrapper\"><div class=\"g5plus-space space-6a9bb04c52dc8\" data-id=\"6a9bb04c52dc8\" data-tablet=\"0\" data-tablet-portrait=\"60\" data-mobile=\"60\" data-mobile-landscape=\"0\" style=\"clear: both; display: block; height: 0px\"><\/div>\n\t<div  class=\"wpb_single_image wpb_content_element vc_align_center wpb_content_element vc_custom_1671650262673\">\n\t\t\n\t\t<figure class=\"wpb_wrapper vc_figure\">\n\t\t\t<a href=\"https:\/\/bellaclaraventura.com\/category\/prensa\/\" target=\"_self\" class=\"vc_single_image-wrapper vc_box_circle  vc_box_border_grey\"><img loading=\"lazy\" decoding=\"async\" width=\"150\" height=\"150\" src=\"https:\/\/bellaclaraventura.com\/wp-content\/uploads\/2022\/12\/Sala-de-prensa-150x150.webp\" class=\"vc_single_image-img attachment-thumbnail\" alt=\"\" title=\"Sala-de-prensa\" srcset=\"https:\/\/bellaclaraventura.com\/wp-content\/uploads\/2022\/12\/Sala-de-prensa-150x150.webp 150w, https:\/\/bellaclaraventura.com\/wp-content\/uploads\/2022\/12\/Sala-de-prensa-300x300.webp 300w, https:\/\/bellaclaraventura.com\/wp-content\/uploads\/2022\/12\/Sala-de-prensa-768x768.webp 768w, https:\/\/bellaclaraventura.com\/wp-content\/uploads\/2022\/12\/Sala-de-prensa-12x12.webp 12w, https:\/\/bellaclaraventura.com\/wp-content\/uploads\/2022\/12\/Sala-de-prensa-600x600.webp 600w, https:\/\/bellaclaraventura.com\/wp-content\/uploads\/2022\/12\/Sala-de-prensa-100x100.webp 100w, https:\/\/bellaclaraventura.com\/wp-content\/uploads\/2022\/12\/Sala-de-prensa.webp 987w\" sizes=\"auto, (max-width: 150px) 100vw, 150px\" \/><\/a>\n\t\t<\/figure>\n\t<\/div>\n<div class=\"btn-container text-center\">\n            <a class=\"btn btn-white btn-outline btn-md btn-square\" href=\"https:\/\/bellaclaraventura.com\/category\/prensa\/\" title=\"Sala de prensa\">Sala de prensa<\/a>\n    <\/div>\n\n<\/div><\/div><\/div><\/div><div class=\"g5plus-space space-6a9bb04c53359\" data-id=\"6a9bb04c53359\" data-tablet=\"70\" data-tablet-portrait=\"60\" data-mobile=\"100\" data-mobile-landscape=\"50\" style=\"clear: both; display: block; height: 100px\"><\/div><\/div><\/div><\/div>\t\t\t\t\t\t\t<\/div>\n\t\t\t\n\t\t<\/div>\n\t\t<div class=\"vc_row wpb_row vc_row-fluid ocultar vc_custom_1668539465932 vc_row-has-fill\">\n                                        <div class=\"gf-row-inner gf-container container\">\n                        <div class=\"wpb_column vc_column_container vc_col-sm-10 vc_col-lg-offset-3 vc_col-lg-6 vc_col-md-offset-2 vc_col-md-8 vc_col-sm-offset-1\"><div class=\"vc_column-inner\"><div class=\"wpb_wrapper\"><div class=\"g5plus-space space-6a9bb04c536e8\" data-id=\"6a9bb04c536e8\" data-tablet=\"70\" data-tablet-portrait=\"60\" data-mobile=\"50\" data-mobile-landscape=\"50\" style=\"clear: both; display: block; height: 80px\"><\/div>    <div class=\"gf-heading gf-heading-style-3 vc_custom_1668533351954\">\n        <div class=\"gf-heading-inner gf-heading-6a9bb04c5379c text-center justify-content-center\">\n                            <span class=\"heading-sub-title accent-color\">ACTUALIZACIONES DE BLOG<\/span>\n                                                        <h4 class=\"heading-title\">Mi blog<\/h4>\n                    <\/div>\n    <\/div>\n<\/div><\/div><\/div><div class=\"wpb_column vc_column_container vc_col-sm-12\"><div class=\"vc_column-inner\"><div class=\"wpb_wrapper\"><div class=\"gf-posts cate-filter-left clearfix\">\n\t<div data-items-wrapper=\"1946690475\" class=\"gf-blog-wrap clearfix \">\n\t\t<div data-owl-options='{\"items\":3,\"margin\":0,\"slideBy\":3,\"dots\":false,\"nav\":false,\"responsive\":{\"1200\":{\"items\":3,\"slideBy\":3},\"992\":{\"items\":2,\"slideBy\":2},\"768\":{\"items\":2,\"slideBy\":2},\"576\":{\"items\":2,\"slideBy\":2},\"0\":{\"items\":1,\"slideBy\":1}},\"autoHeight\":true,\"autoplay\":false,\"autoplayTimeout\":5000}' data-items-container=\"true\" class=\"gf-blog-inner clearfix layout-grid owl-carousel owl-theme gsf-slider-container item-gutter-70\">\n\t\t<article  class=\"clearfix post-default post-grid post-4407 post type-post status-publish format-standard has-post-thumbnail hentry category-v category-blog\">\n    <div  class=\"gf-post-inner clearfix  gf_animate_when_almost_visible appear\">\n                <div class=\"entry-thumb-wrap entry-thumb-mode-background entry-thumb-format-\">\n                <div class=\"entry-thumbnail\">\n        \n                                    <a data-original=\"https:\/\/bellaclaraventura.com\/wp-content\/uploads\/2024\/11\/Bella-con-Elena-Poniatowska-330x200.webp\" style=\"background-image: url(https:\/\/bellaclaraventura.com\/wp-content\/uploads\/2024\/11\/Bella-con-Elena-Poniatowska-20x12.webp);\" class=\"entry-thumbnail-overlay placeholder-image thumbnail-size-330x200 gf-lazy\" href=\"https:\/\/bellaclaraventura.com\/fr\/afrodita-en-el-alma-con-elena-poniatowska\/\" title=\"Afrodita en el Alma con Elena Poniatowska\"><\/a>\n            <\/div>\n\n\n            <\/div>\n        <div class=\"gf-post-content\">\n            <ul class=\"gf-post-meta gf-inline primary-font disable-color layout-2\">\n                <li class=\"meta-date\">\n            <a href=\"https:\/\/bellaclaraventura.com\/fr\/afrodita-en-el-alma-con-elena-poniatowska\/\" rel=\"bookmark\" title=\"Afrodita en el Alma con Elena Poniatowska\" class=\"gsf-link\"><i class=\"fal fa-calendar\"><\/i><span>novembre 29, 2024<\/span><\/a>\n        <\/li>\n                        <\/ul>            <h4 class=\"gf-post-title\"><a title=\"Afrodita en el Alma con Elena Poniatowska\" href=\"https:\/\/bellaclaraventura.com\/fr\/afrodita-en-el-alma-con-elena-poniatowska\/\" class=\"gsf-link\">Afrodita en el Alma con Elena Poniatowska<\/a><\/h4>\n            <div class=\"gf-post-excerpt\">\n                <p>Con esta escritora y periodista de nacionalidad mexicana, nacida en Francia Bella Clara Ventura comparte una de sus m\u00e1s recientes obras: \u00abAfrodita en el alma\u00bb. Elena Poniatowska es una de [&hellip;]<\/p>\n            <\/div>\n        <\/div>\n    <\/div>\n<\/article><article  class=\"clearfix post-default post-grid post-4366 post type-post status-publish format-standard has-post-thumbnail hentry category-v category-blog\">\n    <div  class=\"gf-post-inner clearfix  gf_animate_when_almost_visible appear\">\n                <div class=\"entry-thumb-wrap entry-thumb-mode-background entry-thumb-format-\">\n                <div class=\"entry-thumbnail\">\n        \n                                    <a data-original=\"https:\/\/bellaclaraventura.com\/wp-content\/uploads\/2024\/09\/Esmilda-Quintero-Lobo-port-330x200.webp\" style=\"background-image: url(https:\/\/bellaclaraventura.com\/wp-content\/uploads\/2024\/09\/Esmilda-Quintero-Lobo-port-20x12.webp);\" class=\"entry-thumbnail-overlay placeholder-image thumbnail-size-330x200 gf-lazy\" href=\"https:\/\/bellaclaraventura.com\/fr\/una-carta-para-bella-clara\/\" title=\"Una carta para Bella Clara\"><\/a>\n            <\/div>\n\n\n            <\/div>\n        <div class=\"gf-post-content\">\n            <ul class=\"gf-post-meta gf-inline primary-font disable-color layout-2\">\n                <li class=\"meta-date\">\n            <a href=\"https:\/\/bellaclaraventura.com\/fr\/una-carta-para-bella-clara\/\" rel=\"bookmark\" title=\"Una carta para Bella Clara\" class=\"gsf-link\"><i class=\"fal fa-calendar\"><\/i><span>septembre 18, 2024<\/span><\/a>\n        <\/li>\n                        <\/ul>            <h4 class=\"gf-post-title\"><a title=\"Una carta para Bella Clara\" href=\"https:\/\/bellaclaraventura.com\/fr\/una-carta-para-bella-clara\/\" class=\"gsf-link\">Una carta para Bella Clara<\/a><\/h4>\n            <div class=\"gf-post-excerpt\">\n                <p>Una de las tantas personas cercanas a la escritora, Esmilda Quintero Lobo, escribi\u00f3 estas palabras que exaltan los valores y experiencias propias de Bella Clara Ventura, dejando huella en su [&hellip;]<\/p>\n            <\/div>\n        <\/div>\n    <\/div>\n<\/article><article  class=\"clearfix post-default post-grid post-3961 post type-post status-publish format-standard has-post-thumbnail hentry category-v category-blog\">\n    <div  class=\"gf-post-inner clearfix  gf_animate_when_almost_visible appear\">\n                <div class=\"entry-thumb-wrap entry-thumb-mode-background entry-thumb-format-\">\n                <div class=\"entry-thumbnail\">\n        \n                                    <a data-original=\"https:\/\/bellaclaraventura.com\/wp-content\/uploads\/2023\/06\/16ad-Dora-Castellanos-01-03-de-abril-2_00x-copia-330x200.jpg\" style=\"background-image: url(https:\/\/bellaclaraventura.com\/wp-content\/uploads\/2023\/06\/16ad-Dora-Castellanos-01-03-de-abril-2_00x-copia-20x12.jpg);\" class=\"entry-thumbnail-overlay placeholder-image thumbnail-size-330x200 gf-lazy\" href=\"https:\/\/bellaclaraventura.com\/fr\/la-huella-de-dora-castellanos-poeta-colombiana\/\" title=\"Palco de honor para la poeta colombiana Dora Castellanos\"><\/a>\n            <\/div>\n\n\n            <\/div>\n        <div class=\"gf-post-content\">\n            <ul class=\"gf-post-meta gf-inline primary-font disable-color layout-2\">\n                <li class=\"meta-date\">\n            <a href=\"https:\/\/bellaclaraventura.com\/fr\/la-huella-de-dora-castellanos-poeta-colombiana\/\" rel=\"bookmark\" title=\"Palco de honor para la poeta colombiana Dora Castellanos\" class=\"gsf-link\"><i class=\"fal fa-calendar\"><\/i><span>juin 13, 2023<\/span><\/a>\n        <\/li>\n                        <\/ul>            <h4 class=\"gf-post-title\"><a title=\"Palco de honor para la poeta colombiana Dora Castellanos\" href=\"https:\/\/bellaclaraventura.com\/fr\/la-huella-de-dora-castellanos-poeta-colombiana\/\" class=\"gsf-link\">Palco de honor para la poeta colombiana Dora Castellanos<\/a><\/h4>\n            <div class=\"gf-post-excerpt\">\n                <p>Dolorosa la p\u00e9rdida de nuestra inmensa Dora Castellanos. M\u00e1s su tiempo de descanso eterno le permite esa paz que tal vez no se logre en la Tierra. Ella, ya en [&hellip;]<\/p>\n            <\/div>\n        <\/div>\n    <\/div>\n<\/article><article  class=\"clearfix post-default post-grid post-3692 post type-post status-publish format-standard has-post-thumbnail hentry category-v category-blog\">\n    <div  class=\"gf-post-inner clearfix  gf_animate_when_almost_visible appear\">\n                <div class=\"entry-thumb-wrap entry-thumb-mode-background entry-thumb-format-\">\n                <div class=\"entry-thumbnail\">\n        \n                                    <a data-original=\"https:\/\/bellaclaraventura.com\/wp-content\/uploads\/2022\/12\/100-Maruja-Vieira-Bella-Clara-Ventura-Poetas-330x200.jpg\" style=\"background-image: url(https:\/\/bellaclaraventura.com\/wp-content\/uploads\/2022\/12\/100-Maruja-Vieira-Bella-Clara-Ventura-Poetas-20x12.jpg);\" class=\"entry-thumbnail-overlay placeholder-image thumbnail-size-330x200 gf-lazy\" href=\"https:\/\/bellaclaraventura.com\/fr\/homenaje-de-bella-clara-a-maruja\/\" title=\"Sentido homenaje de Bella Clara a Maruja Vieira\"><\/a>\n            <\/div>\n\n\n            <\/div>\n        <div class=\"gf-post-content\">\n            <ul class=\"gf-post-meta gf-inline primary-font disable-color layout-2\">\n                <li class=\"meta-date\">\n            <a href=\"https:\/\/bellaclaraventura.com\/fr\/homenaje-de-bella-clara-a-maruja\/\" rel=\"bookmark\" title=\"Sentido homenaje de Bella Clara a Maruja Vieira\" class=\"gsf-link\"><i class=\"fal fa-calendar\"><\/i><span>d\u00e9cembre 26, 2022<\/span><\/a>\n        <\/li>\n                        <\/ul>            <h4 class=\"gf-post-title\"><a title=\"Sentido homenaje de Bella Clara a Maruja Vieira\" href=\"https:\/\/bellaclaraventura.com\/fr\/homenaje-de-bella-clara-a-maruja\/\" class=\"gsf-link\">Sentido homenaje de Bella Clara a Maruja Vieira<\/a><\/h4>\n            <div class=\"gf-post-excerpt\">\n                <p>La amistad de Bella Clara Ventura con Maruja Vieira, es entra\u00f1able. No solamente las une su amor por la palabra hecha poes\u00eda sino tambi\u00e9n una serie de momentos memorables. Al [&hellip;]<\/p>\n            <\/div>\n        <\/div>\n    <\/div>\n<\/article><article  class=\"clearfix post-default post-grid post-3690 post type-post status-publish format-standard has-post-thumbnail hentry category-v category-blog\">\n    <div  class=\"gf-post-inner clearfix  gf_animate_when_almost_visible appear\">\n                <div class=\"entry-thumb-wrap entry-thumb-mode-background entry-thumb-format-\">\n                <div class=\"entry-thumbnail\">\n        \n                                    <a data-original=\"https:\/\/bellaclaraventura.com\/wp-content\/uploads\/2022\/05\/K6A6068-copia-330x200.jpg\" style=\"background-image: url(https:\/\/bellaclaraventura.com\/wp-content\/uploads\/2022\/05\/K6A6068-copia-20x12.jpg);\" class=\"entry-thumbnail-overlay placeholder-image thumbnail-size-330x200 gf-lazy\" href=\"https:\/\/bellaclaraventura.com\/fr\/mis-pequenos-relatos-en-la-colmena-comunidad-de-autores\/\" title=\"Mis peque\u00f1os relatos en La Colmena. Comunidad de Autores\"><\/a>\n            <\/div>\n\n\n            <\/div>\n        <div class=\"gf-post-content\">\n            <ul class=\"gf-post-meta gf-inline primary-font disable-color layout-2\">\n                <li class=\"meta-date\">\n            <a href=\"https:\/\/bellaclaraventura.com\/fr\/mis-pequenos-relatos-en-la-colmena-comunidad-de-autores\/\" rel=\"bookmark\" title=\"Mis peque\u00f1os relatos en La Colmena. Comunidad de Autores\" class=\"gsf-link\"><i class=\"fal fa-calendar\"><\/i><span>d\u00e9cembre 26, 2022<\/span><\/a>\n        <\/li>\n                        <\/ul>            <h4 class=\"gf-post-title\"><a title=\"Mis peque\u00f1os relatos en La Colmena. Comunidad de Autores\" href=\"https:\/\/bellaclaraventura.com\/fr\/mis-pequenos-relatos-en-la-colmena-comunidad-de-autores\/\" class=\"gsf-link\">Mis peque\u00f1os relatos en La Colmena. Comunidad de Autores<\/a><\/h4>\n            <div class=\"gf-post-excerpt\">\n                <p>Este portal promueve y difunde la obra de escritores de Am\u00e9rica Latina. Los invito a leer mis peque\u00f1os relatos que tocan desde al ficci\u00f3n y la realidad diferentes tem\u00e1ticas propuestas [&hellip;]<\/p>\n            <\/div>\n        <\/div>\n    <\/div>\n<\/article>\t<\/div>\n\t<\/div>\n\n\n\n<\/div><div class=\"g5plus-space space-6a9bb04c589c1\" data-id=\"6a9bb04c589c1\" data-tablet=\"50\" data-tablet-portrait=\"45\" data-mobile=\"35\" data-mobile-landscape=\"40\" style=\"clear: both; display: block; height: 58px\"><\/div><div class=\"btn-container text-center\">\n            <a class=\"btn btn-gray btn-outline btn-md btn-square\" href=\"https:\/\/bellaclaraventura.com\/category\/blog\/\" title=\"Blogs\" target=\"_blank\">VER TODAS LAS ENTRADAS DE BLOG<\/a>\n    <\/div>\n\n<div class=\"g5plus-space space-6a9bb04c58ba1\" data-id=\"6a9bb04c58ba1\" data-tablet=\"80\" data-tablet-portrait=\"70\" data-mobile=\"50\" data-mobile-landscape=\"60\" style=\"clear: both; display: block; height: 101px\"><\/div><\/div><\/div><\/div>\t\t\t\t\t\t\t<\/div>\n\t\t\t\n\t\t<\/div>\n\t\t<div id=\"section-eventos\" class=\"vc_row wpb_row vc_row-fluid ocultar vc_custom_1668539478888 vc_row-has-fill\">\n                                        <div class=\"gf-row-inner gf-container container\">\n                        <div class=\"wpb_column vc_column_container vc_col-sm-10 vc_col-lg-offset-3 vc_col-lg-6 vc_col-md-offset-2 vc_col-md-8 vc_col-sm-offset-1\"><div class=\"vc_column-inner\"><div class=\"wpb_wrapper\"><div class=\"g5plus-space space-6a9bb04c58ed5\" data-id=\"6a9bb04c58ed5\" data-tablet=\"70\" data-tablet-portrait=\"60\" data-mobile=\"50\" data-mobile-landscape=\"50\" style=\"clear: both; display: block; height: 80px\"><\/div>    <div class=\"gf-heading gf-heading-style-3 vc_custom_1638910677101\">\n        <div class=\"gf-heading-inner gf-heading-6a9bb04c58f56 text-center justify-content-center\">\n                            <span class=\"heading-sub-title accent-color\">NOVEDADES<\/span>\n                                                        <h4 class=\"heading-title\">Novedades<\/h4>\n                    <\/div>\n    <\/div>\n<\/div><\/div><\/div><div class=\"wpb_column vc_column_container vc_col-sm-12\"><div class=\"vc_column-inner\"><div class=\"wpb_wrapper\"><div class=\"gf-posts cate-filter-left clearfix\">\n\t<div data-items-wrapper=\"1977152256\" class=\"gf-blog-wrap clearfix \">\n\t\t<div data-owl-options='{\"items\":3,\"margin\":0,\"slideBy\":3,\"dots\":false,\"nav\":false,\"responsive\":{\"1200\":{\"items\":3,\"slideBy\":3},\"992\":{\"items\":2,\"slideBy\":2},\"768\":{\"items\":2,\"slideBy\":2},\"576\":{\"items\":2,\"slideBy\":2},\"0\":{\"items\":1,\"slideBy\":1}},\"autoHeight\":true,\"autoplay\":false,\"autoplayTimeout\":5000}' data-items-container=\"true\" class=\"gf-blog-inner clearfix layout-grid owl-carousel owl-theme gsf-slider-container item-gutter-70\">\n\t\t<article  class=\"clearfix post-default post-grid post-4507 post type-post status-publish format-standard has-post-thumbnail hentry category-novedades\">\n    <div  class=\"gf-post-inner clearfix  gf_animate_when_almost_visible appear\">\n                <div class=\"entry-thumb-wrap entry-thumb-mode-background entry-thumb-format-\">\n                <div class=\"entry-thumbnail\">\n        \n                                    <a data-original=\"https:\/\/bellaclaraventura.com\/wp-content\/uploads\/2025\/05\/Conversatorio-FILBo-Entrada-330x200.webp\" style=\"background-image: url(https:\/\/bellaclaraventura.com\/wp-content\/uploads\/2025\/05\/Conversatorio-FILBo-Entrada-20x12.webp);\" class=\"entry-thumbnail-overlay placeholder-image thumbnail-size-330x200 gf-lazy\" href=\"https:\/\/bellaclaraventura.com\/fr\/conversatorio-en-la-filbo-2025-bella-clara-ventura-una-autora-de-altos-vuelos\/\" title=\"Conversatorio en la FILBo 2025: Bella Clara Ventura una autora de altos vuelos\"><\/a>\n            <\/div>\n\n\n            <\/div>\n        <div class=\"gf-post-content\">\n            <ul class=\"gf-post-meta gf-inline primary-font disable-color layout-2\">\n                <li class=\"meta-date\">\n            <a href=\"https:\/\/bellaclaraventura.com\/fr\/conversatorio-en-la-filbo-2025-bella-clara-ventura-una-autora-de-altos-vuelos\/\" rel=\"bookmark\" title=\"Conversatorio en la FILBo 2025: Bella Clara Ventura una autora de altos vuelos\" class=\"gsf-link\"><i class=\"fal fa-calendar\"><\/i><span>mai 26, 2025<\/span><\/a>\n        <\/li>\n                        <\/ul>            <h4 class=\"gf-post-title\"><a title=\"Conversatorio en la FILBo 2025: Bella Clara Ventura una autora de altos vuelos\" href=\"https:\/\/bellaclaraventura.com\/fr\/conversatorio-en-la-filbo-2025-bella-clara-ventura-una-autora-de-altos-vuelos\/\" class=\"gsf-link\">Conversatorio en la FILBo 2025: Bella Clara Ventura una autora de altos vuelos<\/a><\/h4>\n            <div class=\"gf-post-excerpt\">\n                <p>El Grupo Editorial Sial Pigmali\u00f3n invita a un encuentro especial dedicado a la destacada escritora Bella Clara Ventura. Acompa\u00f1ada por Georgina Kaltsidou, poeta y acad\u00e9mica, Raquel Goldschmidt, directora de la [&hellip;]<\/p>\n            <\/div>\n        <\/div>\n    <\/div>\n<\/article><article  class=\"clearfix post-default post-grid post-4504 post type-post status-publish format-standard has-post-thumbnail hentry category-novedades\">\n    <div  class=\"gf-post-inner clearfix  gf_animate_when_almost_visible appear\">\n                <div class=\"entry-thumb-wrap entry-thumb-mode-background entry-thumb-format-\">\n                <div class=\"entry-thumbnail\">\n        \n                                    <a data-original=\"https:\/\/bellaclaraventura.com\/wp-content\/uploads\/2025\/05\/J-Mario-Arbelaez-Entrda-330x200.webp\" style=\"background-image: url(https:\/\/bellaclaraventura.com\/wp-content\/uploads\/2025\/05\/J-Mario-Arbelaez-Entrda-20x12.webp);\" class=\"entry-thumbnail-overlay placeholder-image thumbnail-size-330x200 gf-lazy\" href=\"https:\/\/bellaclaraventura.com\/fr\/publicacion-de-j-mario-arbelaez-libros-que-son-amores-en-la-filbo-2025\/\" title=\"Publicaci\u00f3n de J. Mario Arbel\u00e1ez Libros que son amores en la FILBo 2025\"><\/a>\n            <\/div>\n\n\n            <\/div>\n        <div class=\"gf-post-content\">\n            <ul class=\"gf-post-meta gf-inline primary-font disable-color layout-2\">\n                <li class=\"meta-date\">\n            <a href=\"https:\/\/bellaclaraventura.com\/fr\/publicacion-de-j-mario-arbelaez-libros-que-son-amores-en-la-filbo-2025\/\" rel=\"bookmark\" title=\"Publicaci\u00f3n de J. Mario Arbel\u00e1ez Libros que son amores en la FILBo 2025\" class=\"gsf-link\"><i class=\"fal fa-calendar\"><\/i><span>mai 26, 2025<\/span><\/a>\n        <\/li>\n                        <\/ul>            <h4 class=\"gf-post-title\"><a title=\"Publicaci\u00f3n de J. Mario Arbel\u00e1ez Libros que son amores en la FILBo 2025\" href=\"https:\/\/bellaclaraventura.com\/fr\/publicacion-de-j-mario-arbelaez-libros-que-son-amores-en-la-filbo-2025\/\" class=\"gsf-link\">Publicaci\u00f3n de J. Mario Arbel\u00e1ez Libros que son amores en la FILBo 2025<\/a><\/h4>\n            <div class=\"gf-post-excerpt\">\n                            <\/div>\n        <\/div>\n    <\/div>\n<\/article><article  class=\"clearfix post-default post-grid post-4501 post type-post status-publish format-standard has-post-thumbnail hentry category-novedades\">\n    <div  class=\"gf-post-inner clearfix  gf_animate_when_almost_visible appear\">\n                <div class=\"entry-thumb-wrap entry-thumb-mode-background entry-thumb-format-\">\n                <div class=\"entry-thumbnail\">\n        \n                                    <a data-original=\"https:\/\/bellaclaraventura.com\/wp-content\/uploads\/2025\/05\/Casa-de-poesia-silva-lectura-de-poemas-entrada-330x200.webp\" style=\"background-image: url(https:\/\/bellaclaraventura.com\/wp-content\/uploads\/2025\/05\/Casa-de-poesia-silva-lectura-de-poemas-entrada-20x12.webp);\" class=\"entry-thumbnail-overlay placeholder-image thumbnail-size-330x200 gf-lazy\" href=\"https:\/\/bellaclaraventura.com\/fr\/lectura-de-poemas-casa-de-poesia-silva-poetrix-bogota\/\" title=\"Lectura de poemas. Casa de Poes\u00eda Silva. POETRIX. Bogot\u00e1.\"><\/a>\n            <\/div>\n\n\n            <\/div>\n        <div class=\"gf-post-content\">\n            <ul class=\"gf-post-meta gf-inline primary-font disable-color layout-2\">\n                <li class=\"meta-date\">\n            <a href=\"https:\/\/bellaclaraventura.com\/fr\/lectura-de-poemas-casa-de-poesia-silva-poetrix-bogota\/\" rel=\"bookmark\" title=\"Lectura de poemas. Casa de Poes\u00eda Silva. POETRIX. Bogot\u00e1.\" class=\"gsf-link\"><i class=\"fal fa-calendar\"><\/i><span>mai 26, 2025<\/span><\/a>\n        <\/li>\n                        <\/ul>            <h4 class=\"gf-post-title\"><a title=\"Lectura de poemas. Casa de Poes\u00eda Silva. POETRIX. Bogot\u00e1.\" href=\"https:\/\/bellaclaraventura.com\/fr\/lectura-de-poemas-casa-de-poesia-silva-poetrix-bogota\/\" class=\"gsf-link\">Lectura de poemas. Casa de Poes\u00eda Silva. POETRIX. Bogot\u00e1.<\/a><\/h4>\n            <div class=\"gf-post-excerpt\">\n                <p>POETRIX II Foro Mundial de Poes\u00eda 2025Sum\u00e9rgete en la magia de la palabra con el Foro Mundial de Poes\u00eda POETRIX II, un encuentro literario que reunir\u00e1 a destacados poetas en [&hellip;]<\/p>\n            <\/div>\n        <\/div>\n    <\/div>\n<\/article><article  class=\"clearfix post-default post-grid post-4498 post type-post status-publish format-standard has-post-thumbnail hentry category-novedades\">\n    <div  class=\"gf-post-inner clearfix  gf_animate_when_almost_visible appear\">\n                <div class=\"entry-thumb-wrap entry-thumb-mode-background entry-thumb-format-\">\n                <div class=\"entry-thumbnail\">\n        \n                                    <a data-original=\"https:\/\/bellaclaraventura.com\/wp-content\/uploads\/2025\/05\/POetrix-forum-portada-330x200.webp\" style=\"background-image: url(https:\/\/bellaclaraventura.com\/wp-content\/uploads\/2025\/05\/POetrix-forum-portada-20x12.webp);\" class=\"entry-thumbnail-overlay placeholder-image thumbnail-size-330x200 gf-lazy\" href=\"https:\/\/bellaclaraventura.com\/fr\/ii-foro-mundial-de-poesia-poetrix-forum-biblioteca-nacional-de-colombia\/\" title=\"II Foro Mundial de Poes\u00eda. Poetrix Forum-Biblioteca Nacional de Colombia\"><\/a>\n            <\/div>\n\n\n            <\/div>\n        <div class=\"gf-post-content\">\n            <ul class=\"gf-post-meta gf-inline primary-font disable-color layout-2\">\n                <li class=\"meta-date\">\n            <a href=\"https:\/\/bellaclaraventura.com\/fr\/ii-foro-mundial-de-poesia-poetrix-forum-biblioteca-nacional-de-colombia\/\" rel=\"bookmark\" title=\"II Foro Mundial de Poes\u00eda. Poetrix Forum-Biblioteca Nacional de Colombia\" class=\"gsf-link\"><i class=\"fal fa-calendar\"><\/i><span>mai 26, 2025<\/span><\/a>\n        <\/li>\n                        <\/ul>            <h4 class=\"gf-post-title\"><a title=\"II Foro Mundial de Poes\u00eda. Poetrix Forum-Biblioteca Nacional de Colombia\" href=\"https:\/\/bellaclaraventura.com\/fr\/ii-foro-mundial-de-poesia-poetrix-forum-biblioteca-nacional-de-colombia\/\" class=\"gsf-link\">II Foro Mundial de Poes\u00eda. Poetrix Forum-Biblioteca Nacional de Colombia<\/a><\/h4>\n            <div class=\"gf-post-excerpt\">\n                <p>Voces que estremecen y buscan el signo revelador de la existencia. Espacio de di\u00e1logo entre poetas, escritores y amantes de la literatura.Invitada Bella Clara Ventura.<\/p>\n            <\/div>\n        <\/div>\n    <\/div>\n<\/article><article  class=\"clearfix post-default post-grid post-4477 post type-post status-publish format-standard has-post-thumbnail hentry category-novedades\">\n    <div  class=\"gf-post-inner clearfix  gf_animate_when_almost_visible appear\">\n                <div class=\"entry-thumb-wrap entry-thumb-mode-background entry-thumb-format-\">\n                <div class=\"entry-thumbnail\">\n        \n                                    <a data-original=\"https:\/\/bellaclaraventura.com\/wp-content\/uploads\/2025\/03\/Encuentro-escritores-330x200.webp\" style=\"background-image: url(https:\/\/bellaclaraventura.com\/wp-content\/uploads\/2025\/03\/Encuentro-escritores-20x12.webp);\" class=\"entry-thumbnail-overlay placeholder-image thumbnail-size-330x200 gf-lazy\" href=\"https:\/\/bellaclaraventura.com\/fr\/bella-clara-en-el-encuentro-de-escritores-del-mundo-mexico\/\" title=\"Bella Clara, en el Encuentro de Escritores del Mundo. (M\u00e9xico)\"><\/a>\n            <\/div>\n\n\n            <\/div>\n        <div class=\"gf-post-content\">\n            <ul class=\"gf-post-meta gf-inline primary-font disable-color layout-2\">\n                <li class=\"meta-date\">\n            <a href=\"https:\/\/bellaclaraventura.com\/fr\/bella-clara-en-el-encuentro-de-escritores-del-mundo-mexico\/\" rel=\"bookmark\" title=\"Bella Clara, en el Encuentro de Escritores del Mundo. (M\u00e9xico)\" class=\"gsf-link\"><i class=\"fal fa-calendar\"><\/i><span>mars 28, 2025<\/span><\/a>\n        <\/li>\n                        <\/ul>            <h4 class=\"gf-post-title\"><a title=\"Bella Clara, en el Encuentro de Escritores del Mundo. (M\u00e9xico)\" href=\"https:\/\/bellaclaraventura.com\/fr\/bella-clara-en-el-encuentro-de-escritores-del-mundo-mexico\/\" class=\"gsf-link\">Bella Clara, en el Encuentro de Escritores del Mundo. (M\u00e9xico)<\/a><\/h4>\n            <div class=\"gf-post-excerpt\">\n                <p>La Coordinaci\u00f3n Nacional de Literatura de M\u00e9xico en el marco del D\u00eda Internacional de la Mujer, realiz\u00f3 una vez m\u00e1s, el Encuentro de Escritores del Mundo desde la emblem\u00e1tica casa [&hellip;]<\/p>\n            <\/div>\n        <\/div>\n    <\/div>\n<\/article>\t<\/div>\n\t<\/div>\n\n\n\n<\/div><div class=\"g5plus-space space-6a9bb04c5c7a3\" data-id=\"6a9bb04c5c7a3\" data-tablet=\"50\" data-tablet-portrait=\"55\" data-mobile=\"45\" data-mobile-landscape=\"50\" style=\"clear: both; display: block; height: 50px\"><\/div><div class=\"gf-events clearfix gf-event-style-01 event-line-between\">\n            <div class=\"gf-blog-inner clearfix layout-grid row gf-gutter-50\" >\n                    <article class=\"event_item col-xl-4 col-lg-6 col-md-6 col-sm-12 col-12\">\n                <div class=\"event-item-inner \">\n                    <div class=\"event-image\">\n                        <div class=\"entry-thumbnail\">\n    <a data-magnific=\"true\" data-gallery-id=\"\" data-magnific-options='[]' href=\"https:\/\/bellaclaraventura.com\/wp-content\/uploads\/2024\/11\/Puente-entre-culturas-encuentro-internacional-bg.webp\" class=\"zoom-image\"><i class=\"fa fa-expand\"><\/i><\/a>\n\n    \n                                    <a data-original=\"https:\/\/bellaclaraventura.com\/wp-content\/uploads\/2024\/11\/Puente-entre-culturas-encuentro-internacional-bg-330x200.webp\" style=\"background-image: url(https:\/\/bellaclaraventura.com\/wp-content\/uploads\/2024\/11\/Puente-entre-culturas-encuentro-internacional-bg-20x12.webp);\" class=\"entry-thumbnail-overlay placeholder-image thumbnail-size-330x200 gf-lazy\" href=\"https:\/\/bellaclaraventura.com\/fr\/event\/puente-entre-culturas-encuentro-literario-internacional\/\" title=\"Puente entre Culturas. Encuentro Literario Internacional\"><\/a>\n            <\/div>\n\n\n                        <a href=\"https:\/\/bellaclaraventura.com\/fr\/event\/puente-entre-culturas-encuentro-literario-internacional\/\" class=\"btn btn-classic btn-white btn-md btn-square btn-icon-right\">View More<i class=\"fal fa-chevron-double-right\"><\/i><\/a>\n                    <\/div>\n                                        <div class=\"event-content\">\n                        <p class=\"event-start-time fw-extra-bold accent-color fs-15 uppercase\"><a class=\"tribe-event-url gsf-link transition03\" href=\"https:\/\/bellaclaraventura.com\/fr\/event\/puente-entre-culturas-encuentro-literario-internacional\/\" title=\"Puente entre Culturas. Encuentro Literario Internacional\" rel=\"bookmark\">d\u00e9cembre 2<\/a><\/p>\n                        <h3 class=\"tribe-events-list-event-title\">\n                            <a class=\"transition03 gsf-link\" href=\"https:\/\/bellaclaraventura.com\/fr\/event\/puente-entre-culturas-encuentro-literario-internacional\/\" title=\"Puente entre Culturas. Encuentro Literario Internacional\" rel=\"bookmark\">\n                                Puente entre Culturas. Encuentro Literario Internacional                            <\/a>\n                        <\/h3>\n                                                <div class=\"event-meta\">\n                                                        <!-- Venue Display Info -->\n                            <div class=\"tribe-events-venue-details tribe-events-address\">\n                                <i class=\"fal fa-map-marker-alt\"><\/i> <span class=\"tribe-address\">\n\n\n\n\n\n\t<span class=\"tribe-country-name\">Mexico<\/span>\n\n<\/span>\n                            <\/div> <!-- .tribe-events-venue-details -->\n                                                        <div class=\"tribe-event-time\">\n                                <i class=\"fal fa-clock\"><\/i> <span class=\"tribe-time\">10:00 am - 1:00 pm<\/span>\n                            <\/div>\n                        <\/div>\n                        <p class=\"event-excerpt\">El 2 y el 3 de diciembre (2024) 10 a 13 horas, en Guadalajara, M\u00e9xico se realizar\u00e1 este evento bajo la coordinaci\u00f3n de Basilio Rodr\u00edguez Ca\u00f1ada por invitaci\u00f3n de la [&hellip;]<\/p>\n                    <\/div>\n                <\/div>\n            <\/article>\n                                <article class=\"event_item col-xl-4 col-lg-6 col-md-6 col-sm-12 col-12\">\n                <div class=\"event-item-inner \">\n                    <div class=\"event-image\">\n                        <div class=\"entry-thumbnail\">\n    <a data-magnific=\"true\" data-gallery-id=\"\" data-magnific-options='[]' href=\"https:\/\/bellaclaraventura.com\/wp-content\/uploads\/2024\/11\/Encuentro-escritores-del-mundo-2024-16-9.webp\" class=\"zoom-image\"><i class=\"fa fa-expand\"><\/i><\/a>\n\n    \n                                    <a data-original=\"https:\/\/bellaclaraventura.com\/wp-content\/uploads\/2024\/11\/Encuentro-escritores-del-mundo-2024-16-9-330x200.webp\" style=\"background-image: url(https:\/\/bellaclaraventura.com\/wp-content\/uploads\/2024\/11\/Encuentro-escritores-del-mundo-2024-16-9-20x12.webp);\" class=\"entry-thumbnail-overlay placeholder-image thumbnail-size-330x200 gf-lazy\" href=\"https:\/\/bellaclaraventura.com\/fr\/event\/encuentro-de-escritores-del-mundo-2024\/\" title=\"Encuentro de escritores del mundo 2024\"><\/a>\n            <\/div>\n\n\n                        <a href=\"https:\/\/bellaclaraventura.com\/fr\/event\/encuentro-de-escritores-del-mundo-2024\/\" class=\"btn btn-classic btn-white btn-md btn-square btn-icon-right\">View More<i class=\"fal fa-chevron-double-right\"><\/i><\/a>\n                    <\/div>\n                                        <div class=\"event-content\">\n                        <p class=\"event-start-time fw-extra-bold accent-color fs-15 uppercase\"><a class=\"tribe-event-url gsf-link transition03\" href=\"https:\/\/bellaclaraventura.com\/fr\/event\/encuentro-de-escritores-del-mundo-2024\/\" title=\"Encuentro de escritores del mundo 2024\" rel=\"bookmark\">novembre 28<\/a><\/p>\n                        <h3 class=\"tribe-events-list-event-title\">\n                            <a class=\"transition03 gsf-link\" href=\"https:\/\/bellaclaraventura.com\/fr\/event\/encuentro-de-escritores-del-mundo-2024\/\" title=\"Encuentro de escritores del mundo 2024\" rel=\"bookmark\">\n                                Encuentro de escritores del mundo 2024                            <\/a>\n                        <\/h3>\n                                                <div class=\"event-meta\">\n                                                        <!-- Venue Display Info -->\n                            <div class=\"tribe-events-venue-details tribe-events-address\">\n                                <i class=\"fal fa-map-marker-alt\"><\/i> <span class=\"tribe-address\">\n\n\n\n\n\n\n<\/span>\n                            <\/div> <!-- .tribe-events-venue-details -->\n                                                        <div class=\"tribe-event-time\">\n                                <i class=\"fal fa-clock\"><\/i> <span class=\"tribe-time\">12:00 pm - 5:00 pm<\/span>\n                            <\/div>\n                        <\/div>\n                        <p class=\"event-excerpt\">Bajo la coordinaci\u00f3n y presentaci\u00f3n de Beatriz Saavedra Gast\u00e9lum (M\u00e9xico) y Basilio Rodr\u00edguez Ca\u00f1ada (Espa\u00f1a) se realizar\u00e1 el encuentro de escritores del mundo done Bella Clara Ventura participar\u00e1 en representaci\u00f3n [&hellip;]<\/p>\n                    <\/div>\n                <\/div>\n            <\/article>\n                                <article class=\"event_item col-xl-4 col-lg-6 col-md-6 col-sm-12 col-12\">\n                <div class=\"event-item-inner \">\n                    <div class=\"event-image\">\n                        <div class=\"entry-thumbnail\">\n    <a data-magnific=\"true\" data-gallery-id=\"\" data-magnific-options='[]' href=\"https:\/\/bellaclaraventura.com\/wp-content\/uploads\/2022\/12\/307970774_10229019371891218_5974987373673213596_n.jpg\" class=\"zoom-image\"><i class=\"fa fa-expand\"><\/i><\/a>\n\n    \n                                    <a data-original=\"https:\/\/bellaclaraventura.com\/wp-content\/uploads\/2022\/12\/307970774_10229019371891218_5974987373673213596_n-330x200.jpg\" style=\"background-image: url(https:\/\/bellaclaraventura.com\/wp-content\/uploads\/2022\/12\/307970774_10229019371891218_5974987373673213596_n-20x12.jpg);\" class=\"entry-thumbnail-overlay placeholder-image thumbnail-size-330x200 gf-lazy\" href=\"https:\/\/bellaclaraventura.com\/fr\/event\/el-escritor-rey-bolivar-presenta-la-obra-de-bella-clara\/\" title=\"El escritor Rey Bol\u00edvar presenta la obra de Bella Clara\"><\/a>\n            <\/div>\n\n\n                        <a href=\"https:\/\/bellaclaraventura.com\/fr\/event\/el-escritor-rey-bolivar-presenta-la-obra-de-bella-clara\/\" class=\"btn btn-classic btn-white btn-md btn-square btn-icon-right\">View More<i class=\"fal fa-chevron-double-right\"><\/i><\/a>\n                    <\/div>\n                                        <div class=\"event-content\">\n                        <p class=\"event-start-time fw-extra-bold accent-color fs-15 uppercase\"><a class=\"tribe-event-url gsf-link transition03\" href=\"https:\/\/bellaclaraventura.com\/fr\/event\/el-escritor-rey-bolivar-presenta-la-obra-de-bella-clara\/\" title=\"El escritor Rey Bol\u00edvar presenta la obra de Bella Clara\" rel=\"bookmark\">janvier 24<\/a><\/p>\n                        <h3 class=\"tribe-events-list-event-title\">\n                            <a class=\"transition03 gsf-link\" href=\"https:\/\/bellaclaraventura.com\/fr\/event\/el-escritor-rey-bolivar-presenta-la-obra-de-bella-clara\/\" title=\"El escritor Rey Bol\u00edvar presenta la obra de Bella Clara\" rel=\"bookmark\">\n                                El escritor Rey Bol\u00edvar presenta la obra de Bella Clara                            <\/a>\n                        <\/h3>\n                                                <div class=\"event-meta\">\n                                                        <!-- Venue Display Info -->\n                            <div class=\"tribe-events-venue-details tribe-events-address\">\n                                <i class=\"fal fa-map-marker-alt\"><\/i> <span class=\"tribe-address\">\n\n\n\n\n\n\n<\/span>\n                            <\/div> <!-- .tribe-events-venue-details -->\n                                                        <div class=\"tribe-event-time\">\n                                <i class=\"fal fa-clock\"><\/i> <span class=\"tribe-time\">2:00 pm - 3:00 pm<\/span>\n                            <\/div>\n                        <\/div>\n                        <p class=\"event-excerpt\">Una excelente oportunidad para conocer la trayectoria de una destacada novelista, ensayista y poetisa. OBRA TRADUCIDA A VARIOS IDIOMAS Sus poes\u00edas y novelas han sido traducidas a diferentes idiomas. Ha [&hellip;]<\/p>\n                    <\/div>\n                <\/div>\n            <\/article>\n                            <\/div>\n    <\/div>\n<div class=\"g5plus-space space-6a9bb04c67571\" data-id=\"6a9bb04c67571\" data-tablet=\"70\" data-tablet-portrait=\"60\" data-mobile=\"50\" data-mobile-landscape=\"50\" style=\"clear: both; display: block; height: 78px\"><\/div><\/div><\/div><\/div>\t\t\t\t\t\t\t<\/div>\n\t\t\t\n\t\t<\/div>\n\t\t<div class=\"vc_row wpb_row vc_row-fluid vc_custom_1672160801033 vc_row-has-fill\">\n                                        <div class=\"gf-row-inner gf-container container\">\n                        <div class=\"wpb_column vc_column_container vc_col-sm-12 vc_col-lg-offset-3 vc_col-lg-6 vc_col-md-offset-2 vc_col-md-8 vc_col-sm-offset-1\"><div class=\"vc_column-inner\"><div class=\"wpb_wrapper\"><div class=\"g5plus-space space-6a9bb04c67b57\" data-id=\"6a9bb04c67b57\" data-tablet=\"70\" data-tablet-portrait=\"60\" data-mobile=\"50\" data-mobile-landscape=\"50\" style=\"clear: both; display: block; height: 80px\"><\/div>    <div class=\"gf-heading gf-heading-style-4 ocultar vc_custom_1704471434266\">\n        <div class=\"gf-heading-inner gf-heading-6a9bb04c67c35 text-center justify-content-center\">\n                                                        <h4 class=\"heading-title\">La cabeza en el suelo y<br>los pies hacia\u00a0el\u00a0cielo<\/h4>\n                    <\/div>\n    <\/div>\n<\/div><\/div><\/div><div class=\"wpb_column vc_column_container vc_col-sm-10 vc_col-lg-offset-1\"><div class=\"vc_column-inner\"><div class=\"wpb_wrapper\">\n\t<div class=\"wpb_text_column wpb_content_element\" >\n\t\t<div class=\"wpb_wrapper\">\n\t\t\t<p style=\"font-size: 1.2em; text-align: center; color: #990404;\"><strong>&#8230;como si hubiera una red de filamentos entre ella y el universo, como si buscara ver el mundo de otra manera, como si as\u00ed entablara un di\u00e1logo entre lo que se encuentra arriba y lo que sucede abajo&#8230;<\/strong><\/p>\n\n\t\t<\/div>\n\t<\/div>\n<\/div><\/div><\/div><div class=\"wpb_column vc_column_container vc_col-sm-4\"><div class=\"vc_column-inner\"><div class=\"wpb_wrapper\"><div class=\"g5plus-space space-6a9bb04c682f3\" data-id=\"6a9bb04c682f3\" data-tablet=\"60\" data-tablet-portrait=\"40\" data-mobile=\"40\" data-mobile-landscape=\"40\" style=\"clear: both; display: block; height: 60px\"><\/div>\n\t<div  class=\"wpb_single_image wpb_content_element vc_align_center wpb_content_element\">\n\t\t\n\t\t<figure class=\"wpb_wrapper vc_figure\">\n\t\t\t<a href=\"https:\/\/bellaclaraventura.com\/de-cabeza\/\" target=\"_blank\" class=\"vc_single_image-wrapper   vc_box_border_grey\"><img loading=\"lazy\" decoding=\"async\" width=\"1024\" height=\"1024\" src=\"https:\/\/bellaclaraventura.com\/wp-content\/uploads\/2022\/12\/12891548_10153366206401576_8044180306029199788_o-copia-1024x1024.webp\" class=\"vc_single_image-img attachment-large\" alt=\"\" title=\"12891548_10153366206401576_8044180306029199788_o copia\" srcset=\"https:\/\/bellaclaraventura.com\/wp-content\/uploads\/2022\/12\/12891548_10153366206401576_8044180306029199788_o-copia-1024x1024.webp 1024w, https:\/\/bellaclaraventura.com\/wp-content\/uploads\/2022\/12\/12891548_10153366206401576_8044180306029199788_o-copia-300x300.webp 300w, https:\/\/bellaclaraventura.com\/wp-content\/uploads\/2022\/12\/12891548_10153366206401576_8044180306029199788_o-copia-150x150.webp 150w, https:\/\/bellaclaraventura.com\/wp-content\/uploads\/2022\/12\/12891548_10153366206401576_8044180306029199788_o-copia-768x768.webp 768w, https:\/\/bellaclaraventura.com\/wp-content\/uploads\/2022\/12\/12891548_10153366206401576_8044180306029199788_o-copia-12x12.webp 12w, https:\/\/bellaclaraventura.com\/wp-content\/uploads\/2022\/12\/12891548_10153366206401576_8044180306029199788_o-copia-600x600.webp 600w, https:\/\/bellaclaraventura.com\/wp-content\/uploads\/2022\/12\/12891548_10153366206401576_8044180306029199788_o-copia-100x100.webp 100w, https:\/\/bellaclaraventura.com\/wp-content\/uploads\/2022\/12\/12891548_10153366206401576_8044180306029199788_o-copia.webp 1500w\" sizes=\"auto, (max-width: 1024px) 100vw, 1024px\" \/><\/a>\n\t\t<\/figure>\n\t<\/div>\n<\/div><\/div><\/div><div class=\"wpb_column vc_column_container vc_col-sm-4\"><div class=\"vc_column-inner\"><div class=\"wpb_wrapper\"><div class=\"g5plus-space space-6a9bb04c68a1c\" data-id=\"6a9bb04c68a1c\" data-tablet=\"60\" data-tablet-portrait=\"40\" data-mobile=\"40\" data-mobile-landscape=\"40\" style=\"clear: both; display: block; height: 60px\"><\/div>\n\t<div  class=\"wpb_single_image wpb_content_element vc_align_center wpb_content_element\">\n\t\t\n\t\t<figure class=\"wpb_wrapper vc_figure\">\n\t\t\t<a href=\"https:\/\/bellaclaraventura.com\/de-cabeza\/\" target=\"_blank\" class=\"vc_single_image-wrapper   vc_box_border_grey\"><img loading=\"lazy\" decoding=\"async\" width=\"960\" height=\"960\" src=\"https:\/\/bellaclaraventura.com\/wp-content\/uploads\/2022\/12\/311697523_10158615851196576_1856462942409073692_n-copia.webp\" class=\"vc_single_image-img attachment-large\" alt=\"\" title=\"311697523_10158615851196576_1856462942409073692_n copia\" srcset=\"https:\/\/bellaclaraventura.com\/wp-content\/uploads\/2022\/12\/311697523_10158615851196576_1856462942409073692_n-copia.webp 960w, https:\/\/bellaclaraventura.com\/wp-content\/uploads\/2022\/12\/311697523_10158615851196576_1856462942409073692_n-copia-300x300.webp 300w, https:\/\/bellaclaraventura.com\/wp-content\/uploads\/2022\/12\/311697523_10158615851196576_1856462942409073692_n-copia-150x150.webp 150w, https:\/\/bellaclaraventura.com\/wp-content\/uploads\/2022\/12\/311697523_10158615851196576_1856462942409073692_n-copia-768x768.webp 768w, https:\/\/bellaclaraventura.com\/wp-content\/uploads\/2022\/12\/311697523_10158615851196576_1856462942409073692_n-copia-12x12.webp 12w, https:\/\/bellaclaraventura.com\/wp-content\/uploads\/2022\/12\/311697523_10158615851196576_1856462942409073692_n-copia-600x600.webp 600w, https:\/\/bellaclaraventura.com\/wp-content\/uploads\/2022\/12\/311697523_10158615851196576_1856462942409073692_n-copia-100x100.webp 100w\" sizes=\"auto, (max-width: 960px) 100vw, 960px\" \/><\/a>\n\t\t<\/figure>\n\t<\/div>\n<\/div><\/div><\/div><div class=\"wpb_column vc_column_container vc_col-sm-4\"><div class=\"vc_column-inner\"><div class=\"wpb_wrapper\"><div class=\"g5plus-space space-6a9bb04c68f88\" data-id=\"6a9bb04c68f88\" data-tablet=\"60\" data-tablet-portrait=\"40\" data-mobile=\"40\" data-mobile-landscape=\"40\" style=\"clear: both; display: block; height: 60px\"><\/div>\n\t<div  class=\"wpb_single_image wpb_content_element vc_align_center wpb_content_element\">\n\t\t\n\t\t<figure class=\"wpb_wrapper vc_figure\">\n\t\t\t<a href=\"https:\/\/bellaclaraventura.com\/de-cabeza\/\" target=\"_blank\" class=\"vc_single_image-wrapper   vc_box_border_grey\"><img loading=\"lazy\" decoding=\"async\" width=\"1024\" height=\"1024\" src=\"https:\/\/bellaclaraventura.com\/wp-content\/uploads\/2022\/12\/194615_10150258316046576_1976037_o-copia-1024x1024.webp\" class=\"vc_single_image-img attachment-large\" alt=\"\" title=\"194615_10150258316046576_1976037_o copia\" srcset=\"https:\/\/bellaclaraventura.com\/wp-content\/uploads\/2022\/12\/194615_10150258316046576_1976037_o-copia-1024x1024.webp 1024w, https:\/\/bellaclaraventura.com\/wp-content\/uploads\/2022\/12\/194615_10150258316046576_1976037_o-copia-300x300.webp 300w, https:\/\/bellaclaraventura.com\/wp-content\/uploads\/2022\/12\/194615_10150258316046576_1976037_o-copia-150x150.webp 150w, https:\/\/bellaclaraventura.com\/wp-content\/uploads\/2022\/12\/194615_10150258316046576_1976037_o-copia-768x768.webp 768w, https:\/\/bellaclaraventura.com\/wp-content\/uploads\/2022\/12\/194615_10150258316046576_1976037_o-copia-12x12.webp 12w, https:\/\/bellaclaraventura.com\/wp-content\/uploads\/2022\/12\/194615_10150258316046576_1976037_o-copia-600x600.webp 600w, https:\/\/bellaclaraventura.com\/wp-content\/uploads\/2022\/12\/194615_10150258316046576_1976037_o-copia-100x100.webp 100w, https:\/\/bellaclaraventura.com\/wp-content\/uploads\/2022\/12\/194615_10150258316046576_1976037_o-copia.webp 1500w\" sizes=\"auto, (max-width: 1024px) 100vw, 1024px\" \/><\/a>\n\t\t<\/figure>\n\t<\/div>\n<\/div><\/div><\/div><div class=\"wpb_column vc_column_container vc_col-sm-12 vc_col-lg-offset-3 vc_col-lg-6 vc_col-md-offset-2 vc_col-md-8 vc_col-sm-offset-1\"><div class=\"vc_column-inner\"><div class=\"wpb_wrapper\"><div class=\"g5plus-space space-6a9bb04c694cd\" data-id=\"6a9bb04c694cd\" data-tablet=\"60\" data-tablet-portrait=\"40\" data-mobile=\"40\" data-mobile-landscape=\"40\" style=\"clear: both; display: block; height: 60px\"><\/div><div class=\"btn-container text-center\">\n            <a class=\"btn btn-accent btn-outline btn-lg btn-square\" href=\"https:\/\/bellaclaraventura.com\/de-cabeza\/\" title=\"La cabeza en el suelo y los pies en el cielo\">Ver m\u00e1s<\/a>\n    <\/div>\n\n<div class=\"g5plus-space space-6a9bb04c696f0\" data-id=\"6a9bb04c696f0\" data-tablet=\"60\" data-tablet-portrait=\"40\" data-mobile=\"100\" data-mobile-landscape=\"40\" style=\"clear: both; display: block; height: 100px\"><\/div><\/div><\/div><\/div><div class=\"wpb_column vc_column_container vc_col-sm-12\"><div class=\"vc_column-inner\"><div class=\"wpb_wrapper\">\n\t<div class=\"wpb_video_widget wpb_content_element vc_clearfix   vc_video-aspect-ratio-169 vc_video-el-width-100 vc_video-align-center\" >\n\t\t<div class=\"wpb_wrapper\">\n\t\t\t\n\t\t\t<div class=\"wpb_video_wrapper\"><iframe loading=\"lazy\" title=\"Bella Clara Ventura: &quot;Soy vela, ancla y vientos a babor&quot;\" width=\"500\" height=\"281\" src=\"https:\/\/www.youtube.com\/embed\/gZghatlGPck?feature=oembed\" frameborder=\"0\" allow=\"accelerometer; autoplay; clipboard-write; encrypted-media; gyroscope; picture-in-picture; web-share\" referrerpolicy=\"strict-origin-when-cross-origin\" allowfullscreen><\/iframe><\/div>\n\t\t<\/div>\n\t<\/div>\n<div class=\"g5plus-space space-6a9bb04c69e87\" data-id=\"6a9bb04c69e87\" data-tablet=\"70\" data-tablet-portrait=\"60\" data-mobile=\"40\" data-mobile-landscape=\"50\" style=\"clear: both; display: block; height: 90px\"><\/div><\/div><\/div><\/div>\t\t\t\t\t\t\t<\/div>\n\t\t\t\n\t\t<\/div>\n<\/div>","protected":false},"excerpt":{"rendered":"Una excelente oportunidad para conocer la trayectoria de una destacada novelista, ensayista y poetisa. OBRA TRADUCIDA A VARIOS IDIOMAS Sus poes\u00edas y novelas han sido traducidas a diferentes idiomas. Ha [...]","protected":false},"author":1,"featured_media":0,"parent":0,"menu_order":0,"comment_status":"closed","ping_status":"closed","template":"","meta":{"rs_blank_template":"","rs_page_bg_color":"","slide_template_v7":"","footnotes":""},"class_list":["post-383","page","type-page","status-publish","hentry"],"yoast_head":"<!-- This site is optimized with the Yoast SEO plugin v28.2 - https:\/\/yoast.com\/product\/yoast-seo-wordpress\/ -->\n<title>Bella Clara Ventura P\u00e1gina oficial<\/title>\n<meta name=\"description\" content=\"Descubre a Bella Clara Ventura, poeta y escritora galardonada. Conoce su obra y biograf\u00eda en su P\u00e1gina Oficial. \u00a1Sum\u00e9rgete en su mundo po\u00e9tico!\" \/>\n<meta name=\"robots\" content=\"index, follow, max-snippet:-1, max-image-preview:large, max-video-preview:-1\" \/>\n<link rel=\"canonical\" href=\"https:\/\/bellaclaraventura.com\/fr\/\" \/>\n<meta property=\"og:locale\" content=\"fr_FR\" \/>\n<meta property=\"og:type\" content=\"article\" \/>\n<meta property=\"og:title\" content=\"Bella Clara Ventura | P\u00e1gina oficial\" \/>\n<meta property=\"og:description\" content=\"Descubre a Bella Clara Ventura, poeta y escritora galardonada. Conoce su obra y biograf\u00eda en su P\u00e1gina Oficial. \u00a1Sum\u00e9rgete en su mundo po\u00e9tico!\" \/>\n<meta property=\"og:url\" content=\"https:\/\/bellaclaraventura.com\/fr\/\" \/>\n<meta property=\"og:site_name\" content=\"Bella Clara Ventura\" \/>\n<meta property=\"article:publisher\" content=\"https:\/\/www.facebook.com\/bellaclaraventura\" \/>\n<meta property=\"article:modified_time\" content=\"2025-05-26T21:20:16+00:00\" \/>\n<meta property=\"og:image\" content=\"https:\/\/bellaclaraventura.com\/wp-content\/uploads\/2022\/01\/MGV0606-copia.jpg\" \/>\n\t<meta property=\"og:image:width\" content=\"1500\" \/>\n\t<meta property=\"og:image:height\" content=\"1000\" \/>\n\t<meta property=\"og:image:type\" content=\"image\/jpeg\" \/>\n<meta name=\"twitter:card\" content=\"summary_large_image\" \/>\n<meta name=\"twitter:image\" content=\"https:\/\/bellaclaraventura.com\/wp-content\/uploads\/2023\/01\/Bella-PP11.webp\" \/>\n<meta name=\"twitter:label1\" content=\"Dur\u00e9e de lecture estim\u00e9e\" \/>\n\t<meta name=\"twitter:data1\" content=\"3 minutes\" \/>\n<script type=\"application\/ld+json\" class=\"yoast-schema-graph\">{\"@context\":\"https:\\\/\\\/schema.org\",\"@graph\":[{\"@type\":\"WebPage\",\"@id\":\"https:\\\/\\\/bellaclaraventura.com\\\/\",\"url\":\"https:\\\/\\\/bellaclaraventura.com\\\/\",\"name\":\"Bella Clara Ventura P\u00e1gina oficial\",\"isPartOf\":{\"@id\":\"https:\\\/\\\/bellaclaraventura.com\\\/#website\"},\"datePublished\":\"2018-11-16T08:34:53+00:00\",\"dateModified\":\"2025-05-26T21:20:16+00:00\",\"description\":\"Descubre a Bella Clara Ventura, poeta y escritora galardonada. Conoce su obra y biograf\u00eda en su P\u00e1gina Oficial. \u00a1Sum\u00e9rgete en su mundo po\u00e9tico!\",\"breadcrumb\":{\"@id\":\"https:\\\/\\\/bellaclaraventura.com\\\/#breadcrumb\"},\"inLanguage\":\"fr-FR\",\"potentialAction\":[{\"@type\":\"ReadAction\",\"target\":[\"https:\\\/\\\/bellaclaraventura.com\\\/\"]}]},{\"@type\":\"BreadcrumbList\",\"@id\":\"https:\\\/\\\/bellaclaraventura.com\\\/#breadcrumb\",\"itemListElement\":[{\"@type\":\"ListItem\",\"position\":1,\"name\":\"Portada\",\"item\":\"https:\\\/\\\/bellaclaraventura.com\\\/\"},{\"@type\":\"ListItem\",\"position\":2,\"name\":\"Inicio\"}]},{\"@type\":\"WebSite\",\"@id\":\"https:\\\/\\\/bellaclaraventura.com\\\/#website\",\"url\":\"https:\\\/\\\/bellaclaraventura.com\\\/\",\"name\":\"Bella Clara Ventura\",\"description\":\"Bella Clara Ventura es una reconocida poeta y novelista, autora de m\u00e1s de 40 libros publicados en varios idiomas. En su sitio web oficial, puedes sumergirte en su mundo po\u00e9tico, explorar su extensa obra, leer su blog y conocer las \u00faltimas novedades sobre sus premios y reconocimientos. \u00a1Descubre la magia de la literatura a trav\u00e9s de la pluma de Bella Clara Ventura.\",\"potentialAction\":[{\"@type\":\"SearchAction\",\"target\":{\"@type\":\"EntryPoint\",\"urlTemplate\":\"https:\\\/\\\/bellaclaraventura.com\\\/?s={search_term_string}\"},\"query-input\":{\"@type\":\"PropertyValueSpecification\",\"valueRequired\":true,\"valueName\":\"search_term_string\"}}],\"inLanguage\":\"fr-FR\"}]}<\/script>\n<!-- \/ Yoast SEO plugin. -->","yoast_head_json":{"title":"Bella Clara Ventura P\u00e1gina oficial","description":"Descubre a Bella Clara Ventura, poeta y escritora galardonada. Conoce su obra y biograf\u00eda en su P\u00e1gina Oficial. \u00a1Sum\u00e9rgete en su mundo po\u00e9tico!","robots":{"index":"index","follow":"follow","max-snippet":"max-snippet:-1","max-image-preview":"max-image-preview:large","max-video-preview":"max-video-preview:-1"},"canonical":"https:\/\/bellaclaraventura.com\/fr\/","og_locale":"fr_FR","og_type":"article","og_title":"Bella Clara Ventura | P\u00e1gina oficial","og_description":"Descubre a Bella Clara Ventura, poeta y escritora galardonada. Conoce su obra y biograf\u00eda en su P\u00e1gina Oficial. \u00a1Sum\u00e9rgete en su mundo po\u00e9tico!","og_url":"https:\/\/bellaclaraventura.com\/fr\/","og_site_name":"Bella Clara Ventura","article_publisher":"https:\/\/www.facebook.com\/bellaclaraventura","article_modified_time":"2025-05-26T21:20:16+00:00","og_image":[{"width":1500,"height":1000,"url":"https:\/\/bellaclaraventura.com\/wp-content\/uploads\/2022\/01\/MGV0606-copia.jpg","type":"image\/jpeg"}],"twitter_card":"summary_large_image","twitter_image":"https:\/\/bellaclaraventura.com\/wp-content\/uploads\/2023\/01\/Bella-PP11.webp","twitter_misc":{"Dur\u00e9e de lecture estim\u00e9e":"3 minutes"},"schema":{"@context":"https:\/\/schema.org","@graph":[{"@type":"WebPage","@id":"https:\/\/bellaclaraventura.com\/","url":"https:\/\/bellaclaraventura.com\/","name":"Bella Clara Ventura P\u00e1gina oficial","isPartOf":{"@id":"https:\/\/bellaclaraventura.com\/#website"},"datePublished":"2018-11-16T08:34:53+00:00","dateModified":"2025-05-26T21:20:16+00:00","description":"Descubre a Bella Clara Ventura, poeta y escritora galardonada. Conoce su obra y biograf\u00eda en su P\u00e1gina Oficial. \u00a1Sum\u00e9rgete en su mundo po\u00e9tico!","breadcrumb":{"@id":"https:\/\/bellaclaraventura.com\/#breadcrumb"},"inLanguage":"fr-FR","potentialAction":[{"@type":"ReadAction","target":["https:\/\/bellaclaraventura.com\/"]}]},{"@type":"BreadcrumbList","@id":"https:\/\/bellaclaraventura.com\/#breadcrumb","itemListElement":[{"@type":"ListItem","position":1,"name":"Portada","item":"https:\/\/bellaclaraventura.com\/"},{"@type":"ListItem","position":2,"name":"Inicio"}]},{"@type":"WebSite","@id":"https:\/\/bellaclaraventura.com\/#website","url":"https:\/\/bellaclaraventura.com\/","name":"Bella Clara Ventura","description":"Bella Clara Ventura es una reconocida poeta y novelista, autora de m\u00e1s de 40 libros publicados en varios idiomas. En su sitio web oficial, puedes sumergirte en su mundo po\u00e9tico, explorar su extensa obra, leer su blog y conocer las \u00faltimas novedades sobre sus premios y reconocimientos. \u00a1Descubre la magia de la literatura a trav\u00e9s de la pluma de Bella Clara Ventura.","potentialAction":[{"@type":"SearchAction","target":{"@type":"EntryPoint","urlTemplate":"https:\/\/bellaclaraventura.com\/?s={search_term_string}"},"query-input":{"@type":"PropertyValueSpecification","valueRequired":true,"valueName":"search_term_string"}}],"inLanguage":"fr-FR"}]}},"_links":{"self":[{"href":"https:\/\/bellaclaraventura.com\/fr\/wp-json\/wp\/v2\/pages\/383","targetHints":{"allow":["GET"]}}],"collection":[{"href":"https:\/\/bellaclaraventura.com\/fr\/wp-json\/wp\/v2\/pages"}],"about":[{"href":"https:\/\/bellaclaraventura.com\/fr\/wp-json\/wp\/v2\/types\/page"}],"author":[{"embeddable":true,"href":"https:\/\/bellaclaraventura.com\/fr\/wp-json\/wp\/v2\/users\/1"}],"replies":[{"embeddable":true,"href":"https:\/\/bellaclaraventura.com\/fr\/wp-json\/wp\/v2\/comments?post=383"}],"version-history":[{"count":504,"href":"https:\/\/bellaclaraventura.com\/fr\/wp-json\/wp\/v2\/pages\/383\/revisions"}],"predecessor-version":[{"id":4527,"href":"https:\/\/bellaclaraventura.com\/fr\/wp-json\/wp\/v2\/pages\/383\/revisions\/4527"}],"wp:attachment":[{"href":"https:\/\/bellaclaraventura.com\/fr\/wp-json\/wp\/v2\/media?parent=383"}],"curies":[{"name":"wp","href":"https:\/\/api.w.org\/{rel}","templated":true}]}}